
{"id":11183,"date":"2024-12-19T08:20:34","date_gmt":"2024-12-19T07:20:34","guid":{"rendered":"https:\/\/pferdeberufe.ch\/?page_id=11183"},"modified":"2025-06-24T09:08:18","modified_gmt":"2025-06-24T07:08:18","slug":"swissskills","status":"publish","type":"page","link":"https:\/\/pferdeberufe.ch\/de\/swissskills\/","title":{"rendered":"SwissSkills"},"content":{"rendered":"\t\t<div data-elementor-type=\"wp-page\" data-elementor-id=\"11183\" class=\"elementor elementor-11183\" data-elementor-post-type=\"page\">\n\t\t\t\t\t\t<section class=\"elementor-section elementor-top-section elementor-element elementor-element-a4acfc3 elementor-section-boxed elementor-section-height-default elementor-section-height-default\" data-id=\"a4acfc3\" data-element_type=\"section\" data-e-type=\"section\">\n\t\t\t\t\t\t<div class=\"elementor-container elementor-column-gap-default\">\n\t\t\t\t\t<div class=\"elementor-column elementor-col-100 elementor-top-column elementor-element elementor-element-9ea46cc\" data-id=\"9ea46cc\" data-element_type=\"column\" data-e-type=\"column\">\n\t\t\t<div class=\"elementor-widget-wrap elementor-element-populated\">\n\t\t\t\t\t\t<div class=\"elementor-element elementor-element-49a8bb4 elementor-widget elementor-widget-text-editor\" data-id=\"49a8bb4\" data-element_type=\"widget\" data-e-type=\"widget\" data-widget_type=\"text-editor.default\">\n\t\t\t\t<div class=\"elementor-widget-container\">\n\t\t\t\t\t\t\t\t\t<h2>Die OdA Pferdeberufe Schweiz an der\u00a0<span style=\"color: #ff0000; font-family: Manrope, sans-serif; background-color: var(--base-3);\">SwissSkills<\/span><\/h2>\t\t\t\t\t\t\t\t<\/div>\n\t\t\t\t<\/div>\n\t\t\t\t\t<\/div>\n\t\t<\/div>\n\t\t\t\t\t<\/div>\n\t\t<\/section>\n\t\t\t\t<section class=\"elementor-section elementor-top-section elementor-element elementor-element-20738b1 elementor-section-boxed elementor-section-height-default elementor-section-height-default\" data-id=\"20738b1\" data-element_type=\"section\" data-e-type=\"section\">\n\t\t\t\t\t\t<div class=\"elementor-container elementor-column-gap-default\">\n\t\t\t\t\t<div class=\"elementor-column elementor-col-100 elementor-top-column elementor-element elementor-element-3e49fa2\" data-id=\"3e49fa2\" data-element_type=\"column\" data-e-type=\"column\">\n\t\t\t<div class=\"elementor-widget-wrap elementor-element-populated\">\n\t\t\t\t\t\t<div class=\"elementor-element elementor-element-c02834f elementor-widget elementor-widget-text-editor\" data-id=\"c02834f\" data-element_type=\"widget\" data-e-type=\"widget\" data-widget_type=\"text-editor.default\">\n\t\t\t\t<div class=\"elementor-widget-container\">\n\t\t\t\t\t\t\t\t\t<h3>Was zeigt die OdA Pferdeberufe an der SwissSkills 2025?<\/h3><p>Vom <strong>17. Bis 21. September 2025<\/strong> sind die Pferdeberufe an der SwissSkills 2025 auf dem Areal der BERNEXPO. Zu sehen und zu erleben gibt es die aktuellen Schwerpunkte der vielseitigen M\u00f6glichkeiten der Pferdeberufe:<\/p><ul><li>Am Simulator Gespannfahren k\u00f6nnen die eigenen Talente erprobt werden.<\/li><li>Eine 3D-Brille erlaubt einen Einblick in die spannende Welt der Islandpferde.<\/li><li>Was weisst Du \u00fcber die Ausr\u00fcstungsgegenst\u00e4nde am Pferd? Teste Dein Wissen mit unserem Quizz.<\/li><li>Fast richtiges Rennreiten kann man auf dem Galopp-Simulator erfahren.<\/li><\/ul><p>An unserem Stand informieren Lernende aus den verschiedenen Schwerpunkten ihre zuk\u00fcnftigen Kolleginnen und Kollegen.<\/p><p>Wir sind am Stand: 14.020<\/p><p>Mehr \u00fcber die SwissSkills 2025: <br \/><a href=\"https:\/\/swiss-skills2025.ch\/de\">https:\/\/swiss-skills2025.ch\/de<\/a><\/p>\t\t\t\t\t\t\t\t<\/div>\n\t\t\t\t<\/div>\n\t\t\t\t\t<\/div>\n\t\t<\/div>\n\t\t\t\t\t<\/div>\n\t\t<\/section>\n\t\t\t\t<section class=\"elementor-section elementor-top-section elementor-element elementor-element-0763ad7 elementor-section-boxed elementor-section-height-default elementor-section-height-default\" data-id=\"0763ad7\" data-element_type=\"section\" data-e-type=\"section\">\n\t\t\t\t\t\t<div class=\"elementor-container elementor-column-gap-default\">\n\t\t\t\t\t<div class=\"elementor-column elementor-col-100 elementor-top-column elementor-element elementor-element-a119c5a\" data-id=\"a119c5a\" data-element_type=\"column\" data-e-type=\"column\">\n\t\t\t<div class=\"elementor-widget-wrap elementor-element-populated\">\n\t\t\t\t\t\t<div class=\"elementor-element elementor-element-efc9a67 elementor-widget elementor-widget-image\" data-id=\"efc9a67\" data-element_type=\"widget\" data-e-type=\"widget\" data-widget_type=\"image.default\">\n\t\t\t\t<div class=\"elementor-widget-container\">\n\t\t\t\t\t\t\t\t\t\t\t\t\t\t\t<img fetchpriority=\"high\" decoding=\"async\" width=\"1024\" height=\"683\" src=\"https:\/\/pferdeberufe.ch\/wp-content\/smush-avif\/2024_09_24_Bild_SwissSkills_StandOdA-1024x683.jpg.avif\" class=\"attachment-large size-large wp-image-10732\" alt=\"\" srcset=\"https:\/\/pferdeberufe.ch\/wp-content\/smush-avif\/2024_09_24_Bild_SwissSkills_StandOdA-1024x683.jpg.avif 1024w, https:\/\/pferdeberufe.ch\/wp-content\/smush-avif\/2024_09_24_Bild_SwissSkills_StandOdA-300x200.jpg.avif 300w, https:\/\/pferdeberufe.ch\/wp-content\/smush-avif\/2024_09_24_Bild_SwissSkills_StandOdA-768x512.jpg.avif 768w, https:\/\/pferdeberufe.ch\/wp-content\/smush-avif\/2024_09_24_Bild_SwissSkills_StandOdA-1536x1024.jpg.avif 1536w, https:\/\/pferdeberufe.ch\/wp-content\/smush-avif\/2024_09_24_Bild_SwissSkills_StandOdA.jpg.avif 1600w\" sizes=\"(max-width: 1024px) 100vw, 1024px\" \/>\t\t\t\t\t\t\t\t\t\t\t\t\t\t\t<\/div>\n\t\t\t\t<\/div>\n\t\t\t\t\t<\/div>\n\t\t<\/div>\n\t\t\t\t\t<\/div>\n\t\t<\/section>\n\t\t\t\t<section class=\"elementor-section elementor-top-section elementor-element elementor-element-0035b5f elementor-section-boxed elementor-section-height-default elementor-section-height-default\" data-id=\"0035b5f\" data-element_type=\"section\" data-e-type=\"section\">\n\t\t\t\t\t\t<div class=\"elementor-container elementor-column-gap-default\">\n\t\t\t\t\t<div class=\"elementor-column elementor-col-100 elementor-top-column elementor-element elementor-element-c46172b\" data-id=\"c46172b\" data-element_type=\"column\" data-e-type=\"column\">\n\t\t\t<div class=\"elementor-widget-wrap elementor-element-populated\">\n\t\t\t\t\t\t<div class=\"elementor-element elementor-element-f7bf959 elementor-widget elementor-widget-spacer\" data-id=\"f7bf959\" data-element_type=\"widget\" data-e-type=\"widget\" data-widget_type=\"spacer.default\">\n\t\t\t\t<div class=\"elementor-widget-container\">\n\t\t\t\t\t\t\t<div class=\"elementor-spacer\">\n\t\t\t<div class=\"elementor-spacer-inner\"><\/div>\n\t\t<\/div>\n\t\t\t\t\t\t<\/div>\n\t\t\t\t<\/div>\n\t\t\t\t<div class=\"elementor-element elementor-element-9726c64 elementor-widget elementor-widget-text-editor\" data-id=\"9726c64\" data-element_type=\"widget\" data-e-type=\"widget\" data-widget_type=\"text-editor.default\">\n\t\t\t\t<div class=\"elementor-widget-container\">\n\t\t\t\t\t\t\t\t\t<h3>Der Countdown l\u00e4uft!<\/h3><p>Die Spannung steigt! In genau acht Monaten \u2013 vom 17. bis 21. September 2025 \u2013 heisst es: B\u00fchne frei f\u00fcr die \u00abSwissSkills 2025\u00bb!<\/p><p><a href=\"https:\/\/pferdeberufe.ch\/wp-content\/uploads\/Medienmitteilung-SwissSkills-2025-Der-Countdown-laeuft.pdf\" target=\"_blank\" rel=\"noopener\">Weiter zur Medienmitteilung von SwissSkills vom 17. Januar 2025<\/a><\/p>\t\t\t\t\t\t\t\t<\/div>\n\t\t\t\t<\/div>\n\t\t\t\t\t<\/div>\n\t\t<\/div>\n\t\t\t\t\t<\/div>\n\t\t<\/section>\n\t\t\t\t<section class=\"elementor-section elementor-top-section elementor-element elementor-element-d66d8fb elementor-section-boxed elementor-section-height-default elementor-section-height-default\" data-id=\"d66d8fb\" data-element_type=\"section\" data-e-type=\"section\">\n\t\t\t\t\t\t<div class=\"elementor-container elementor-column-gap-default\">\n\t\t\t\t\t<div class=\"elementor-column elementor-col-100 elementor-top-column elementor-element elementor-element-bcf3c80\" data-id=\"bcf3c80\" data-element_type=\"column\" data-e-type=\"column\">\n\t\t\t<div class=\"elementor-widget-wrap elementor-element-populated\">\n\t\t\t\t\t\t<div class=\"elementor-element elementor-element-78c9f92 elementor-widget elementor-widget-spacer\" data-id=\"78c9f92\" data-element_type=\"widget\" data-e-type=\"widget\" data-widget_type=\"spacer.default\">\n\t\t\t\t<div class=\"elementor-widget-container\">\n\t\t\t\t\t\t\t<div class=\"elementor-spacer\">\n\t\t\t<div class=\"elementor-spacer-inner\"><\/div>\n\t\t<\/div>\n\t\t\t\t\t\t<\/div>\n\t\t\t\t<\/div>\n\t\t\t\t<div class=\"elementor-element elementor-element-ab45d35 elementor-widget elementor-widget-text-editor\" data-id=\"ab45d35\" data-element_type=\"widget\" data-e-type=\"widget\" data-widget_type=\"text-editor.default\">\n\t\t\t\t<div class=\"elementor-widget-container\">\n\t\t\t\t\t\t\t\t\t<h3>SwissSkills 2025: Das einzigartige Berufserlebnis<\/h3><p>Vom 17. bis 21. September 2025 finden die vierten zentralen Schweizer Berufsmeisterschaften in Bern statt. Kommen Sie mit Ihrer Klasse vorbei und erleben Sie die Vielfalt der Schweizer Berufsbildung live vor Ort.<\/p><p><a href=\"https:\/\/www.youtube.com\/watch?v=w4y642LvCVY\" target=\"_blank\" rel=\"noopener\">Video auf YouTube anschauen<\/a><\/p>\t\t\t\t\t\t\t\t<\/div>\n\t\t\t\t<\/div>\n\t\t\t\t\t<\/div>\n\t\t<\/div>\n\t\t\t\t\t<\/div>\n\t\t<\/section>\n\t\t\t\t<section class=\"elementor-section elementor-top-section elementor-element elementor-element-2f55d7ff elementor-section-boxed elementor-section-height-default elementor-section-height-default\" data-id=\"2f55d7ff\" data-element_type=\"section\" data-e-type=\"section\">\n\t\t\t\t\t\t<div class=\"elementor-container elementor-column-gap-default\">\n\t\t\t\t\t<div class=\"elementor-column elementor-col-100 elementor-top-column elementor-element elementor-element-21bfc378\" data-id=\"21bfc378\" data-element_type=\"column\" data-e-type=\"column\">\n\t\t\t<div class=\"elementor-widget-wrap elementor-element-populated\">\n\t\t\t\t\t\t<div class=\"elementor-element elementor-element-7c3905c1 elementor-widget elementor-widget-text-editor\" data-id=\"7c3905c1\" data-element_type=\"widget\" data-e-type=\"widget\" data-widget_type=\"text-editor.default\">\n\t\t\t\t<div class=\"elementor-widget-container\">\n\t\t\t\t\t\t\t\t\t<p><img decoding=\"async\" class=\"wp-image-10729 alignleft\" src=\"https:\/\/pferdeberufe.ch\/wp-content\/smush-avif\/Logo-SwissSkills-2025-300x161.png.avif\" alt=\"\" width=\"308\" height=\"166\" \/><\/p><p>Die OdA Pferdeberufe Schweiz hat entschieden, 2025 die Pferdebranche an der SwissSkills zu pr\u00e4sentieren. Diverse Vorbereitungen sind daf\u00fcr schon am Laufen.<\/p><p><span style=\"background-color: var(--base-3); color: var( --e-global-color-text ); font-family: Manrope, sans-serif; font-weight: var( --e-global-typography-text-font-weight );\">Vom 17. bis 21. September 2025 wird die SwillSkills in Bern stattfinden. Es ist der gr\u00f6sste Event der Schweiz, an dem 150 Berufe vorgestellt werden. Nach der sehr gelungenen Teilnahme an der SwissSkills 2023 hat der Vorstand der OdA Pferdeberufe Schweiz entschieden, bei der n\u00e4chsten\u00a0 \u00a0 \u00a0 \u00a0 \u00a0 \u00a0 \u00a0 \u00a0 \u00a0 \u00a0 \u00a0 \u00a0 \u00a0 \u00a0 \u00a0 \u00a0 \u00a0 \u00a0 \u00a0 \u00a0 \u00a0 \u00a0 \u00a0 \u00a0 \u00a0 \u00a0 \u00a0 \u00a0 \u00a0 \u00a0 \u00a0 \u00a0 \u00a0 \u00a0 \u00a0 \u00a0 \u00a0 \u00a0 \u00a0 \u00a0 \u00a0 \u00a0 \u00a0 \u00a0 \u00a0 \u00a0 \u00a0 \u00a0 \u00a0 \u00a0 \u00a0 \u00a0 \u00a0 \u00a0 \u00a0 Ausgabe auch wieder mit dabei zu sein.<\/span><\/p><p style=\"font-family: Manrope, sans-serif;\">Wie schon 2022 sollen die verschiedenen Schwerpunkte auch erlebt werden k\u00f6nnen. Auch ist geplant, dass Lernende am Stand den Sch\u00fclerinnen und Sch\u00fclern sowie Berufsbildende Auskunft \u00fcber den Beruf geben werden. Im Januar werden die Lernenden zur Mitarbeit an der SwissSkills 2025 eingeladen.<\/p><p style=\"font-family: Manrope, sans-serif;\">Reservieren Sie sich jetzt schon den Termin und besuchen Sie uns an unserem Stand.<\/p>\t\t\t\t\t\t\t\t<\/div>\n\t\t\t\t<\/div>\n\t\t\t\t<div class=\"elementor-element elementor-element-9de9da9 elementor-widget elementor-widget-spacer\" data-id=\"9de9da9\" data-element_type=\"widget\" data-e-type=\"widget\" data-widget_type=\"spacer.default\">\n\t\t\t\t<div class=\"elementor-widget-container\">\n\t\t\t\t\t\t\t<div class=\"elementor-spacer\">\n\t\t\t<div class=\"elementor-spacer-inner\"><\/div>\n\t\t<\/div>\n\t\t\t\t\t\t<\/div>\n\t\t\t\t<\/div>\n\t\t\t\t\t<\/div>\n\t\t<\/div>\n\t\t\t\t\t<\/div>\n\t\t<\/section>\n\t\t\t\t<\/div>\n\t\t","protected":false},"excerpt":{"rendered":"<p>Die OdA Pferdeberufe Schweiz an der\u00a0SwissSkills Was zeigt die OdA Pferdeberufe an der SwissSkills 2025? Vom 17. Bis 21. September 2025 sind die Pferdeberufe an der SwissSkills 2025 auf dem &#8230; <a title=\"SwissSkills\" class=\"read-more\" href=\"https:\/\/pferdeberufe.ch\/de\/swissskills\/\" aria-label=\"Mehr Informationen \u00fcber SwissSkills\">Weiterlesen<\/a><\/p>\n","protected":false},"author":4,"featured_media":0,"parent":0,"menu_order":0,"comment_status":"closed","ping_status":"closed","template":"","meta":{"footnotes":""},"class_list":["post-11183","page","type-page","status-publish"],"publishpress_future_action":{"enabled":false,"date":"2026-05-06 10:09:04","action":"change-status","newStatus":"draft","terms":[],"taxonomy":"translation_priority","extraData":[]},"publishpress_future_workflow_manual_trigger":{"enabledWorkflows":[]},"_links":{"self":[{"href":"https:\/\/pferdeberufe.ch\/de\/wp-json\/wp\/v2\/pages\/11183","targetHints":{"allow":["GET"]}}],"collection":[{"href":"https:\/\/pferdeberufe.ch\/de\/wp-json\/wp\/v2\/pages"}],"about":[{"href":"https:\/\/pferdeberufe.ch\/de\/wp-json\/wp\/v2\/types\/page"}],"author":[{"embeddable":true,"href":"https:\/\/pferdeberufe.ch\/de\/wp-json\/wp\/v2\/users\/4"}],"replies":[{"embeddable":true,"href":"https:\/\/pferdeberufe.ch\/de\/wp-json\/wp\/v2\/comments?post=11183"}],"version-history":[{"count":22,"href":"https:\/\/pferdeberufe.ch\/de\/wp-json\/wp\/v2\/pages\/11183\/revisions"}],"predecessor-version":[{"id":13353,"href":"https:\/\/pferdeberufe.ch\/de\/wp-json\/wp\/v2\/pages\/11183\/revisions\/13353"}],"wp:attachment":[{"href":"https:\/\/pferdeberufe.ch\/de\/wp-json\/wp\/v2\/media?parent=11183"}],"curies":[{"name":"wp","href":"https:\/\/api.w.org\/{rel}","templated":true}]}}