
{"id":1302,"date":"2022-05-22T18:43:59","date_gmt":"2022-05-22T16:43:59","guid":{"rendered":"https:\/\/pferdeberufe.ch\/?page_id=1302"},"modified":"2025-02-03T15:19:19","modified_gmt":"2025-02-03T14:19:19","slug":"hohere-berufsbildung","status":"publish","type":"page","link":"https:\/\/pferdeberufe.ch\/de\/hohere-berufsbildung\/","title":{"rendered":"H\u00f6here Berufsbildung"},"content":{"rendered":"\t\t<div data-elementor-type=\"wp-page\" data-elementor-id=\"1302\" class=\"elementor elementor-1302\" data-elementor-post-type=\"page\">\n\t\t\t\t\t\t<section class=\"elementor-section elementor-top-section elementor-element elementor-element-3b11da71 elementor-section-boxed elementor-section-height-default elementor-section-height-default\" data-id=\"3b11da71\" data-element_type=\"section\" data-e-type=\"section\">\n\t\t\t\t\t\t<div class=\"elementor-container elementor-column-gap-default\">\n\t\t\t\t\t<div class=\"elementor-column elementor-col-100 elementor-top-column elementor-element elementor-element-5be9a4a\" data-id=\"5be9a4a\" data-element_type=\"column\" data-e-type=\"column\">\n\t\t\t<div class=\"elementor-widget-wrap elementor-element-populated\">\n\t\t\t\t\t\t<div class=\"elementor-element elementor-element-fb4dda7 elementor-widget elementor-widget-text-editor\" data-id=\"fb4dda7\" data-element_type=\"widget\" data-e-type=\"widget\" data-widget_type=\"text-editor.default\">\n\t\t\t\t<div class=\"elementor-widget-container\">\n\t\t\t\t\t\t\t\t\t<h2 class=\"elementor-heading-title elementor-size-default elementor-inline-editing pen\" style=\"text-align: center;\" contenteditable=\"true\" data-elementor-setting-key=\"title\" data-pen-placeholder=\"Eingabe hier...\">Werde <span style=\"color: #ff0000;\">SpezialistIn<\/span> und <span style=\"color: #ff0000;\">ExpertIn<\/span> der Pferdebranche<\/h2>\t\t\t\t\t\t\t\t<\/div>\n\t\t\t\t<\/div>\n\t\t\t\t<div class=\"elementor-element elementor-element-7ef5d457 elementor-widget elementor-widget-text-editor\" data-id=\"7ef5d457\" data-element_type=\"widget\" data-e-type=\"widget\" data-widget_type=\"text-editor.default\">\n\t\t\t\t<div class=\"elementor-widget-container\">\n\t\t\t\t\t\t\t\t\t<p>Nach dem erfolgreichen <strong>Absolvieren<\/strong> der Grundbildung zur Pferdefachperson EFZ und einer <strong>mindestens zweij\u00e4hrigen praktischen Berufst\u00e4tigkeit<\/strong> in einem der Berufsfelder der Pferdeberufe kann die <strong>Berufspr\u00fcfung in den 6 verschiedenen Fachrichtungen<\/strong> absolviert werden. Diese Ausbildung dauert rund <strong>1 1\/2 Jahre<\/strong> und richtet sich insbesondere an Personen, welche \u00fcber eine <strong>\u00fcberdurchschnittliche Motivation<\/strong> und den <strong>entsprechenden Ehrgeiz<\/strong> verf\u00fcgen, sich pers\u00f6nlich und beruflich <strong>weiterzuentwickeln<\/strong>.<\/p><p>Die <strong>Fachpr\u00fcfung zum Experte der Pferdebranche<\/strong> kann anschliessend an die erfolgreich absolvierte <strong>Berufspr\u00fcfung zum Spezialisten der Pferdebranche<\/strong> absolviert werden.<\/p><p>Diese Pr\u00fcfung wird <strong>nicht mehr fachrichtungsspezifisch<\/strong> durchgef\u00fchrt und ist die h\u00f6chste Ausbildungsanerkennung im Bereich Pferdeberufe. Sie ist einem <strong>Fachhochschulabschluss<\/strong> gleichgestellt.<\/p>\t\t\t\t\t\t\t\t<\/div>\n\t\t\t\t<\/div>\n\t\t\t\t\t<\/div>\n\t\t<\/div>\n\t\t\t\t\t<\/div>\n\t\t<\/section>\n\t\t\t\t<section class=\"elementor-section elementor-top-section elementor-element elementor-element-d364038 elementor-section-full_width elementor-section-height-default elementor-section-height-default\" data-id=\"d364038\" data-element_type=\"section\" data-e-type=\"section\" data-settings=\"{&quot;background_background&quot;:&quot;slideshow&quot;,&quot;background_slideshow_gallery&quot;:[],&quot;background_slideshow_loop&quot;:&quot;yes&quot;,&quot;background_slideshow_slide_duration&quot;:5000,&quot;background_slideshow_slide_transition&quot;:&quot;fade&quot;,&quot;background_slideshow_transition_duration&quot;:500}\">\n\t\t\t\t\t\t<div class=\"elementor-container elementor-column-gap-default\">\n\t\t\t\t\t<div class=\"elementor-column elementor-col-50 elementor-top-column elementor-element elementor-element-17c6692\" data-id=\"17c6692\" data-element_type=\"column\" data-e-type=\"column\" data-settings=\"{&quot;background_background&quot;:&quot;slideshow&quot;,&quot;background_slideshow_gallery&quot;:[],&quot;background_slideshow_loop&quot;:&quot;yes&quot;,&quot;background_slideshow_slide_duration&quot;:5000,&quot;background_slideshow_slide_transition&quot;:&quot;fade&quot;,&quot;background_slideshow_transition_duration&quot;:500}\">\n\t\t\t<div class=\"elementor-widget-wrap elementor-element-populated\">\n\t\t\t\t\t\t<div class=\"elementor-element elementor-element-72cdc4e elementor-widget elementor-widget-text-editor\" data-id=\"72cdc4e\" data-element_type=\"widget\" data-e-type=\"widget\" data-widget_type=\"text-editor.default\">\n\t\t\t\t<div class=\"elementor-widget-container\">\n\t\t\t\t\t\t\t\t\t<h2 class=\"elementor-heading-title elementor-size-default elementor-inline-editing pen\" contenteditable=\"true\" data-elementor-setting-key=\"title\" data-pen-placeholder=\"Eingabe hier...\">H\u00f6here <span style=\"color: #ff0000;\">Berufspr\u00fcfung<\/span>: <span style=\"color: #ff0000;\">SpezialistIn<\/span> der Pferdebranche mit <span style=\"color: #ff0000;\">eidg. Fachausweis<\/span><\/h2>\t\t\t\t\t\t\t\t<\/div>\n\t\t\t\t<\/div>\n\t\t\t\t<div class=\"elementor-element elementor-element-1729dc2 elementor-widget elementor-widget-text-editor\" data-id=\"1729dc2\" data-element_type=\"widget\" data-e-type=\"widget\" data-widget_type=\"text-editor.default\">\n\t\t\t\t<div class=\"elementor-widget-container\">\n\t\t\t\t\t\t\t\t\t<p>Als <strong>Inhaber oder leitender Angestellter<\/strong> einer Pferde-KMU sind \u201ePferdefachpersonen mit eidg. Fachausweis\u201c die Fachleute f\u00fcr die Pferde-, Reit- oder Fahrausbildung und die Pferdehaltung in der modernen Gesellschaft. Sie \u00fcben ihren Beruf meistens in einer<strong> Vollzeitt\u00e4tigkeit<\/strong> aus. Sie zeichnen sich in allen <strong>Disziplinen ihrer Fachrichtung<\/strong> aus und bilden ein Pferd in diesen Sparten aus.<\/p><p>Berufliche Alltagssituationen und Herausforderungen bew\u00e4ltigen sie gemeinsam mit ihrem Team oder Partnern erfolgreich. Sie \u00fcbernehmen <strong>Verantwortung<\/strong> in der operativen F\u00fchrung, setzen Ziele, <strong>planen und organisieren<\/strong> f\u00fcr ihren Bereich.<\/p><p>\u201ePferdefachpersonen mit eidg. Fachausweis\u201c arbeiten, halten und pflegen die eigenen und ihnen anvertraute Pferde tiergerecht und unter Einhaltung der Vorgaben des Tierschutzes.<\/p><p>Kunden werden gezielt und <strong>fachlich kompetent gef\u00f6rdert<\/strong>.<\/p><p>Die &#8222;Spezialistin, der Spezialist Pferdebranche mit Fachausweis&#8220; sind <strong>professionelle Anbieter von umfassenden Dienstleistungen<\/strong> in den Bereichen der Pferde-, Reiter- oder Fahrerausbildung. Dies umfassen alle Einsatzdisziplinen, die Ausbildung von jungen Pferden, die Korrektur von schwierigen Pferden, das Training von Pferden und das Unterrichten in den Disziplinen der entsprechenden Fachrichtung.<\/p><p>Ihre Kunden sind Einzelpersonen (Erwachsene, Jugendliche, Kinder), Gruppen und Institutionen (Schulen, Vereine).<\/p><p>Die Spezialistin oder der Spezialist Pferdebranche mit eidgen\u00f6ssischen Fachausweis leisten als erfahrene Pferdefachleute einen wichtigen <strong>Beitrag zur tiergerechten Haltung<\/strong> und <strong>respektvollen Nutzung<\/strong> der Pferde in der modernen Gesellschaft.<\/p>\t\t\t\t\t\t\t\t<\/div>\n\t\t\t\t<\/div>\n\t\t\t\t\t<\/div>\n\t\t<\/div>\n\t\t\t\t<div class=\"elementor-column elementor-col-50 elementor-top-column elementor-element elementor-element-56369ad\" data-id=\"56369ad\" data-element_type=\"column\" data-e-type=\"column\" data-settings=\"{&quot;background_background&quot;:&quot;gradient&quot;}\">\n\t\t\t<div class=\"elementor-widget-wrap elementor-element-populated\">\n\t\t\t\t\t\t<div class=\"elementor-element elementor-element-139d3d4 elementor-widget elementor-widget-image\" data-id=\"139d3d4\" data-element_type=\"widget\" data-e-type=\"widget\" data-widget_type=\"image.default\">\n\t\t\t\t<div class=\"elementor-widget-container\">\n\t\t\t\t\t\t\t\t\t\t\t\t\t\t\t<img fetchpriority=\"high\" decoding=\"async\" width=\"1024\" height=\"683\" src=\"https:\/\/pferdeberufe.ch\/wp-content\/smush-avif\/2-3-1024x683.jpg.avif\" class=\"attachment-large size-large wp-image-11639\" alt=\"\" srcset=\"https:\/\/pferdeberufe.ch\/wp-content\/smush-avif\/2-3-1024x683.jpg.avif 1024w, https:\/\/pferdeberufe.ch\/wp-content\/smush-avif\/2-3-300x200.jpg.avif 300w, https:\/\/pferdeberufe.ch\/wp-content\/smush-avif\/2-3-768x512.jpg.avif 768w\" sizes=\"(max-width: 1024px) 100vw, 1024px\" \/>\t\t\t\t\t\t\t\t\t\t\t\t\t\t\t<\/div>\n\t\t\t\t<\/div>\n\t\t\t\t<div class=\"elementor-element elementor-element-987f9f7 elementor-widget elementor-widget-image\" data-id=\"987f9f7\" data-element_type=\"widget\" data-e-type=\"widget\" data-widget_type=\"image.default\">\n\t\t\t\t<div class=\"elementor-widget-container\">\n\t\t\t\t\t\t\t\t\t\t\t\t\t\t\t<img decoding=\"async\" width=\"1024\" height=\"683\" src=\"https:\/\/pferdeberufe.ch\/wp-content\/smush-avif\/3-3-1024x683.jpg.avif\" class=\"attachment-large size-large wp-image-11642\" alt=\"\" srcset=\"https:\/\/pferdeberufe.ch\/wp-content\/smush-avif\/3-3-1024x683.jpg.avif 1024w, https:\/\/pferdeberufe.ch\/wp-content\/smush-avif\/3-3-300x200.jpg.avif 300w, https:\/\/pferdeberufe.ch\/wp-content\/smush-avif\/3-3-768x512.jpg.avif 768w\" sizes=\"(max-width: 1024px) 100vw, 1024px\" \/>\t\t\t\t\t\t\t\t\t\t\t\t\t\t\t<\/div>\n\t\t\t\t<\/div>\n\t\t\t\t\t<\/div>\n\t\t<\/div>\n\t\t\t\t\t<\/div>\n\t\t<\/section>\n\t\t\t\t<section class=\"elementor-section elementor-top-section elementor-element elementor-element-8255e0b elementor-section-boxed elementor-section-height-default elementor-section-height-default\" data-id=\"8255e0b\" data-element_type=\"section\" data-e-type=\"section\">\n\t\t\t\t\t\t<div class=\"elementor-container elementor-column-gap-default\">\n\t\t\t\t\t<div class=\"elementor-column elementor-col-100 elementor-top-column elementor-element elementor-element-d646335\" data-id=\"d646335\" data-element_type=\"column\" data-e-type=\"column\">\n\t\t\t<div class=\"elementor-widget-wrap elementor-element-populated\">\n\t\t\t\t\t\t<div class=\"elementor-element elementor-element-32716ab elementor-widget elementor-widget-spacer\" data-id=\"32716ab\" data-element_type=\"widget\" data-e-type=\"widget\" data-widget_type=\"spacer.default\">\n\t\t\t\t<div class=\"elementor-widget-container\">\n\t\t\t\t\t\t\t<div class=\"elementor-spacer\">\n\t\t\t<div class=\"elementor-spacer-inner\"><\/div>\n\t\t<\/div>\n\t\t\t\t\t\t<\/div>\n\t\t\t\t<\/div>\n\t\t\t\t\t<\/div>\n\t\t<\/div>\n\t\t\t\t\t<\/div>\n\t\t<\/section>\n\t\t\t\t<section class=\"elementor-section elementor-top-section elementor-element elementor-element-85f5b73 elementor-section-full_width elementor-section-height-default elementor-section-height-default\" data-id=\"85f5b73\" data-element_type=\"section\" data-e-type=\"section\" data-settings=\"{&quot;background_background&quot;:&quot;slideshow&quot;,&quot;background_slideshow_slide_transition&quot;:&quot;slide_down&quot;,&quot;background_slideshow_gallery&quot;:[],&quot;background_slideshow_loop&quot;:&quot;yes&quot;,&quot;background_slideshow_slide_duration&quot;:5000,&quot;background_slideshow_transition_duration&quot;:500}\">\n\t\t\t\t\t\t<div class=\"elementor-container elementor-column-gap-default\">\n\t\t\t\t\t<div class=\"elementor-column elementor-col-50 elementor-top-column elementor-element elementor-element-2cbc0eb\" data-id=\"2cbc0eb\" data-element_type=\"column\" data-e-type=\"column\" data-settings=\"{&quot;background_background&quot;:&quot;gradient&quot;}\">\n\t\t\t<div class=\"elementor-widget-wrap elementor-element-populated\">\n\t\t\t\t\t\t<div class=\"elementor-element elementor-element-25602d4 elementor-widget elementor-widget-text-editor\" data-id=\"25602d4\" data-element_type=\"widget\" data-e-type=\"widget\" data-widget_type=\"text-editor.default\">\n\t\t\t\t<div class=\"elementor-widget-container\">\n\t\t\t\t\t\t\t\t\t<p>H\u00f6here <span style=\"color: #ffffff;\"><span style=\"color: #ff0000;\">Fachpr\u00fcfung<\/span><\/span>:<br \/><span style=\"color: #ff0000;\">ExpertIn <\/span>der Pferdebranche mit eidg.<span style=\"color: #ff0000;\"> Diplom<\/span><\/p>\t\t\t\t\t\t\t\t<\/div>\n\t\t\t\t<\/div>\n\t\t\t\t<div class=\"elementor-element elementor-element-96b984c elementor-widget elementor-widget-text-editor\" data-id=\"96b984c\" data-element_type=\"widget\" data-e-type=\"widget\" data-widget_type=\"text-editor.default\">\n\t\t\t\t<div class=\"elementor-widget-container\">\n\t\t\t\t\t\t\t\t\t<p>In der Rolle als <strong>Inhaber, Mieter oder als F\u00fchrungsperson<\/strong> eines Unternehmens der Pferdebranche bew\u00e4ltigen die <strong>Experten der Pferdebranche <\/strong>einerseits die <strong>professionnelle F\u00fchrung<\/strong> des Unternehmens und andererseits die <strong>Erstellung und Erbringung von Dienstleistungen<\/strong> f\u00fcr die Kundschaft. Sie tragen die Verantwortung der <strong>strategischen und operativen F\u00fchrung<\/strong> des Unternehmens und betreiben ihre berufliche Aktivit\u00e4t meistens in einer Vollzeitt\u00e4tigkeit.<\/p><p>Sie <strong>f\u00f6rdern<\/strong> die Kundschaft durch gezielte, fachlich kompetente Ausbildung und begleiten sie bis in die <strong>h\u00f6chsten Stufen<\/strong> der Reit- oder Fahrausbildung. Im Unternehmensalltag\u00a0 sind sie aufgrund ihrer <strong>fachlichen und menschlichen Kompetenzen<\/strong> die Ansprechpartner f\u00fcr die Kundschaft. Beruflich Alltagssituationen bew\u00e4ltigen sie gemeinsam mit ihrem Team oder Partnern.<\/p>\t\t\t\t\t\t\t\t<\/div>\n\t\t\t\t<\/div>\n\t\t\t\t\t<\/div>\n\t\t<\/div>\n\t\t\t\t<div class=\"elementor-column elementor-col-50 elementor-top-column elementor-element elementor-element-8d57cf6\" data-id=\"8d57cf6\" data-element_type=\"column\" data-e-type=\"column\">\n\t\t\t<div class=\"elementor-widget-wrap elementor-element-populated\">\n\t\t\t\t\t\t<div class=\"elementor-element elementor-element-8ff8600 elementor-widget elementor-widget-image\" data-id=\"8ff8600\" data-element_type=\"widget\" data-e-type=\"widget\" data-widget_type=\"image.default\">\n\t\t\t\t<div class=\"elementor-widget-container\">\n\t\t\t\t\t\t\t\t\t\t\t\t\t\t\t<img decoding=\"async\" width=\"400\" height=\"412\" src=\"https:\/\/pferdeberufe.ch\/wp-content\/smush-avif\/dieses.png.avif\" class=\"attachment-large size-large wp-image-11700\" alt=\"\" srcset=\"https:\/\/pferdeberufe.ch\/wp-content\/smush-avif\/dieses.png.avif 400w, https:\/\/pferdeberufe.ch\/wp-content\/smush-avif\/dieses-291x300.png.avif 291w\" sizes=\"(max-width: 400px) 100vw, 400px\" \/>\t\t\t\t\t\t\t\t\t\t\t\t\t\t\t<\/div>\n\t\t\t\t<\/div>\n\t\t\t\t\t<\/div>\n\t\t<\/div>\n\t\t\t\t\t<\/div>\n\t\t<\/section>\n\t\t\t\t<section class=\"elementor-section elementor-top-section elementor-element elementor-element-3505062 elementor-section-boxed elementor-section-height-default elementor-section-height-default\" data-id=\"3505062\" data-element_type=\"section\" data-e-type=\"section\">\n\t\t\t\t\t\t<div class=\"elementor-container elementor-column-gap-default\">\n\t\t\t\t\t<div class=\"elementor-column elementor-col-100 elementor-top-column elementor-element elementor-element-35c5903\" data-id=\"35c5903\" data-element_type=\"column\" data-e-type=\"column\">\n\t\t\t<div class=\"elementor-widget-wrap elementor-element-populated\">\n\t\t\t\t\t\t<div class=\"elementor-element elementor-element-7ce0029 elementor-widget elementor-widget-spacer\" data-id=\"7ce0029\" data-element_type=\"widget\" data-e-type=\"widget\" data-widget_type=\"spacer.default\">\n\t\t\t\t<div class=\"elementor-widget-container\">\n\t\t\t\t\t\t\t<div class=\"elementor-spacer\">\n\t\t\t<div class=\"elementor-spacer-inner\"><\/div>\n\t\t<\/div>\n\t\t\t\t\t\t<\/div>\n\t\t\t\t<\/div>\n\t\t\t\t<div class=\"elementor-element elementor-element-887d5b7 elementor-widget elementor-widget-text-editor\" data-id=\"887d5b7\" data-element_type=\"widget\" data-e-type=\"widget\" data-widget_type=\"text-editor.default\">\n\t\t\t\t<div class=\"elementor-widget-container\">\n\t\t\t\t\t\t\t\t\t<p>Lernen Sie\u00a0<span style=\"color: #ffffff;\"><span style=\"color: #ff0000;\">f\u00fcnf Spezialistinnen <\/span><\/span>und\u00a0\u00a0<span style=\"color: #ff0000;\">ein Spezialist\u00a0<\/span>der Pferdebranche kennen!<\/p>\t\t\t\t\t\t\t\t<\/div>\n\t\t\t\t<\/div>\n\t\t\t\t<div class=\"elementor-element elementor-element-3ae819d elementor-widget elementor-widget-text-editor\" data-id=\"3ae819d\" data-element_type=\"widget\" data-e-type=\"widget\" data-widget_type=\"text-editor.default\">\n\t\t\t\t<div class=\"elementor-widget-container\">\n\t\t\t\t\t\t\t\t\t<p>Vier Spezialistinnen und ein Spezialist der Pferdebranche haben in einem Interview \u00fcber ihre Beweggr\u00fcnde f\u00fcr die Absolvierung der h\u00f6heren Berufspr\u00fcfung sowie \u00fcber ihre Learnings berichtet.\u00a0<\/p><p>Lesen Sie in den spannenden Portraits was die Spezialistinnen und den Spezialisten bei der Ausbildung am meisten gefordert hat und was die gr\u00f6ssten Mehrwerte sind, welche sie in den Alltag mitnehmen konnten.<\/p>\t\t\t\t\t\t\t\t<\/div>\n\t\t\t\t<\/div>\n\t\t\t\t<div class=\"elementor-element elementor-element-a267e3e elementor-arrows-position-inside elementor-pagination-position-outside elementor-widget elementor-widget-image-carousel\" data-id=\"a267e3e\" data-element_type=\"widget\" data-e-type=\"widget\" data-settings=\"{&quot;slides_to_show&quot;:&quot;3&quot;,&quot;slides_to_scroll&quot;:&quot;1&quot;,&quot;lazyload&quot;:&quot;yes&quot;,&quot;navigation&quot;:&quot;both&quot;,&quot;autoplay&quot;:&quot;yes&quot;,&quot;pause_on_hover&quot;:&quot;yes&quot;,&quot;pause_on_interaction&quot;:&quot;yes&quot;,&quot;autoplay_speed&quot;:5000,&quot;infinite&quot;:&quot;yes&quot;,&quot;speed&quot;:500,&quot;image_spacing_custom&quot;:{&quot;unit&quot;:&quot;px&quot;,&quot;size&quot;:20,&quot;sizes&quot;:[]},&quot;image_spacing_custom_tablet&quot;:{&quot;unit&quot;:&quot;px&quot;,&quot;size&quot;:&quot;&quot;,&quot;sizes&quot;:[]},&quot;image_spacing_custom_mobile&quot;:{&quot;unit&quot;:&quot;px&quot;,&quot;size&quot;:&quot;&quot;,&quot;sizes&quot;:[]}}\" data-widget_type=\"image-carousel.default\">\n\t\t\t\t<div class=\"elementor-widget-container\">\n\t\t\t\t\t\t\t<div class=\"elementor-image-carousel-wrapper swiper\" role=\"region\" aria-roledescription=\"carousel\" aria-label=\"Bild Karussell\" dir=\"ltr\">\n\t\t\t<div class=\"elementor-image-carousel swiper-wrapper\" aria-live=\"off\">\n\t\t\t\t\t\t\t\t<div class=\"swiper-slide\" role=\"group\" aria-roledescription=\"slide\" aria-label=\"1 von 5\"><figure class=\"swiper-slide-inner\"><img class=\"swiper-slide-image swiper-lazy\" data-src=\"https:\/\/pferdeberufe.ch\/wp-content\/smush-avif\/Michael-Zuercher-1-1-768x512.jpg.avif\" alt=\"xxx\" \/><div class=\"swiper-lazy-preloader\"><\/div><figcaption class=\"elementor-image-carousel-caption\">Michael Z\u00fcrcher<\/figcaption><\/figure><\/div><div class=\"swiper-slide\" role=\"group\" aria-roledescription=\"slide\" aria-label=\"2 von 5\"><figure class=\"swiper-slide-inner\"><img class=\"swiper-slide-image swiper-lazy\" data-src=\"https:\/\/pferdeberufe.ch\/wp-content\/smush-avif\/Silvia-Hofer-1-768x512.jpg.avif\" alt=\"xxxx\" \/><div class=\"swiper-lazy-preloader\"><\/div><figcaption class=\"elementor-image-carousel-caption\">Silvia Hofer<\/figcaption><\/figure><\/div><div class=\"swiper-slide\" role=\"group\" aria-roledescription=\"slide\" aria-label=\"3 von 5\"><figure class=\"swiper-slide-inner\"><img class=\"swiper-slide-image swiper-lazy\" data-src=\"https:\/\/pferdeberufe.ch\/wp-content\/smush-avif\/Sylvia-Seebacher-4-768x512.jpg.avif\" alt=\"xxxx\" \/><div class=\"swiper-lazy-preloader\"><\/div><figcaption class=\"elementor-image-carousel-caption\">Sylvia Seebacher<\/figcaption><\/figure><\/div><div class=\"swiper-slide\" role=\"group\" aria-roledescription=\"slide\" aria-label=\"4 von 5\"><figure class=\"swiper-slide-inner\"><img class=\"swiper-slide-image swiper-lazy\" data-src=\"https:\/\/pferdeberufe.ch\/wp-content\/smush-avif\/Beatrice-Rusterholz-3-768x512.jpg.avif\" alt=\"xxxx\" \/><div class=\"swiper-lazy-preloader\"><\/div><figcaption class=\"elementor-image-carousel-caption\">Beatrice Rusterholz<\/figcaption><\/figure><\/div><div class=\"swiper-slide\" role=\"group\" aria-roledescription=\"slide\" aria-label=\"5 von 5\"><figure class=\"swiper-slide-inner\"><img class=\"swiper-slide-image swiper-lazy\" data-src=\"https:\/\/pferdeberufe.ch\/wp-content\/smush-avif\/Alexandra-Haefeli-5-768x512.jpg.avif\" alt=\"xxxx\" \/><div class=\"swiper-lazy-preloader\"><\/div><figcaption class=\"elementor-image-carousel-caption\">Alexandra H\u00e4feli<\/figcaption><\/figure><\/div>\t\t\t<\/div>\n\t\t\t\t\t\t\t\t\t\t\t\t<div class=\"elementor-swiper-button elementor-swiper-button-prev\" role=\"button\" tabindex=\"0\">\n\t\t\t\t\t\t<i aria-hidden=\"true\" class=\"eicon-chevron-left\"><\/i>\t\t\t\t\t<\/div>\n\t\t\t\t\t<div class=\"elementor-swiper-button elementor-swiper-button-next\" role=\"button\" tabindex=\"0\">\n\t\t\t\t\t\t<i aria-hidden=\"true\" class=\"eicon-chevron-right\"><\/i>\t\t\t\t\t<\/div>\n\t\t\t\t\n\t\t\t\t\t\t\t\t\t<div class=\"swiper-pagination\"><\/div>\n\t\t\t\t\t\t\t\t\t<\/div>\n\t\t\t\t\t\t<\/div>\n\t\t\t\t<\/div>\n\t\t\t\t<div class=\"elementor-element elementor-element-4261204 elementor-align-center elementor-widget elementor-widget-button\" data-id=\"4261204\" data-element_type=\"widget\" data-e-type=\"widget\" data-widget_type=\"button.default\">\n\t\t\t\t<div class=\"elementor-widget-container\">\n\t\t\t\t\t\t\t\t\t<div class=\"elementor-button-wrapper\">\n\t\t\t\t\t<a class=\"elementor-button elementor-button-link elementor-size-sm\" href=\"https:\/\/pferdeberufe.ch\/de\/portraits-der-hoeheren-berufsbildung\/\">\n\t\t\t\t\t\t<span class=\"elementor-button-content-wrapper\">\n\t\t\t\t\t\t\t\t\t<span class=\"elementor-button-text\">Hier geht's zu den Portraits der Spezialistinnen und Spezialisten<\/span>\n\t\t\t\t\t<\/span>\n\t\t\t\t\t<\/a>\n\t\t\t\t<\/div>\n\t\t\t\t\t\t\t\t<\/div>\n\t\t\t\t<\/div>\n\t\t\t\t<div class=\"elementor-element elementor-element-8d34426 elementor-widget elementor-widget-spacer\" data-id=\"8d34426\" data-element_type=\"widget\" data-e-type=\"widget\" data-widget_type=\"spacer.default\">\n\t\t\t\t<div class=\"elementor-widget-container\">\n\t\t\t\t\t\t\t<div class=\"elementor-spacer\">\n\t\t\t<div class=\"elementor-spacer-inner\"><\/div>\n\t\t<\/div>\n\t\t\t\t\t\t<\/div>\n\t\t\t\t<\/div>\n\t\t\t\t\t<\/div>\n\t\t<\/div>\n\t\t\t\t\t<\/div>\n\t\t<\/section>\n\t\t\t\t<section class=\"elementor-section elementor-inner-section elementor-element elementor-element-733cb7af elementor-section-content-middle elementor-section-boxed elementor-section-height-default elementor-section-height-default\" data-id=\"733cb7af\" data-element_type=\"section\" data-e-type=\"section\">\n\t\t\t\t\t\t<div class=\"elementor-container elementor-column-gap-default\">\n\t\t\t\t\t<div class=\"elementor-column elementor-col-50 elementor-inner-column elementor-element elementor-element-2c5568d9\" data-id=\"2c5568d9\" data-element_type=\"column\" data-e-type=\"column\">\n\t\t\t<div class=\"elementor-widget-wrap elementor-element-populated\">\n\t\t\t\t\t\t<div class=\"elementor-element elementor-element-7874bed7 elementor-cta--skin-cover elementor-cta--valign-middle elementor-bg-transform elementor-bg-transform-zoom-out elementor-animated-content elementor-widget elementor-widget-call-to-action\" data-id=\"7874bed7\" data-element_type=\"widget\" data-e-type=\"widget\" data-widget_type=\"call-to-action.default\">\n\t\t\t\t<div class=\"elementor-widget-container\">\n\t\t\t\t\t\t\t<div class=\"elementor-cta\">\n\t\t\t\t\t<div class=\"elementor-cta__bg-wrapper\">\n\t\t\t\t<div class=\"elementor-cta__bg elementor-bg\" style=\"background-image: url(https:\/\/pferdeberufe.ch\/wp-content\/smush-avif\/1455078_615239731871567_1328886019_n-e1737039252895.jpg.avif);\" role=\"img\" aria-label=\"1455078_615239731871567_1328886019_n\"><\/div>\n\t\t\t\t<div class=\"elementor-cta__bg-overlay\"><\/div>\n\t\t\t<\/div>\n\t\t\t\t\t\t\t<div class=\"elementor-cta__content\">\n\t\t\t\t\t\t\t\t\t<div class=\"elementor-content-item elementor-cta__content-item elementor-cta__image elementor-animated-item--grow\">\n\t\t\t\t\t\t<img loading=\"lazy\" decoding=\"async\" width=\"813\" height=\"541\" src=\"https:\/\/pferdeberufe.ch\/wp-content\/smush-avif\/1455078_615239731871567_1328886019_n-e1737039252895.jpg.avif\" class=\"attachment-full size-full wp-image-371\" alt=\"\" srcset=\"https:\/\/pferdeberufe.ch\/wp-content\/smush-avif\/1455078_615239731871567_1328886019_n-e1737039252895.jpg.avif 813w, https:\/\/pferdeberufe.ch\/wp-content\/smush-avif\/1455078_615239731871567_1328886019_n-e1737039252895-300x200.jpg.avif 300w, https:\/\/pferdeberufe.ch\/wp-content\/smush-avif\/1455078_615239731871567_1328886019_n-e1737039252895-768x511.jpg.avif 768w\" sizes=\"(max-width: 813px) 100vw, 813px\" \/>\t\t\t\t\t<\/div>\n\t\t\t\t\n\t\t\t\t\t\t\t\t\t<h2 class=\"elementor-cta__title elementor-cta__content-item elementor-content-item elementor-animated-item--grow\">\n\t\t\t\t\t\tDokumenten Download\t\t\t\t\t<\/h2>\n\t\t\t\t\n\t\t\t\t\n\t\t\t\t\t\t\t\t\t<div class=\"elementor-cta__button-wrapper elementor-cta__content-item elementor-content-item elementor-animated-item--grow\">\n\t\t\t\t\t<a class=\"elementor-cta__button elementor-button elementor-size-\" href=\"https:\/\/pferdeberufe.ch\/de\/hohere-berufsbildung-download\/\">\n\t\t\t\t\t\tMehr erfahren\t\t\t\t\t<\/a>\n\t\t\t\t\t<\/div>\n\t\t\t\t\t\t\t<\/div>\n\t\t\t\t\t\t<\/div>\n\t\t\t\t\t\t<\/div>\n\t\t\t\t<\/div>\n\t\t\t\t\t<\/div>\n\t\t<\/div>\n\t\t\t\t<div class=\"elementor-column elementor-col-50 elementor-inner-column elementor-element elementor-element-2033c31d\" data-id=\"2033c31d\" data-element_type=\"column\" data-e-type=\"column\">\n\t\t\t<div class=\"elementor-widget-wrap elementor-element-populated\">\n\t\t\t\t\t\t<div class=\"elementor-element elementor-element-54e71640 elementor-cta--skin-cover elementor-bg-transform elementor-bg-transform-zoom-out elementor-animated-content elementor-widget elementor-widget-call-to-action\" data-id=\"54e71640\" data-element_type=\"widget\" data-e-type=\"widget\" data-widget_type=\"call-to-action.default\">\n\t\t\t\t<div class=\"elementor-widget-container\">\n\t\t\t\t\t\t\t<div class=\"elementor-cta\">\n\t\t\t\t\t<div class=\"elementor-cta__bg-wrapper\">\n\t\t\t\t<div class=\"elementor-cta__bg elementor-bg\" style=\"background-image: url(https:\/\/pferdeberufe.ch\/wp-content\/smush-avif\/4-1024x683.jpg.avif);\" role=\"img\" aria-label=\"4\"><\/div>\n\t\t\t\t<div class=\"elementor-cta__bg-overlay\"><\/div>\n\t\t\t<\/div>\n\t\t\t\t\t\t\t<div class=\"elementor-cta__content\">\n\t\t\t\t\t\t\t\t\t<div class=\"elementor-content-item elementor-cta__content-item elementor-cta__image elementor-animated-item--grow\">\n\t\t\t\t\t\t<img loading=\"lazy\" decoding=\"async\" width=\"2560\" height=\"1707\" src=\"https:\/\/pferdeberufe.ch\/wp-content\/smush-avif\/4-scaled.jpg.avif\" class=\"attachment-full size-full wp-image-11572\" alt=\"\" srcset=\"https:\/\/pferdeberufe.ch\/wp-content\/smush-avif\/4-scaled.jpg.avif 2560w, https:\/\/pferdeberufe.ch\/wp-content\/smush-avif\/4-300x200.jpg.avif 300w, https:\/\/pferdeberufe.ch\/wp-content\/smush-avif\/4-1024x683.jpg.avif 1024w, https:\/\/pferdeberufe.ch\/wp-content\/smush-avif\/4-768x512.jpg.avif 768w\" sizes=\"(max-width: 2560px) 100vw, 2560px\" \/>\t\t\t\t\t<\/div>\n\t\t\t\t\n\t\t\t\t\t\t\t\t\t<h2 class=\"elementor-cta__title elementor-cta__content-item elementor-content-item elementor-animated-item--grow\">\n\t\t\t\t\t\tWeitere Informationen\t\t\t\t\t<\/h2>\n\t\t\t\t\n\t\t\t\t\n\t\t\t\t\t\t\t\t\t<div class=\"elementor-cta__button-wrapper elementor-cta__content-item elementor-content-item elementor-animated-item--grow\">\n\t\t\t\t\t<a class=\"elementor-cta__button elementor-button elementor-size-\" href=\"https:\/\/www.inforama.ch\/berufsbildung\/pferdeberufe\" target=\"_blank\">\n\t\t\t\t\t\tMehr erfahren\t\t\t\t\t<\/a>\n\t\t\t\t\t<\/div>\n\t\t\t\t\t\t\t<\/div>\n\t\t\t\t\t\t<\/div>\n\t\t\t\t\t\t<\/div>\n\t\t\t\t<\/div>\n\t\t\t\t\t<\/div>\n\t\t<\/div>\n\t\t\t\t\t<\/div>\n\t\t<\/section>\n\t\t\t\t<section class=\"elementor-section elementor-top-section elementor-element elementor-element-3e95023 elementor-section-boxed elementor-section-height-default elementor-section-height-default\" data-id=\"3e95023\" data-element_type=\"section\" data-e-type=\"section\">\n\t\t\t\t\t\t<div class=\"elementor-container elementor-column-gap-default\">\n\t\t\t\t\t<div class=\"elementor-column elementor-col-100 elementor-top-column elementor-element elementor-element-7d296aa\" data-id=\"7d296aa\" data-element_type=\"column\" data-e-type=\"column\">\n\t\t\t<div class=\"elementor-widget-wrap elementor-element-populated\">\n\t\t\t\t\t\t<div class=\"elementor-element elementor-element-2b59b5a elementor-widget elementor-widget-spacer\" data-id=\"2b59b5a\" data-element_type=\"widget\" data-e-type=\"widget\" data-widget_type=\"spacer.default\">\n\t\t\t\t<div class=\"elementor-widget-container\">\n\t\t\t\t\t\t\t<div class=\"elementor-spacer\">\n\t\t\t<div class=\"elementor-spacer-inner\"><\/div>\n\t\t<\/div>\n\t\t\t\t\t\t<\/div>\n\t\t\t\t<\/div>\n\t\t\t\t\t<\/div>\n\t\t<\/div>\n\t\t\t\t\t<\/div>\n\t\t<\/section>\n\t\t\t\t<\/div>\n\t\t","protected":false},"excerpt":{"rendered":"<p>Werde SpezialistIn und ExpertIn der Pferdebranche Nach dem erfolgreichen Absolvieren der Grundbildung zur Pferdefachperson EFZ und einer mindestens zweij\u00e4hrigen praktischen Berufst\u00e4tigkeit in einem der Berufsfelder der Pferdeberufe kann die Berufspr\u00fcfung &#8230; <a title=\"H\u00f6here Berufsbildung\" class=\"read-more\" href=\"https:\/\/pferdeberufe.ch\/de\/hohere-berufsbildung\/\" aria-label=\"Mehr Informationen \u00fcber H\u00f6here Berufsbildung\">Weiterlesen<\/a><\/p>\n","protected":false},"author":2,"featured_media":0,"parent":0,"menu_order":5,"comment_status":"closed","ping_status":"closed","template":"","meta":{"footnotes":""},"class_list":["post-1302","page","type-page","status-publish"],"publishpress_future_action":{"enabled":false,"date":"2026-05-06 10:10:03","action":"change-status","newStatus":"draft","terms":[],"taxonomy":"translation_priority","extraData":[]},"publishpress_future_workflow_manual_trigger":{"enabledWorkflows":[]},"_links":{"self":[{"href":"https:\/\/pferdeberufe.ch\/de\/wp-json\/wp\/v2\/pages\/1302","targetHints":{"allow":["GET"]}}],"collection":[{"href":"https:\/\/pferdeberufe.ch\/de\/wp-json\/wp\/v2\/pages"}],"about":[{"href":"https:\/\/pferdeberufe.ch\/de\/wp-json\/wp\/v2\/types\/page"}],"author":[{"embeddable":true,"href":"https:\/\/pferdeberufe.ch\/de\/wp-json\/wp\/v2\/users\/2"}],"replies":[{"embeddable":true,"href":"https:\/\/pferdeberufe.ch\/de\/wp-json\/wp\/v2\/comments?post=1302"}],"version-history":[{"count":165,"href":"https:\/\/pferdeberufe.ch\/de\/wp-json\/wp\/v2\/pages\/1302\/revisions"}],"predecessor-version":[{"id":12306,"href":"https:\/\/pferdeberufe.ch\/de\/wp-json\/wp\/v2\/pages\/1302\/revisions\/12306"}],"wp:attachment":[{"href":"https:\/\/pferdeberufe.ch\/de\/wp-json\/wp\/v2\/media?parent=1302"}],"curies":[{"name":"wp","href":"https:\/\/api.w.org\/{rel}","templated":true}]}}