
{"id":13071,"date":"2025-05-20T10:12:01","date_gmt":"2025-05-20T08:12:01","guid":{"rendered":"https:\/\/pferdeberufe.ch\/?page_id=13071"},"modified":"2025-05-20T10:21:46","modified_gmt":"2025-05-20T08:21:46","slug":"traegerverbaende","status":"publish","type":"page","link":"https:\/\/pferdeberufe.ch\/de\/organisation\/traegerverbaende\/","title":{"rendered":"Tr\u00e4gerverb\u00e4nde"},"content":{"rendered":"\t\t<div data-elementor-type=\"wp-page\" data-elementor-id=\"13071\" class=\"elementor elementor-13071\" data-elementor-post-type=\"page\">\n\t\t\t\t\t\t<section class=\"elementor-section elementor-top-section elementor-element elementor-element-65ccc1b elementor-section-boxed elementor-section-height-default elementor-section-height-default\" data-id=\"65ccc1b\" data-element_type=\"section\" data-e-type=\"section\" data-settings=\"{&quot;background_background&quot;:&quot;gradient&quot;}\">\n\t\t\t\t\t\t<div class=\"elementor-container elementor-column-gap-default\">\n\t\t\t\t\t<div class=\"elementor-column elementor-col-100 elementor-top-column elementor-element elementor-element-7fc3c53a\" data-id=\"7fc3c53a\" data-element_type=\"column\" data-e-type=\"column\">\n\t\t\t<div class=\"elementor-widget-wrap elementor-element-populated\">\n\t\t\t\t\t\t<div class=\"elementor-element elementor-element-6bb109f7 elementor-widget elementor-widget-text-editor\" data-id=\"6bb109f7\" data-element_type=\"widget\" data-e-type=\"widget\" data-widget_type=\"text-editor.default\">\n\t\t\t\t<div class=\"elementor-widget-container\">\n\t\t\t\t\t\t\t\t\t<h2 class=\"elementor-heading-title elementor-size-default elementor-inline-editing pen\" contenteditable=\"true\" data-elementor-setting-key=\"title\" data-pen-placeholder=\"Eingabe hier...\">Die <span style=\"color: #ffffff;\">Vielfalt<\/span> in der <span style=\"color: #ffffff;\">Pferdewelt<\/span> erleben<\/h2>\t\t\t\t\t\t\t\t<\/div>\n\t\t\t\t<\/div>\n\t\t\t\t<section class=\"elementor-section elementor-inner-section elementor-element elementor-element-fc2e935 elementor-section-boxed elementor-section-height-default elementor-section-height-default\" data-id=\"fc2e935\" data-element_type=\"section\" data-e-type=\"section\">\n\t\t\t\t\t\t<div class=\"elementor-container elementor-column-gap-default\">\n\t\t\t\t\t<div class=\"elementor-column elementor-col-100 elementor-inner-column elementor-element elementor-element-944230b\" data-id=\"944230b\" data-element_type=\"column\" data-e-type=\"column\">\n\t\t\t<div class=\"elementor-widget-wrap elementor-element-populated\">\n\t\t\t\t\t\t<div class=\"elementor-element elementor-element-30af0b3 elementor-widget elementor-widget-text-editor\" data-id=\"30af0b3\" data-element_type=\"widget\" data-e-type=\"widget\" data-widget_type=\"text-editor.default\">\n\t\t\t\t<div class=\"elementor-widget-container\">\n\t\t\t\t\t\t\t\t\t<p>Die OdA Pferdeberufe nimmt als Dachorganisation die <strong>Interessen der verschiedenen Mitgliederverb\u00e4nde<\/strong> wahr und hat die Federf\u00fchrung bei den Berufsreformen. Sie sorgt dabei f\u00fcr die <strong>Koordination<\/strong> innerhalb der Branche und f\u00f6rdert den <strong>Erfahrungsaustausch<\/strong>.<\/p>\t\t\t\t\t\t\t\t<\/div>\n\t\t\t\t<\/div>\n\t\t\t\t\t<\/div>\n\t\t<\/div>\n\t\t\t\t\t<\/div>\n\t\t<\/section>\n\t\t\t\t<div class=\"elementor-element elementor-element-06cf327 elementor-skin-carousel elementor-arrows-yes elementor-pagination-type-bullets elementor-pagination-position-outside elementor-widget elementor-widget-media-carousel\" data-id=\"06cf327\" data-element_type=\"widget\" data-e-type=\"widget\" data-settings=\"{&quot;slides_per_view&quot;:&quot;6&quot;,&quot;slides_to_scroll&quot;:&quot;10&quot;,&quot;skin&quot;:&quot;carousel&quot;,&quot;effect&quot;:&quot;slide&quot;,&quot;show_arrows&quot;:&quot;yes&quot;,&quot;pagination&quot;:&quot;bullets&quot;,&quot;speed&quot;:500,&quot;autoplay&quot;:&quot;yes&quot;,&quot;autoplay_speed&quot;:5000,&quot;loop&quot;:&quot;yes&quot;,&quot;pause_on_hover&quot;:&quot;yes&quot;,&quot;pause_on_interaction&quot;:&quot;yes&quot;,&quot;space_between&quot;:{&quot;unit&quot;:&quot;px&quot;,&quot;size&quot;:10,&quot;sizes&quot;:[]},&quot;space_between_tablet&quot;:{&quot;unit&quot;:&quot;px&quot;,&quot;size&quot;:10,&quot;sizes&quot;:[]},&quot;space_between_mobile&quot;:{&quot;unit&quot;:&quot;px&quot;,&quot;size&quot;:10,&quot;sizes&quot;:[]}}\" data-widget_type=\"media-carousel.default\">\n\t\t\t\t<div class=\"elementor-widget-container\">\n\t\t\t\t\t\t\t\t\t<div class=\"elementor-swiper\">\n\t\t\t\t\t<div class=\"elementor-main-swiper swiper\" role=\"region\" aria-roledescription=\"carousel\" aria-label=\"Slider\">\n\t\t\t\t<div class=\"swiper-wrapper\">\n\t\t\t\t\t\t\t\t\t\t\t<div class=\"swiper-slide\" role=\"group\" aria-roledescription=\"slide\">\n\t\t\t\t\t\t\t<a href=\"https:\/\/www.swiss-horse-professionals.ch\/\">\t\t<div class=\"elementor-carousel-image\" role=\"img\" aria-label=\"SHP\" style=\"background-image: url(&#039;https:\/\/pferdeberufe.ch\/wp-content\/smush-avif\/SHP-768x768.jpg.avif&#039;)\">\n\n\t\t\t\n\t\t\t\t\t<\/div>\n\t\t<\/a>\t\t\t\t\t\t<\/div>\n\t\t\t\t\t\t\t\t\t\t\t<div class=\"swiper-slide\" role=\"group\" aria-roledescription=\"slide\">\n\t\t\t\t\t\t\t<a href=\"https:\/\/spv-fsc.iena.ch\/de\/\">\t\t<div class=\"elementor-carousel-image\" role=\"img\" aria-label=\"briefpapier-spv\" style=\"background-image: url(&#039;https:\/\/pferdeberufe.ch\/wp-content\/smush-avif\/briefpapier-spv-768x140.png.avif&#039;)\">\n\n\t\t\t\n\t\t\t\t\t<\/div>\n\t\t<\/a>\t\t\t\t\t\t<\/div>\n\t\t\t\t\t\t\t\t\t\t\t<div class=\"swiper-slide\" role=\"group\" aria-roledescription=\"slide\">\n\t\t\t\t\t\t\t<a href=\"http:\/\/www.swra.ch\">\t\t<div class=\"elementor-carousel-image\" role=\"img\" aria-label=\"SWRA_Logo\" style=\"background-image: url(&#039;https:\/\/pferdeberufe.ch\/wp-content\/smush-avif\/SWRA_Logo-768x768.png.avif&#039;)\">\n\n\t\t\t\n\t\t\t\t\t<\/div>\n\t\t<\/a>\t\t\t\t\t\t<\/div>\n\t\t\t\t\t\t\t\t\t\t\t<div class=\"swiper-slide\" role=\"group\" aria-roledescription=\"slide\">\n\t\t\t\t\t\t\t<a href=\"https:\/\/pi-ch.ch\/\">\t\t<div class=\"elementor-carousel-image\" role=\"img\" aria-label=\"pi ch\" style=\"background-image: url(&#039;https:\/\/pferdeberufe.ch\/wp-content\/uploads\/pi-ch-e1746195107959.png&#039;)\">\n\n\t\t\t\n\t\t\t\t\t<\/div>\n\t\t<\/a>\t\t\t\t\t\t<\/div>\n\t\t\t\t\t\t\t\t\t\t\t<div class=\"swiper-slide\" role=\"group\" aria-roledescription=\"slide\">\n\t\t\t\t\t\t\t<a href=\"https:\/\/www.ipvch.ch\/islandpferde-vereinigung-schweiz-ipv-ch.html\">\t\t<div class=\"elementor-carousel-image\" role=\"img\" aria-label=\"ipv ch\" style=\"background-image: url(&#039;https:\/\/pferdeberufe.ch\/wp-content\/smush-avif\/ipv-ch-768x177.png.avif&#039;)\">\n\n\t\t\t\n\t\t\t\t\t<\/div>\n\t\t<\/a>\t\t\t\t\t\t<\/div>\n\t\t\t\t\t\t\t\t\t<\/div>\n\t\t\t\t\t\t\t\t\t\t\t\t\t\t\t<div class=\"elementor-swiper-button elementor-swiper-button-prev\" role=\"button\" tabindex=\"0\" aria-label=\"Voriger\">\n\t\t\t\t\t\t\t<i aria-hidden=\"true\" class=\"eicon-chevron-left\"><\/i>\t\t\t\t\t\t<\/div>\n\t\t\t\t\t\t<div class=\"elementor-swiper-button elementor-swiper-button-next\" role=\"button\" tabindex=\"0\" aria-label=\"N\u00e4chster\">\n\t\t\t\t\t\t\t<i aria-hidden=\"true\" class=\"eicon-chevron-right\"><\/i>\t\t\t\t\t\t<\/div>\n\t\t\t\t\t\t\t\t\t\t\t\t\t\t\t\t<div class=\"swiper-pagination\"><\/div>\n\t\t\t\t\t\t\t\t\t\t\t\t<\/div>\n\t\t\t\t<\/div>\n\t\t\t\t\t\t\t\t<\/div>\n\t\t\t\t<\/div>\n\t\t\t\t<div class=\"elementor-element elementor-element-cfb518c elementor-widget elementor-widget-spacer\" data-id=\"cfb518c\" data-element_type=\"widget\" data-e-type=\"widget\" data-widget_type=\"spacer.default\">\n\t\t\t\t<div class=\"elementor-widget-container\">\n\t\t\t\t\t\t\t<div class=\"elementor-spacer\">\n\t\t\t<div class=\"elementor-spacer-inner\"><\/div>\n\t\t<\/div>\n\t\t\t\t\t\t<\/div>\n\t\t\t\t<\/div>\n\t\t\t\t\t<\/div>\n\t\t<\/div>\n\t\t\t\t\t<\/div>\n\t\t<\/section>\n\t\t\t\t<section class=\"elementor-section elementor-top-section elementor-element elementor-element-025c168 elementor-section-boxed elementor-section-height-default elementor-section-height-default\" data-id=\"025c168\" data-element_type=\"section\" data-e-type=\"section\">\n\t\t\t\t\t\t<div class=\"elementor-container elementor-column-gap-default\">\n\t\t\t\t\t<div class=\"elementor-column elementor-col-100 elementor-top-column elementor-element elementor-element-b9b6cef\" data-id=\"b9b6cef\" data-element_type=\"column\" data-e-type=\"column\">\n\t\t\t<div class=\"elementor-widget-wrap elementor-element-populated\">\n\t\t\t\t\t\t<div class=\"elementor-element elementor-element-9e60a42 elementor-widget elementor-widget-spacer\" data-id=\"9e60a42\" data-element_type=\"widget\" data-e-type=\"widget\" data-widget_type=\"spacer.default\">\n\t\t\t\t<div class=\"elementor-widget-container\">\n\t\t\t\t\t\t\t<div class=\"elementor-spacer\">\n\t\t\t<div class=\"elementor-spacer-inner\"><\/div>\n\t\t<\/div>\n\t\t\t\t\t\t<\/div>\n\t\t\t\t<\/div>\n\t\t\t\t\t<\/div>\n\t\t<\/div>\n\t\t\t\t\t<\/div>\n\t\t<\/section>\n\t\t\t\t<\/div>\n\t\t","protected":false},"excerpt":{"rendered":"<p>Die Vielfalt in der Pferdewelt erleben Die OdA Pferdeberufe nimmt als Dachorganisation die Interessen der verschiedenen Mitgliederverb\u00e4nde wahr und hat die Federf\u00fchrung bei den Berufsreformen. Sie sorgt dabei f\u00fcr die &#8230; <a title=\"Tr\u00e4gerverb\u00e4nde\" class=\"read-more\" href=\"https:\/\/pferdeberufe.ch\/de\/organisation\/traegerverbaende\/\" aria-label=\"Mehr Informationen \u00fcber Tr\u00e4gerverb\u00e4nde\">Weiterlesen<\/a><\/p>\n","protected":false},"author":2,"featured_media":0,"parent":137,"menu_order":11,"comment_status":"closed","ping_status":"closed","template":"elementor_header_footer","meta":{"footnotes":""},"class_list":["post-13071","page","type-page","status-publish"],"publishpress_future_action":{"enabled":false,"date":"2026-05-08 00:26:42","action":"change-status","newStatus":"draft","terms":[],"taxonomy":"translation_priority","extraData":[]},"publishpress_future_workflow_manual_trigger":{"enabledWorkflows":[]},"_links":{"self":[{"href":"https:\/\/pferdeberufe.ch\/de\/wp-json\/wp\/v2\/pages\/13071","targetHints":{"allow":["GET"]}}],"collection":[{"href":"https:\/\/pferdeberufe.ch\/de\/wp-json\/wp\/v2\/pages"}],"about":[{"href":"https:\/\/pferdeberufe.ch\/de\/wp-json\/wp\/v2\/types\/page"}],"author":[{"embeddable":true,"href":"https:\/\/pferdeberufe.ch\/de\/wp-json\/wp\/v2\/users\/2"}],"replies":[{"embeddable":true,"href":"https:\/\/pferdeberufe.ch\/de\/wp-json\/wp\/v2\/comments?post=13071"}],"version-history":[{"count":4,"href":"https:\/\/pferdeberufe.ch\/de\/wp-json\/wp\/v2\/pages\/13071\/revisions"}],"predecessor-version":[{"id":13075,"href":"https:\/\/pferdeberufe.ch\/de\/wp-json\/wp\/v2\/pages\/13071\/revisions\/13075"}],"up":[{"embeddable":true,"href":"https:\/\/pferdeberufe.ch\/de\/wp-json\/wp\/v2\/pages\/137"}],"wp:attachment":[{"href":"https:\/\/pferdeberufe.ch\/de\/wp-json\/wp\/v2\/media?parent=13071"}],"curies":[{"name":"wp","href":"https:\/\/api.w.org\/{rel}","templated":true}]}}