
{"id":1335,"date":"2022-05-22T19:09:46","date_gmt":"2022-05-22T17:09:46","guid":{"rendered":"https:\/\/pferdeberufe.ch\/?page_id=1335"},"modified":"2025-09-14T11:20:52","modified_gmt":"2025-09-14T09:20:52","slug":"grundbildung","status":"publish","type":"page","link":"https:\/\/pferdeberufe.ch\/de\/grundbildung\/","title":{"rendered":"Grundbildung"},"content":{"rendered":"\t\t<div data-elementor-type=\"wp-page\" data-elementor-id=\"1335\" class=\"elementor elementor-1335\" data-elementor-post-type=\"page\">\n\t\t\t\t\t\t<section class=\"elementor-section elementor-top-section elementor-element elementor-element-3b11da71 elementor-section-boxed elementor-section-height-default elementor-section-height-default\" data-id=\"3b11da71\" data-element_type=\"section\" data-e-type=\"section\">\n\t\t\t\t\t\t<div class=\"elementor-container elementor-column-gap-default\">\n\t\t\t\t\t<div class=\"elementor-column elementor-col-100 elementor-top-column elementor-element elementor-element-5be9a4a\" data-id=\"5be9a4a\" data-element_type=\"column\" data-e-type=\"column\">\n\t\t\t<div class=\"elementor-widget-wrap elementor-element-populated\">\n\t\t\t\t\t\t<div class=\"elementor-element elementor-element-fb4dda7 elementor-widget elementor-widget-text-editor\" data-id=\"fb4dda7\" data-element_type=\"widget\" data-e-type=\"widget\" data-widget_type=\"text-editor.default\">\n\t\t\t\t<div class=\"elementor-widget-container\">\n\t\t\t\t\t\t\t\t\t<h2 class=\"elementor-heading-title elementor-size-default elementor-inline-editing pen\" style=\"text-align: center;\" contenteditable=\"true\" data-elementor-setting-key=\"title\" data-pen-placeholder=\"Eingabe hier...\">Grundbildung der <span style=\"color: #ff0000;\">Pferdeberufe<\/span><\/h2>\t\t\t\t\t\t\t\t<\/div>\n\t\t\t\t<\/div>\n\t\t\t\t<div class=\"elementor-element elementor-element-7ef5d457 elementor-widget elementor-widget-text-editor\" data-id=\"7ef5d457\" data-element_type=\"widget\" data-e-type=\"widget\" data-widget_type=\"text-editor.default\">\n\t\t\t\t<div class=\"elementor-widget-container\">\n\t\t\t\t\t\t\t\t\t<p>Erwerbe die n\u00f6tigen Kompetenzen zur Aus\u00fcbung eines der <strong>sch\u00f6nsten Berufe<\/strong> der Welt w\u00e4hrend der Grundbildung mit Abschluss zum<strong> eidgen\u00f6ssischen Berufsattest EBA<\/strong> oder <strong>eidgen\u00f6ssischen F\u00e4higkeitsausweis EFZ.<\/strong> Profitiere von der <strong>Vielfalt<\/strong> der Branche und entwickle dich pers\u00f6nlich wie fachlich weiter w\u00e4hrend dieser spannenden Ausbildung.\u00a0<strong>\u00a0<\/strong><\/p>\t\t\t\t\t\t\t\t<\/div>\n\t\t\t\t<\/div>\n\t\t\t\t\t<\/div>\n\t\t<\/div>\n\t\t\t\t\t<\/div>\n\t\t<\/section>\n\t\t\t\t<section class=\"elementor-section elementor-top-section elementor-element elementor-element-2c6d845 elementor-section-boxed elementor-section-height-default elementor-section-height-default\" data-id=\"2c6d845\" data-element_type=\"section\" data-e-type=\"section\">\n\t\t\t\t\t\t<div class=\"elementor-container elementor-column-gap-default\">\n\t\t\t\t\t<div class=\"elementor-column elementor-col-100 elementor-top-column elementor-element elementor-element-ed1f6c9\" data-id=\"ed1f6c9\" data-element_type=\"column\" data-e-type=\"column\">\n\t\t\t<div class=\"elementor-widget-wrap elementor-element-populated\">\n\t\t\t\t\t\t<div class=\"elementor-element elementor-element-2a37c5d elementor-widget elementor-widget-text-editor\" data-id=\"2a37c5d\" data-element_type=\"widget\" data-e-type=\"widget\" data-widget_type=\"text-editor.default\">\n\t\t\t\t<div class=\"elementor-widget-container\">\n\t\t\t\t\t\t\t\t\t<h2 class=\"elementor-heading-title elementor-size-default elementor-inline-editing pen\" style=\"text-align: center;\" contenteditable=\"true\" data-elementor-setting-key=\"title\" data-pen-placeholder=\"Eingabe hier...\"><span style=\"color: #ff0000;\">Ausbildung Pferdeberufe<\/span><\/h2>\t\t\t\t\t\t\t\t<\/div>\n\t\t\t\t<\/div>\n\t\t\t\t<div class=\"elementor-element elementor-element-de3c243 elementor-widget elementor-widget-text-editor\" data-id=\"de3c243\" data-element_type=\"widget\" data-e-type=\"widget\" data-widget_type=\"text-editor.default\">\n\t\t\t\t<div class=\"elementor-widget-container\">\n\t\t\t\t\t\t\t\t\t<p>Tr\u00e4umst du davon, eine Ausbildung mit Pferden zu absolvieren? Die Realit\u00e4t sieht dann f\u00fcr Lernende wie Ausbildende manchmal ern\u00fcchternd aus. Der Artikel im Kavallo 01\/2025 fasst die Reformen und Herausforderungen der beruflichen Grundbildung zusammen.<\/p>\t\t\t\t\t\t\t\t<\/div>\n\t\t\t\t<\/div>\n\t\t\t\t<div class=\"elementor-element elementor-element-8e3011e elementor-align-center elementor-widget elementor-widget-button\" data-id=\"8e3011e\" data-element_type=\"widget\" data-e-type=\"widget\" data-widget_type=\"button.default\">\n\t\t\t\t<div class=\"elementor-widget-container\">\n\t\t\t\t\t\t\t\t\t<div class=\"elementor-button-wrapper\">\n\t\t\t\t\t<a class=\"elementor-button elementor-button-link elementor-size-sm\" href=\"https:\/\/pferdeberufe.ch\/wp-content\/uploads\/Reformen-und-Herausforderungen.pdf\" target=\"_blank\">\n\t\t\t\t\t\t<span class=\"elementor-button-content-wrapper\">\n\t\t\t\t\t\t\t\t\t<span class=\"elementor-button-text\">Artikel lesen<\/span>\n\t\t\t\t\t<\/span>\n\t\t\t\t\t<\/a>\n\t\t\t\t<\/div>\n\t\t\t\t\t\t\t\t<\/div>\n\t\t\t\t<\/div>\n\t\t\t\t\t<\/div>\n\t\t<\/div>\n\t\t\t\t\t<\/div>\n\t\t<\/section>\n\t\t\t\t<section class=\"elementor-section elementor-top-section elementor-element elementor-element-fa2f349 elementor-section-boxed elementor-section-height-default elementor-section-height-default\" data-id=\"fa2f349\" data-element_type=\"section\" data-e-type=\"section\">\n\t\t\t\t\t\t<div class=\"elementor-container elementor-column-gap-default\">\n\t\t\t\t\t<div class=\"elementor-column elementor-col-100 elementor-top-column elementor-element elementor-element-d3226cd\" data-id=\"d3226cd\" data-element_type=\"column\" data-e-type=\"column\">\n\t\t\t<div class=\"elementor-widget-wrap\">\n\t\t\t\t\t\t\t<\/div>\n\t\t<\/div>\n\t\t\t\t\t<\/div>\n\t\t<\/section>\n\t\t\t\t<section class=\"elementor-section elementor-top-section elementor-element elementor-element-d364038 elementor-section-full_width elementor-section-height-min-height elementor-section-height-default elementor-section-items-middle\" data-id=\"d364038\" data-element_type=\"section\" data-e-type=\"section\" data-settings=\"{&quot;background_background&quot;:&quot;slideshow&quot;,&quot;background_slideshow_slide_duration&quot;:5002,&quot;background_slideshow_gallery&quot;:[],&quot;background_slideshow_loop&quot;:&quot;yes&quot;,&quot;background_slideshow_slide_transition&quot;:&quot;fade&quot;,&quot;background_slideshow_transition_duration&quot;:500}\">\n\t\t\t\t\t\t<div class=\"elementor-container elementor-column-gap-default\">\n\t\t\t\t\t<div class=\"elementor-column elementor-col-50 elementor-top-column elementor-element elementor-element-503ddfd\" data-id=\"503ddfd\" data-element_type=\"column\" data-e-type=\"column\">\n\t\t\t<div class=\"elementor-widget-wrap elementor-element-populated\">\n\t\t\t\t\t\t<div class=\"elementor-element elementor-element-3d6d370 elementor-widget elementor-widget-image\" data-id=\"3d6d370\" data-element_type=\"widget\" data-e-type=\"widget\" data-widget_type=\"image.default\">\n\t\t\t\t<div class=\"elementor-widget-container\">\n\t\t\t\t\t\t\t\t\t\t\t\t\t\t\t<img fetchpriority=\"high\" decoding=\"async\" width=\"1024\" height=\"683\" src=\"https:\/\/pferdeberufe.ch\/wp-content\/smush-avif\/8-Bandagieren_und_frisieren-3-1024x683.jpg.avif\" class=\"attachment-large size-large wp-image-11268\" alt=\"\" srcset=\"https:\/\/pferdeberufe.ch\/wp-content\/smush-avif\/8-Bandagieren_und_frisieren-3-1024x683.jpg.avif 1024w, https:\/\/pferdeberufe.ch\/wp-content\/smush-avif\/8-Bandagieren_und_frisieren-3-300x200.jpg.avif 300w, https:\/\/pferdeberufe.ch\/wp-content\/smush-avif\/8-Bandagieren_und_frisieren-3-768x512.jpg.avif 768w\" sizes=\"(max-width: 1024px) 100vw, 1024px\" \/>\t\t\t\t\t\t\t\t\t\t\t\t\t\t\t<\/div>\n\t\t\t\t<\/div>\n\t\t\t\t\t<\/div>\n\t\t<\/div>\n\t\t\t\t<div class=\"elementor-column elementor-col-50 elementor-top-column elementor-element elementor-element-56369ad\" data-id=\"56369ad\" data-element_type=\"column\" data-e-type=\"column\" data-settings=\"{&quot;background_background&quot;:&quot;classic&quot;}\">\n\t\t\t<div class=\"elementor-widget-wrap elementor-element-populated\">\n\t\t\t\t\t\t<div class=\"elementor-element elementor-element-72cdc4e elementor-widget__width-initial elementor-fixed elementor-widget elementor-widget-text-editor\" data-id=\"72cdc4e\" data-element_type=\"widget\" data-e-type=\"widget\" data-settings=\"{&quot;_position&quot;:&quot;fixed&quot;}\" data-widget_type=\"text-editor.default\">\n\t\t\t\t<div class=\"elementor-widget-container\">\n\t\t\t\t\t\t\t\t\t<h2 class=\"elementor-heading-title elementor-size-default elementor-inline-editing pen\" contenteditable=\"true\" data-elementor-setting-key=\"title\" data-pen-placeholder=\"Eingabe hier...\"><span style=\"color: #ff0000;\">EBA<\/span> : eidg. Berufsattest zum\/-r <span style=\"color: #ff0000;\">PferdewartIn<\/span><\/h2>\t\t\t\t\t\t\t\t<\/div>\n\t\t\t\t<\/div>\n\t\t\t\t<div class=\"elementor-element elementor-element-1729dc2 elementor-widget__width-initial elementor-widget elementor-widget-text-editor\" data-id=\"1729dc2\" data-element_type=\"widget\" data-e-type=\"widget\" data-widget_type=\"text-editor.default\">\n\t\t\t\t<div class=\"elementor-widget-container\">\n\t\t\t\t\t\t\t\t\t<h2><span style=\"color: #ff0000;\">EBA<\/span>: eidg. Berufsattest zum <span style=\"color: #ff0000;\">PferdewartIn\u00a0<\/span><\/h2><p><span style=\"color: var( --e-global-color-text );\">Die 2-j\u00e4hrige\u00a0 Ausbildung zur Pferdewartin EBA\/ zum Pferdewart EBA richtet sich an vornehmlich praktisch begabte Jugendliche mit besonderen Lernbed\u00fcrfnissen, die \u00fcber eine Grundbildung mit Attest den Weg in die Berufswelt w\u00e4hlen. Ausgepr\u00e4gte Motivation und gute Charaktereigenschaften sind wichtige Voraussetzungen f\u00fcr eine erfolgreiche Ausbildung.\u00a0<\/span><span style=\"color: var( --e-global-color-text );\">Das Schwergewicht dieser Ausbildung liegt in der praktischen F\u00f6rderung; die\u00a0<\/span><span style=\"color: var( --e-global-color-text );\">schulischen Themen werden im direkten\u00a0<\/span><span style=\"color: var( --e-global-color-text );\">Bezug zu den betrieblichen Inhalten vermittelt. Die drei Lernorte Lehrbetrieb, Schule und \u00fcberbetriebliche Kurse (\u00fcK) arbeiten flexibel und eng vernetzt. Pferdewartinnen EBA\/Pferdewarte EBA pflegen und versorgen die ihnen anvertrauten Pferde unter Anleitung. Sie helfen bei den Reinigungsarbeiten, die in den Unterk\u00fcnften und Anlagen t\u00e4glich (auch an Sonn- und Feiertagen) n\u00f6tig sind. Die Mithilfe bei der Organisation und Durchf\u00fchrung von Anl\u00e4ssen geh\u00f6rt ebenfalls in ihren vielseitigen T\u00e4tigkeitsbereich.<\/span><\/p>\t\t\t\t\t\t\t\t<\/div>\n\t\t\t\t<\/div>\n\t\t\t\t\t<\/div>\n\t\t<\/div>\n\t\t\t\t\t<\/div>\n\t\t<\/section>\n\t\t\t\t<section class=\"elementor-section elementor-top-section elementor-element elementor-element-8255e0b elementor-section-boxed elementor-section-height-default elementor-section-height-default\" data-id=\"8255e0b\" data-element_type=\"section\" data-e-type=\"section\">\n\t\t\t\t\t\t<div class=\"elementor-container elementor-column-gap-default\">\n\t\t\t\t\t<div class=\"elementor-column elementor-col-100 elementor-top-column elementor-element elementor-element-088efb3\" data-id=\"088efb3\" data-element_type=\"column\" data-e-type=\"column\">\n\t\t\t<div class=\"elementor-widget-wrap\">\n\t\t\t\t\t\t\t<\/div>\n\t\t<\/div>\n\t\t\t\t\t<\/div>\n\t\t<\/section>\n\t\t\t\t<section class=\"elementor-section elementor-top-section elementor-element elementor-element-85f5b73 elementor-section-full_width elementor-section-height-min-height elementor-section-height-default elementor-section-items-middle\" data-id=\"85f5b73\" data-element_type=\"section\" data-e-type=\"section\" data-settings=\"{&quot;background_background&quot;:&quot;slideshow&quot;,&quot;background_slideshow_gallery&quot;:[],&quot;background_slideshow_loop&quot;:&quot;yes&quot;,&quot;background_slideshow_slide_duration&quot;:5000,&quot;background_slideshow_slide_transition&quot;:&quot;fade&quot;,&quot;background_slideshow_transition_duration&quot;:500}\">\n\t\t\t\t\t\t<div class=\"elementor-container elementor-column-gap-default\">\n\t\t\t\t\t<div class=\"elementor-column elementor-col-50 elementor-top-column elementor-element elementor-element-2cbc0eb\" data-id=\"2cbc0eb\" data-element_type=\"column\" data-e-type=\"column\" data-settings=\"{&quot;background_background&quot;:&quot;gradient&quot;}\">\n\t\t\t<div class=\"elementor-widget-wrap elementor-element-populated\">\n\t\t\t\t\t\t<div class=\"elementor-element elementor-element-25602d4 elementor-widget elementor-widget-text-editor\" data-id=\"25602d4\" data-element_type=\"widget\" data-e-type=\"widget\" data-widget_type=\"text-editor.default\">\n\t\t\t\t<div class=\"elementor-widget-container\">\n\t\t\t\t\t\t\t\t\t<h2 class=\"elementor-heading-title elementor-size-default elementor-inline-editing pen\" contenteditable=\"true\" data-elementor-setting-key=\"title\" data-pen-placeholder=\"Eingabe hier...\"><span style=\"color: #ff0000;\">EFZ<\/span>: eidg. F\u00e4higkeitszeugnis zur <span style=\"color: #ff0000;\">Pferdefachperson<\/span> in <span style=\"color: #ff0000;\">6 Schwerpunkten<\/span><\/h2>\t\t\t\t\t\t\t\t<\/div>\n\t\t\t\t<\/div>\n\t\t\t\t<div class=\"elementor-element elementor-element-96b984c elementor-widget elementor-widget-text-editor\" data-id=\"96b984c\" data-element_type=\"widget\" data-e-type=\"widget\" data-widget_type=\"text-editor.default\">\n\t\t\t\t<div class=\"elementor-widget-container\">\n\t\t\t\t\t\t\t\t\t<p>Pferdfachleute EFZ sind vielseitige Fachangestellte, die zust\u00e4ndig f\u00fcr das Wohlergehen der Pferde sind. Sie pflegen diese, bauen ein Vertrauensverh\u00e4ltnis auf und setzen sie tiergerecht und sicher ein. Sie arbeiten mit den ihnen anvertrauten Tieren t\u00e4glich. Sie unterrichten Drittpersonen am oder auf dem Pferd bis zum Niveau der Grundausbildung f\u00fcr Pferd und Reiter. Zu ihrer Kundschaft z\u00e4hlen Einzelpersonen und Gruppen aller Altersklassen. Pferdefachfrauen EFZ und Pferdefachm\u00e4nner EFZ arbeiten typischerweise als Angestellte in einem regionalen, nationalen oder internationalen Pferdeunternehmen oder sind selbstst\u00e4ndig erwerbend im eigenen oder gepachteten Betrieb.<\/p><p>Pferdefachleute EFZ haben 6 Schwerpunkte zur Auswahl: Betreuung und Dienstleistung, klassisches Reiten, Westernreiten, Gangpferdereiten, Gespannfahren und Pferderennsport.<\/p>\t\t\t\t\t\t\t\t<\/div>\n\t\t\t\t<\/div>\n\t\t\t\t\t<\/div>\n\t\t<\/div>\n\t\t\t\t<div class=\"elementor-column elementor-col-50 elementor-top-column elementor-element elementor-element-8d57cf6\" data-id=\"8d57cf6\" data-element_type=\"column\" data-e-type=\"column\">\n\t\t\t<div class=\"elementor-widget-wrap elementor-element-populated\">\n\t\t\t\t\t\t<div class=\"elementor-element elementor-element-8ff8600 elementor-widget elementor-widget-image\" data-id=\"8ff8600\" data-element_type=\"widget\" data-e-type=\"widget\" data-widget_type=\"image.default\">\n\t\t\t\t<div class=\"elementor-widget-container\">\n\t\t\t\t\t\t\t\t\t\t\t\t\t\t\t<img decoding=\"async\" width=\"1024\" height=\"683\" src=\"https:\/\/pferdeberufe.ch\/wp-content\/smush-avif\/10-Gruppenunterricht_Unterricht_am_Pferd-26-1-1024x683.jpg.avif\" class=\"attachment-large size-large wp-image-11329\" alt=\"\" srcset=\"https:\/\/pferdeberufe.ch\/wp-content\/smush-avif\/10-Gruppenunterricht_Unterricht_am_Pferd-26-1-1024x683.jpg.avif 1024w, https:\/\/pferdeberufe.ch\/wp-content\/smush-avif\/10-Gruppenunterricht_Unterricht_am_Pferd-26-1-300x200.jpg.avif 300w, https:\/\/pferdeberufe.ch\/wp-content\/smush-avif\/10-Gruppenunterricht_Unterricht_am_Pferd-26-1-768x512.jpg.avif 768w, https:\/\/pferdeberufe.ch\/wp-content\/smush-avif\/10-Gruppenunterricht_Unterricht_am_Pferd-26-1-1536x1024.jpg.avif 1536w, https:\/\/pferdeberufe.ch\/wp-content\/smush-avif\/10-Gruppenunterricht_Unterricht_am_Pferd-26-1-2048x1365.jpg.avif 2048w\" sizes=\"(max-width: 1024px) 100vw, 1024px\" \/>\t\t\t\t\t\t\t\t\t\t\t\t\t\t\t<\/div>\n\t\t\t\t<\/div>\n\t\t\t\t<div class=\"elementor-element elementor-element-2eebaae elementor-list-item-link-full_width elementor-widget elementor-widget-icon-list\" data-id=\"2eebaae\" data-element_type=\"widget\" data-e-type=\"widget\" data-widget_type=\"icon-list.default\">\n\t\t\t\t<div class=\"elementor-widget-container\">\n\t\t\t\t\t\t\t<ul class=\"elementor-icon-list-items\">\n\t\t\t\t\t\t\t<li class=\"elementor-icon-list-item\">\n\t\t\t\t\t\t\t\t\t\t\t<a href=\"https:\/\/pferdeberufe.ch\/wp-content\/uploads\/Flyer_OdA_6Seiten_202507_D_Bogen.pdf\" target=\"_blank\">\n\n\t\t\t\t\t\t\t\t\t\t\t\t<span class=\"elementor-icon-list-icon\">\n\t\t\t\t\t\t\t<i aria-hidden=\"true\" class=\"far fa-file-pdf\"><\/i>\t\t\t\t\t\t<\/span>\n\t\t\t\t\t\t\t\t\t\t<span class=\"elementor-icon-list-text\">Brosch\u00fcre Pferdeberufe (De)<\/span>\n\t\t\t\t\t\t\t\t\t\t\t<\/a>\n\t\t\t\t\t\t\t\t\t<\/li>\n\t\t\t\t\t\t\t\t<li class=\"elementor-icon-list-item\">\n\t\t\t\t\t\t\t\t\t\t\t<a href=\"https:\/\/pferdeberufe.ch\/wp-content\/uploads\/Flyer_OdA_6Seiten_202507_I_Bogen.pdf\" target=\"_blank\">\n\n\t\t\t\t\t\t\t\t\t\t\t\t<span class=\"elementor-icon-list-icon\">\n\t\t\t\t\t\t\t<i aria-hidden=\"true\" class=\"far fa-file-pdf\"><\/i>\t\t\t\t\t\t<\/span>\n\t\t\t\t\t\t\t\t\t\t<span class=\"elementor-icon-list-text\">Brochure mestieri legati al cavallo (It)<\/span>\n\t\t\t\t\t\t\t\t\t\t\t<\/a>\n\t\t\t\t\t\t\t\t\t<\/li>\n\t\t\t\t\t\t\t\t<li class=\"elementor-icon-list-item\">\n\t\t\t\t\t\t\t\t\t\t\t<a href=\"https:\/\/pferdeberufe.ch\/wp-content\/uploads\/quereinsteiger_art32.pdf\" target=\"_blank\">\n\n\t\t\t\t\t\t\t\t\t\t\t\t<span class=\"elementor-icon-list-icon\">\n\t\t\t\t\t\t\t<i aria-hidden=\"true\" class=\"far fa-file-pdf\"><\/i>\t\t\t\t\t\t<\/span>\n\t\t\t\t\t\t\t\t\t\t<span class=\"elementor-icon-list-text\">Merkblatt Quereinsteiger SDDB<\/span>\n\t\t\t\t\t\t\t\t\t\t\t<\/a>\n\t\t\t\t\t\t\t\t\t<\/li>\n\t\t\t\t\t\t<\/ul>\n\t\t\t\t\t\t<\/div>\n\t\t\t\t<\/div>\n\t\t\t\t\t<\/div>\n\t\t<\/div>\n\t\t\t\t\t<\/div>\n\t\t<\/section>\n\t\t\t\t<section class=\"elementor-section elementor-top-section elementor-element elementor-element-dfca610 elementor-section-boxed elementor-section-height-default elementor-section-height-default\" data-id=\"dfca610\" data-element_type=\"section\" data-e-type=\"section\">\n\t\t\t\t\t\t<div class=\"elementor-container elementor-column-gap-default\">\n\t\t\t\t\t<div class=\"elementor-column elementor-col-100 elementor-top-column elementor-element elementor-element-445bebd\" data-id=\"445bebd\" data-element_type=\"column\" data-e-type=\"column\">\n\t\t\t<div class=\"elementor-widget-wrap elementor-element-populated\">\n\t\t\t\t\t\t<div class=\"elementor-element elementor-element-e1a453c elementor-widget elementor-widget-spacer\" data-id=\"e1a453c\" data-element_type=\"widget\" data-e-type=\"widget\" data-widget_type=\"spacer.default\">\n\t\t\t\t<div class=\"elementor-widget-container\">\n\t\t\t\t\t\t\t<div class=\"elementor-spacer\">\n\t\t\t<div class=\"elementor-spacer-inner\"><\/div>\n\t\t<\/div>\n\t\t\t\t\t\t<\/div>\n\t\t\t\t<\/div>\n\t\t\t\t\t<\/div>\n\t\t<\/div>\n\t\t\t\t\t<\/div>\n\t\t<\/section>\n\t\t\t\t<section class=\"elementor-section elementor-top-section elementor-element elementor-element-d18c7c2 elementor-section-full_width elementor-section-height-min-height elementor-section-content-space-evenly elementor-section-height-default elementor-section-items-middle\" data-id=\"d18c7c2\" data-element_type=\"section\" data-e-type=\"section\" data-settings=\"{&quot;background_background&quot;:&quot;slideshow&quot;,&quot;background_slideshow_gallery&quot;:[],&quot;background_slideshow_loop&quot;:&quot;yes&quot;,&quot;background_slideshow_slide_duration&quot;:5000,&quot;background_slideshow_slide_transition&quot;:&quot;fade&quot;,&quot;background_slideshow_transition_duration&quot;:500}\">\n\t\t\t\t\t\t<div class=\"elementor-container elementor-column-gap-default\">\n\t\t\t\t\t<div class=\"elementor-column elementor-col-50 elementor-top-column elementor-element elementor-element-7f1ef3f\" data-id=\"7f1ef3f\" data-element_type=\"column\" data-e-type=\"column\">\n\t\t\t<div class=\"elementor-widget-wrap elementor-element-populated\">\n\t\t\t\t\t\t<div class=\"elementor-element elementor-element-e7cb589 elementor-widget elementor-widget-image\" data-id=\"e7cb589\" data-element_type=\"widget\" data-e-type=\"widget\" data-widget_type=\"image.default\">\n\t\t\t\t<div class=\"elementor-widget-container\">\n\t\t\t\t\t\t\t\t\t\t\t\t\t\t\t<img decoding=\"async\" width=\"1024\" height=\"683\" src=\"https:\/\/pferdeberufe.ch\/wp-content\/smush-avif\/SMF_2280-full-neu-3-1024x683.jpg.avif\" class=\"attachment-large size-large wp-image-11635\" alt=\"\" srcset=\"https:\/\/pferdeberufe.ch\/wp-content\/smush-avif\/SMF_2280-full-neu-3-1024x683.jpg.avif 1024w, https:\/\/pferdeberufe.ch\/wp-content\/smush-avif\/SMF_2280-full-neu-3-300x200.jpg.avif 300w, https:\/\/pferdeberufe.ch\/wp-content\/smush-avif\/SMF_2280-full-neu-3-768x512.jpg.avif 768w, https:\/\/pferdeberufe.ch\/wp-content\/smush-avif\/SMF_2280-full-neu-3-1536x1024.jpg.avif 1536w, https:\/\/pferdeberufe.ch\/wp-content\/smush-avif\/SMF_2280-full-neu-3.jpg.avif 1920w\" sizes=\"(max-width: 1024px) 100vw, 1024px\" \/>\t\t\t\t\t\t\t\t\t\t\t\t\t\t\t<\/div>\n\t\t\t\t<\/div>\n\t\t\t\t\t<\/div>\n\t\t<\/div>\n\t\t\t\t<div class=\"elementor-column elementor-col-50 elementor-top-column elementor-element elementor-element-9879a97\" data-id=\"9879a97\" data-element_type=\"column\" data-e-type=\"column\" data-settings=\"{&quot;background_background&quot;:&quot;gradient&quot;}\">\n\t\t\t<div class=\"elementor-widget-wrap elementor-element-populated\">\n\t\t\t\t\t\t<div class=\"elementor-element elementor-element-1e6b72f elementor-widget elementor-widget-text-editor\" data-id=\"1e6b72f\" data-element_type=\"widget\" data-e-type=\"widget\" data-widget_type=\"text-editor.default\">\n\t\t\t\t<div class=\"elementor-widget-container\">\n\t\t\t\t\t\t\t\t\t<h2 class=\"elementor-heading-title elementor-size-default elementor-inline-editing pen\" contenteditable=\"true\" data-elementor-setting-key=\"title\" data-pen-placeholder=\"Eingabe hier...\"><span style=\"color: #ff0000;\">Quereinsteiger: <span style=\"color: #000000;\">Ausbildung nach<\/span> Art. 32 <span style=\"color: #000000;\">BBV<\/span><\/span><\/h2>\t\t\t\t\t\t\t\t<\/div>\n\t\t\t\t<\/div>\n\t\t\t\t<div class=\"elementor-element elementor-element-c476545 elementor-widget elementor-widget-text-editor\" data-id=\"c476545\" data-element_type=\"widget\" data-e-type=\"widget\" data-widget_type=\"text-editor.default\">\n\t\t\t\t<div class=\"elementor-widget-container\">\n\t\t\t\t\t\t\t\t\t<p>Personen, welche nach <strong>Artikel 32 BBV<\/strong> einen EBA- oder einen EFZ-Abschluss erlangen wollen, k\u00f6nnen in jedem Stall \/ an jedem Ort diese Ausbildung t\u00e4tigen. Die lernende Person ist f\u00fcr ihre Ausbildung, inhaltlich und organisatorisch, <strong>selber verantwortlich<\/strong>. Die OdA Pferdeberufe empfiehlt, die \u00fcberbetrieblichen Kurse (\u00fcK) zu besuchen.<br \/>Zudem ist mit dem Ausbildungsverantwortlichem des Wohnkantones (<a href=\"http:\/\/www.adressen.sdbb.ch\/\">www. adressen.sdbb.ch<\/a>) Kontakt aufzunehmen, um die Zulassung zu dieser Ausbildung zu kl\u00e4ren.<\/p>\t\t\t\t\t\t\t\t<\/div>\n\t\t\t\t<\/div>\n\t\t\t\t\t<\/div>\n\t\t<\/div>\n\t\t\t\t\t<\/div>\n\t\t<\/section>\n\t\t\t\t<section class=\"elementor-section elementor-top-section elementor-element elementor-element-9c89e2b elementor-section-boxed elementor-section-height-default elementor-section-height-default\" data-id=\"9c89e2b\" data-element_type=\"section\" data-e-type=\"section\">\n\t\t\t\t\t\t<div class=\"elementor-container elementor-column-gap-default\">\n\t\t\t\t\t<div class=\"elementor-column elementor-col-100 elementor-top-column elementor-element elementor-element-7903770\" data-id=\"7903770\" data-element_type=\"column\" data-e-type=\"column\">\n\t\t\t<div class=\"elementor-widget-wrap elementor-element-populated\">\n\t\t\t\t\t\t<div class=\"elementor-element elementor-element-7e1f8f3 elementor-widget elementor-widget-spacer\" data-id=\"7e1f8f3\" data-element_type=\"widget\" data-e-type=\"widget\" data-widget_type=\"spacer.default\">\n\t\t\t\t<div class=\"elementor-widget-container\">\n\t\t\t\t\t\t\t<div class=\"elementor-spacer\">\n\t\t\t<div class=\"elementor-spacer-inner\"><\/div>\n\t\t<\/div>\n\t\t\t\t\t\t<\/div>\n\t\t\t\t<\/div>\n\t\t\t\t\t<\/div>\n\t\t<\/div>\n\t\t\t\t\t<\/div>\n\t\t<\/section>\n\t\t\t\t<section class=\"elementor-section elementor-inner-section elementor-element elementor-element-5fe7419 elementor-section-boxed elementor-section-height-default elementor-section-height-default\" data-id=\"5fe7419\" data-element_type=\"section\" data-e-type=\"section\">\n\t\t\t\t\t\t<div class=\"elementor-container elementor-column-gap-no\">\n\t\t\t\t\t<div class=\"elementor-column elementor-col-33 elementor-inner-column elementor-element elementor-element-38bf7aaf\" data-id=\"38bf7aaf\" data-element_type=\"column\" data-e-type=\"column\">\n\t\t\t<div class=\"elementor-widget-wrap elementor-element-populated\">\n\t\t\t\t\t\t<div class=\"elementor-element elementor-element-1f4bcc89 elementor-widget elementor-widget-image\" data-id=\"1f4bcc89\" data-element_type=\"widget\" data-e-type=\"widget\" data-widget_type=\"image.default\">\n\t\t\t\t<div class=\"elementor-widget-container\">\n\t\t\t\t\t\t\t\t\t\t\t\t\t\t\t<img decoding=\"async\" src=\"https:\/\/pferdeberufe.ch\/wp-content\/smush-avif\/12-1-scaled.jpeg.avif\" class=\"attachment-full size-full wp-image-11332\" alt=\"\" \/>\t\t\t\t\t\t\t\t\t\t\t\t\t\t\t<\/div>\n\t\t\t\t<\/div>\n\t\t\t\t<div class=\"elementor-element elementor-element-456e3c0f elementor-invisible elementor-widget elementor-widget-image-box\" data-id=\"456e3c0f\" data-element_type=\"widget\" data-e-type=\"widget\" data-settings=\"{&quot;_animation&quot;:&quot;fadeInDown&quot;}\" data-widget_type=\"image-box.default\">\n\t\t\t\t<div class=\"elementor-widget-container\">\n\t\t\t\t\t<div class=\"elementor-image-box-wrapper\"><div class=\"elementor-image-box-content\"><h4 class=\"elementor-image-box-title\">Lehre &amp; Berufsschule<\/h4><p class=\"elementor-image-box-description\">Lernende der Pferdeberufe besuchen die Berufsschule an einer der 3 Standorten: Strickhof Winterthur ZH, Inforama Zollikofen BE, Agrilogie Moudon VD, Centro del Verde Mezzana, Coldrerio TI. Die Anmeldung bei der Berufsschule ist Sache der Lernenden \/ Berufsbildner.<br><br>Im Downloadverzeichnis finden sich alle relevanten Unterlagen zur Berufsschule, Lehre und Lehrabschluss. <\/p><\/div><\/div>\t\t\t\t<\/div>\n\t\t\t\t<\/div>\n\t\t\t\t<div class=\"elementor-element elementor-element-5a1bdb22 elementor-align-center elementor-widget elementor-widget-button\" data-id=\"5a1bdb22\" data-element_type=\"widget\" data-e-type=\"widget\" data-widget_type=\"button.default\">\n\t\t\t\t<div class=\"elementor-widget-container\">\n\t\t\t\t\t\t\t\t\t<div class=\"elementor-button-wrapper\">\n\t\t\t\t\t<a class=\"elementor-button elementor-button-link elementor-size-md\" href=\"https:\/\/pferdeberufe.ch\/de\/1-lehrjahr-2024-2025\/\" target=\"_blank\" id=\"info-download\">\n\t\t\t\t\t\t<span class=\"elementor-button-content-wrapper\">\n\t\t\t\t\t\t\t\t\t<span class=\"elementor-button-text\">Zum den Downloads ab Lehrstart 2024\/2025<\/span>\n\t\t\t\t\t<\/span>\n\t\t\t\t\t<\/a>\n\t\t\t\t<\/div>\n\t\t\t\t\t\t\t\t<\/div>\n\t\t\t\t<\/div>\n\t\t\t\t\t<\/div>\n\t\t<\/div>\n\t\t\t\t<div class=\"elementor-column elementor-col-33 elementor-inner-column elementor-element elementor-element-17f8d779\" data-id=\"17f8d779\" data-element_type=\"column\" data-e-type=\"column\">\n\t\t\t<div class=\"elementor-widget-wrap elementor-element-populated\">\n\t\t\t\t\t\t<div class=\"elementor-element elementor-element-1948c017 elementor-widget elementor-widget-image\" data-id=\"1948c017\" data-element_type=\"widget\" data-e-type=\"widget\" data-widget_type=\"image.default\">\n\t\t\t\t<div class=\"elementor-widget-container\">\n\t\t\t\t\t\t\t\t\t\t\t\t\t\t\t<img decoding=\"async\" src=\"https:\/\/pferdeberufe.ch\/wp-content\/smush-avif\/13-1-scaled.jpeg.avif\" class=\"attachment-full size-full wp-image-11335\" alt=\"\" \/>\t\t\t\t\t\t\t\t\t\t\t\t\t\t\t<\/div>\n\t\t\t\t<\/div>\n\t\t\t\t<div class=\"elementor-element elementor-element-30384a2b elementor-invisible elementor-widget elementor-widget-image-box\" data-id=\"30384a2b\" data-element_type=\"widget\" data-e-type=\"widget\" data-settings=\"{&quot;_animation&quot;:&quot;fadeInDown&quot;}\" data-widget_type=\"image-box.default\">\n\t\t\t\t<div class=\"elementor-widget-container\">\n\t\t\t\t\t<div class=\"elementor-image-box-wrapper\"><div class=\"elementor-image-box-content\"><h4 class=\"elementor-image-box-title\">\u00fcK<\/h4><p class=\"elementor-image-box-description\">An den \u00fcberbetrieblichen Kursen wird praktisches Wissen vermittelt, das nicht in allen Lehrbetrieben vollumf\u00e4nglich ausgebildet werden kann.  Die \u00fcK finden an geeigneten Standorten statt. F\u00fcr den Besuch der \u00fcKs ist eine Anmeldung erforderlich. Die Anmeldung ist Sache der Lernenden \/ Berufsbildner. <br><br>Die Daten der \u00fcK k\u00f6nnen dem OdAOrg entnommen werden. <br><br>Melde dich hier f\u00fcr die \u00fcK an.<\/p><\/div><\/div>\t\t\t\t<\/div>\n\t\t\t\t<\/div>\n\t\t\t\t<div class=\"elementor-element elementor-element-12cfa663 elementor-align-center elementor-widget elementor-widget-button\" data-id=\"12cfa663\" data-element_type=\"widget\" data-e-type=\"widget\" data-widget_type=\"button.default\">\n\t\t\t\t<div class=\"elementor-widget-container\">\n\t\t\t\t\t\t\t\t\t<div class=\"elementor-button-wrapper\">\n\t\t\t\t\t<a class=\"elementor-button elementor-button-link elementor-size-md\" href=\"https:\/\/pferdeberufe.ch\/de\/anmeldeformular-uek\/\" id=\"infos-\u00fck\">\n\t\t\t\t\t\t<span class=\"elementor-button-content-wrapper\">\n\t\t\t\t\t\t\t\t\t<span class=\"elementor-button-text\">Anmeldung \u00fcK <\/span>\n\t\t\t\t\t<\/span>\n\t\t\t\t\t<\/a>\n\t\t\t\t<\/div>\n\t\t\t\t\t\t\t\t<\/div>\n\t\t\t\t<\/div>\n\t\t\t\t\t<\/div>\n\t\t<\/div>\n\t\t\t\t<div class=\"elementor-column elementor-col-33 elementor-inner-column elementor-element elementor-element-5d363ffd\" data-id=\"5d363ffd\" data-element_type=\"column\" data-e-type=\"column\">\n\t\t\t<div class=\"elementor-widget-wrap elementor-element-populated\">\n\t\t\t\t\t\t<div class=\"elementor-element elementor-element-6864557f elementor-widget elementor-widget-image\" data-id=\"6864557f\" data-element_type=\"widget\" data-e-type=\"widget\" data-widget_type=\"image.default\">\n\t\t\t\t<div class=\"elementor-widget-container\">\n\t\t\t\t\t\t\t\t\t\t\t\t\t\t\t<img loading=\"lazy\" decoding=\"async\" width=\"2560\" height=\"1707\" src=\"https:\/\/pferdeberufe.ch\/wp-content\/smush-avif\/14-scaled.jpg.avif\" class=\"attachment-full size-full wp-image-11351\" alt=\"\" srcset=\"https:\/\/pferdeberufe.ch\/wp-content\/smush-avif\/14-scaled.jpg.avif 2560w, https:\/\/pferdeberufe.ch\/wp-content\/smush-avif\/14-300x200.jpg.avif 300w, https:\/\/pferdeberufe.ch\/wp-content\/smush-avif\/14-1024x683.jpg.avif 1024w, https:\/\/pferdeberufe.ch\/wp-content\/smush-avif\/14-768x512.jpg.avif 768w\" sizes=\"(max-width: 2560px) 100vw, 2560px\" \/>\t\t\t\t\t\t\t\t\t\t\t\t\t\t\t<\/div>\n\t\t\t\t<\/div>\n\t\t\t\t<div class=\"elementor-element elementor-element-79cbde42 elementor-invisible elementor-widget elementor-widget-image-box\" data-id=\"79cbde42\" data-element_type=\"widget\" data-e-type=\"widget\" data-settings=\"{&quot;_animation&quot;:&quot;fadeInDown&quot;}\" data-widget_type=\"image-box.default\">\n\t\t\t\t<div class=\"elementor-widget-container\">\n\t\t\t\t\t<div class=\"elementor-image-box-wrapper\"><div class=\"elementor-image-box-content\"><h4 class=\"elementor-image-box-title\">QV<\/h4><p class=\"elementor-image-box-description\">Das Qualifikationsverfahren (ehemals LAP) wird in der Berufsfachschule, im Lehrbetrieb und in einem geeigneten, grossen Pferdebetrieb (Zentrum) durchgef\u00fchrt. F\u00fcr einen erfolgreichen Abschluss zum Erwerb des EBA oder EFZ ist eine gute und fr\u00fchzeitige Vorbereitung unerl\u00e4sslich. \n<br>F\u00fcr die praktische Arbeit im Ausbildungsbetrieb ist eine Anmeldung n\u00f6tig. <br>Die QV relevanten Dateien sind im Downloadverzeichnis zu finden.<\/p><\/div><\/div>\t\t\t\t<\/div>\n\t\t\t\t<\/div>\n\t\t\t\t<div class=\"elementor-element elementor-element-11980f89 elementor-align-center elementor-widget elementor-widget-button\" data-id=\"11980f89\" data-element_type=\"widget\" data-e-type=\"widget\" data-widget_type=\"button.default\">\n\t\t\t\t<div class=\"elementor-widget-container\">\n\t\t\t\t\t\t\t\t\t<div class=\"elementor-button-wrapper\">\n\t\t\t\t\t<a class=\"elementor-button elementor-button-link elementor-size-md\" href=\"https:\/\/pferdeberufe.ch\/de\/grundbildung-download-2\/\" id=\"infos-qv\">\n\t\t\t\t\t\t<span class=\"elementor-button-content-wrapper\">\n\t\t\t\t\t\t\t\t\t<span class=\"elementor-button-text\">Zum Downloadverzeichnis<\/span>\n\t\t\t\t\t<\/span>\n\t\t\t\t\t<\/a>\n\t\t\t\t<\/div>\n\t\t\t\t\t\t\t\t<\/div>\n\t\t\t\t<\/div>\n\t\t\t\t\t<\/div>\n\t\t<\/div>\n\t\t\t\t\t<\/div>\n\t\t<\/section>\n\t\t\t\t<section class=\"elementor-section elementor-top-section elementor-element elementor-element-2fa5dc5d elementor-section-content-middle elementor-section-boxed elementor-section-height-default elementor-section-height-default\" data-id=\"2fa5dc5d\" data-element_type=\"section\" data-e-type=\"section\">\n\t\t\t\t\t\t\t<div class=\"elementor-background-overlay\"><\/div>\n\t\t\t\t\t\t\t<div class=\"elementor-container elementor-column-gap-no\">\n\t\t\t\t\t<div class=\"elementor-column elementor-col-100 elementor-top-column elementor-element elementor-element-4a551716\" data-id=\"4a551716\" data-element_type=\"column\" data-e-type=\"column\">\n\t\t\t<div class=\"elementor-widget-wrap elementor-element-populated\">\n\t\t\t\t\t\t<div class=\"elementor-element elementor-element-698dea1f elementor-view-default elementor-position-block-start elementor-mobile-position-block-start elementor-widget elementor-widget-icon-box\" data-id=\"698dea1f\" data-element_type=\"widget\" data-e-type=\"widget\" data-widget_type=\"icon-box.default\">\n\t\t\t\t<div class=\"elementor-widget-container\">\n\t\t\t\t\t\t\t<div class=\"elementor-icon-box-wrapper\">\n\n\t\t\t\t\t\t<div class=\"elementor-icon-box-icon\">\n\t\t\t\t<a href=\"https:\/\/odapferde.odaorg.ch\" class=\"elementor-icon\" tabindex=\"-1\" aria-label=\"Datenverwaltung Pferdeberufe\">\n\t\t\t\t<i aria-hidden=\"true\" class=\"fas fa-info\"><\/i>\t\t\t\t<\/a>\n\t\t\t<\/div>\n\t\t\t\n\t\t\t\t\t\t<div class=\"elementor-icon-box-content\">\n\n\t\t\t\t\t\t\t\t\t<h4 class=\"elementor-icon-box-title\">\n\t\t\t\t\t\t<a href=\"https:\/\/odapferde.odaorg.ch\" >\n\t\t\t\t\t\t\tDatenverwaltung Pferdeberufe\t\t\t\t\t\t<\/a>\n\t\t\t\t\t<\/h4>\n\t\t\t\t\n\t\t\t\t\t\t\t\t\t<p class=\"elementor-icon-box-description\">\n\t\t\t\t\t\tOdAOrg \t\t\t\t\t<\/p>\n\t\t\t\t\n\t\t\t<\/div>\n\t\t\t\n\t\t<\/div>\n\t\t\t\t\t\t<\/div>\n\t\t\t\t<\/div>\n\t\t\t\t<div class=\"elementor-element elementor-element-1f696e59 elementor-widget elementor-widget-text-editor\" data-id=\"1f696e59\" data-element_type=\"widget\" data-e-type=\"widget\" data-widget_type=\"text-editor.default\">\n\t\t\t\t<div class=\"elementor-widget-container\">\n\t\t\t\t\t\t\t\t\t<p><strong>OdAOrg<\/strong> ist ein online-basiertes Datenverwaltungs- und Raumplanungsprogramm zur Administration.<br>Die <strong>Informations- und Arbeitsplattform<\/strong> steht den <strong>Lernenden, Ausbildungsbetrieben und Kursleitenden<\/strong> zur Verf\u00fcgung. Im passwortgesch\u00fctzten Bereich finden sich die <strong>\u00fcK-Daten, wichtige Informationen zu den \u00fcKs und Dokumente zum Herunterladen<\/strong>. Die <strong>Kontaktdaten<\/strong> k\u00f6nnen selbst\u00e4ndig gepflegt werden.<br>\n<\/p>\t\t\t\t\t\t\t\t<\/div>\n\t\t\t\t<\/div>\n\t\t\t\t<div class=\"elementor-element elementor-element-fd76d06 elementor-align-center elementor-widget elementor-widget-button\" data-id=\"fd76d06\" data-element_type=\"widget\" data-e-type=\"widget\" data-widget_type=\"button.default\">\n\t\t\t\t<div class=\"elementor-widget-container\">\n\t\t\t\t\t\t\t\t\t<div class=\"elementor-button-wrapper\">\n\t\t\t\t\t<a class=\"elementor-button elementor-button-link elementor-size-sm\" href=\"https:\/\/odapferde.odaorg.ch%20\" target=\"_blank\">\n\t\t\t\t\t\t<span class=\"elementor-button-content-wrapper\">\n\t\t\t\t\t\t\t\t\t<span class=\"elementor-button-text\">Login OdAOrg<\/span>\n\t\t\t\t\t<\/span>\n\t\t\t\t\t<\/a>\n\t\t\t\t<\/div>\n\t\t\t\t\t\t\t\t<\/div>\n\t\t\t\t<\/div>\n\t\t\t\t\t<\/div>\n\t\t<\/div>\n\t\t\t\t\t<\/div>\n\t\t<\/section>\n\t\t\t\t<section class=\"elementor-section elementor-top-section elementor-element elementor-element-6450613 elementor-section-boxed elementor-section-height-default elementor-section-height-default\" data-id=\"6450613\" data-element_type=\"section\" data-e-type=\"section\">\n\t\t\t\t\t\t<div class=\"elementor-container elementor-column-gap-default\">\n\t\t\t\t\t<div class=\"elementor-column elementor-col-100 elementor-top-column elementor-element elementor-element-26d82de\" data-id=\"26d82de\" data-element_type=\"column\" data-e-type=\"column\">\n\t\t\t<div class=\"elementor-widget-wrap\">\n\t\t\t\t\t\t\t<\/div>\n\t\t<\/div>\n\t\t\t\t\t<\/div>\n\t\t<\/section>\n\t\t\t\t<\/div>\n\t\t","protected":false},"excerpt":{"rendered":"<p>Grundbildung der Pferdeberufe Erwerbe die n\u00f6tigen Kompetenzen zur Aus\u00fcbung eines der sch\u00f6nsten Berufe der Welt w\u00e4hrend der Grundbildung mit Abschluss zum eidgen\u00f6ssischen Berufsattest EBA oder eidgen\u00f6ssischen F\u00e4higkeitsausweis EFZ. Profitiere von &#8230; <a title=\"Grundbildung\" class=\"read-more\" href=\"https:\/\/pferdeberufe.ch\/de\/grundbildung\/\" aria-label=\"Mehr Informationen \u00fcber Grundbildung\">Weiterlesen<\/a><\/p>\n","protected":false},"author":2,"featured_media":0,"parent":0,"menu_order":1,"comment_status":"closed","ping_status":"closed","template":"","meta":{"footnotes":""},"class_list":["post-1335","page","type-page","status-publish"],"publishpress_future_action":{"enabled":false,"date":"2026-05-04 17:43:56","action":"change-status","newStatus":"draft","terms":[],"taxonomy":"translation_priority","extraData":[]},"publishpress_future_workflow_manual_trigger":{"enabledWorkflows":[]},"_links":{"self":[{"href":"https:\/\/pferdeberufe.ch\/de\/wp-json\/wp\/v2\/pages\/1335","targetHints":{"allow":["GET"]}}],"collection":[{"href":"https:\/\/pferdeberufe.ch\/de\/wp-json\/wp\/v2\/pages"}],"about":[{"href":"https:\/\/pferdeberufe.ch\/de\/wp-json\/wp\/v2\/types\/page"}],"author":[{"embeddable":true,"href":"https:\/\/pferdeberufe.ch\/de\/wp-json\/wp\/v2\/users\/2"}],"replies":[{"embeddable":true,"href":"https:\/\/pferdeberufe.ch\/de\/wp-json\/wp\/v2\/comments?post=1335"}],"version-history":[{"count":188,"href":"https:\/\/pferdeberufe.ch\/de\/wp-json\/wp\/v2\/pages\/1335\/revisions"}],"predecessor-version":[{"id":14073,"href":"https:\/\/pferdeberufe.ch\/de\/wp-json\/wp\/v2\/pages\/1335\/revisions\/14073"}],"wp:attachment":[{"href":"https:\/\/pferdeberufe.ch\/de\/wp-json\/wp\/v2\/media?parent=1335"}],"curies":[{"name":"wp","href":"https:\/\/api.w.org\/{rel}","templated":true}]}}