
{"id":5329,"date":"2022-11-17T10:03:49","date_gmt":"2022-11-17T09:03:49","guid":{"rendered":"https:\/\/pferdeberufe.ch\/?page_id=5329"},"modified":"2026-04-09T17:57:48","modified_gmt":"2026-04-09T15:57:48","slug":"ausbildungsteam","status":"publish","type":"page","link":"https:\/\/pferdeberufe.ch\/de\/ausbildungsteam\/","title":{"rendered":"Unser Ausbildungsteam"},"content":{"rendered":"\t\t<div data-elementor-type=\"wp-page\" data-elementor-id=\"5329\" class=\"elementor elementor-5329\" data-elementor-post-type=\"page\">\n\t\t\t\t\t\t<section class=\"elementor-section elementor-top-section elementor-element elementor-element-3b11da71 elementor-section-boxed elementor-section-height-default elementor-section-height-default\" data-id=\"3b11da71\" data-element_type=\"section\" data-e-type=\"section\">\n\t\t\t\t\t\t<div class=\"elementor-container elementor-column-gap-default\">\n\t\t\t\t\t<div class=\"elementor-column elementor-col-100 elementor-top-column elementor-element elementor-element-5be9a4a\" data-id=\"5be9a4a\" data-element_type=\"column\" data-e-type=\"column\">\n\t\t\t<div class=\"elementor-widget-wrap elementor-element-populated\">\n\t\t\t\t\t\t<div class=\"elementor-element elementor-element-fb4dda7 elementor-widget elementor-widget-text-editor\" data-id=\"fb4dda7\" data-element_type=\"widget\" data-e-type=\"widget\" data-widget_type=\"text-editor.default\">\n\t\t\t\t<div class=\"elementor-widget-container\">\n\t\t\t\t\t\t\t\t\t<h2 class=\"elementor-heading-title elementor-size-default elementor-inline-editing pen\" style=\"text-align: center;\" contenteditable=\"true\" data-elementor-setting-key=\"title\" data-pen-placeholder=\"Eingabe hier...\"><span style=\"color: #ff0000;\"><span style=\"color: #000000;\">Das<\/span> Ausbildungsteam<\/span> in der <span style=\"color: #ff0000;\">Berufslehre<\/span><\/h2>\t\t\t\t\t\t\t\t<\/div>\n\t\t\t\t<\/div>\n\t\t\t\t\t<\/div>\n\t\t<\/div>\n\t\t\t\t\t<\/div>\n\t\t<\/section>\n\t\t\t\t<section class=\"elementor-section elementor-top-section elementor-element elementor-element-0573e6a elementor-section-boxed elementor-section-height-default elementor-section-height-default\" data-id=\"0573e6a\" data-element_type=\"section\" data-e-type=\"section\">\n\t\t\t\t\t\t<div class=\"elementor-container elementor-column-gap-default\">\n\t\t\t\t\t<div class=\"elementor-column elementor-col-33 elementor-top-column elementor-element elementor-element-600b1ca\" data-id=\"600b1ca\" data-element_type=\"column\" data-e-type=\"column\">\n\t\t\t<div class=\"elementor-widget-wrap\">\n\t\t\t\t\t\t\t<\/div>\n\t\t<\/div>\n\t\t\t\t<div class=\"elementor-column elementor-col-33 elementor-top-column elementor-element elementor-element-47f2f11\" data-id=\"47f2f11\" data-element_type=\"column\" data-e-type=\"column\">\n\t\t\t<div class=\"elementor-widget-wrap elementor-element-populated\">\n\t\t\t\t\t\t<div class=\"elementor-element elementor-element-1729dc2 elementor-widget elementor-widget-text-editor\" data-id=\"1729dc2\" data-element_type=\"widget\" data-e-type=\"widget\" data-widget_type=\"text-editor.default\">\n\t\t\t\t<div class=\"elementor-widget-container\">\n\t\t\t\t\t\t\t\t\t<p>Die OdA Pferdeberufe setzt f\u00fcr die \u00fcberbetrieblichen Kurse \u00fcK qualifizierte Berufspersonen ein. Erfahre hier mehr \u00fcber unsere \u00fcK LeiterInnen!<\/p>\t\t\t\t\t\t\t\t<\/div>\n\t\t\t\t<\/div>\n\t\t\t\t\t<\/div>\n\t\t<\/div>\n\t\t\t\t<div class=\"elementor-column elementor-col-33 elementor-top-column elementor-element elementor-element-ff317cc\" data-id=\"ff317cc\" data-element_type=\"column\" data-e-type=\"column\">\n\t\t\t<div class=\"elementor-widget-wrap\">\n\t\t\t\t\t\t\t<\/div>\n\t\t<\/div>\n\t\t\t\t\t<\/div>\n\t\t<\/section>\n\t\t\t\t<section class=\"elementor-section elementor-top-section elementor-element elementor-element-f3cbf33 elementor-section-boxed elementor-section-height-default elementor-section-height-default\" data-id=\"f3cbf33\" data-element_type=\"section\" data-e-type=\"section\">\n\t\t\t\t\t\t<div class=\"elementor-container elementor-column-gap-default\">\n\t\t\t\t\t<div class=\"elementor-column elementor-col-100 elementor-top-column elementor-element elementor-element-a202672\" data-id=\"a202672\" data-element_type=\"column\" data-e-type=\"column\">\n\t\t\t<div class=\"elementor-widget-wrap elementor-element-populated\">\n\t\t\t\t\t\t<div class=\"elementor-element elementor-element-5a21fb8 elementor-widget elementor-widget-spacer\" data-id=\"5a21fb8\" data-element_type=\"widget\" data-e-type=\"widget\" data-widget_type=\"spacer.default\">\n\t\t\t\t<div class=\"elementor-widget-container\">\n\t\t\t\t\t\t\t<div class=\"elementor-spacer\">\n\t\t\t<div class=\"elementor-spacer-inner\"><\/div>\n\t\t<\/div>\n\t\t\t\t\t\t<\/div>\n\t\t\t\t<\/div>\n\t\t\t\t\t<\/div>\n\t\t<\/div>\n\t\t\t\t\t<\/div>\n\t\t<\/section>\n\t\t\t\t<section class=\"elementor-section elementor-top-section elementor-element elementor-element-94634bc elementor-section-boxed elementor-section-height-default elementor-section-height-default\" data-id=\"94634bc\" data-element_type=\"section\" data-e-type=\"section\">\n\t\t\t\t\t\t<div class=\"elementor-container elementor-column-gap-default\">\n\t\t\t\t\t<div class=\"elementor-column elementor-col-100 elementor-top-column elementor-element elementor-element-9b24002\" data-id=\"9b24002\" data-element_type=\"column\" data-e-type=\"column\">\n\t\t\t<div class=\"elementor-widget-wrap elementor-element-populated\">\n\t\t\t\t\t\t<div class=\"elementor-element elementor-element-4654099 elementor-grid-3 elementor-grid-tablet-2 elementor-grid-mobile-1 elementor-posts--thumbnail-top elementor-widget elementor-widget-posts\" data-id=\"4654099\" data-element_type=\"widget\" data-e-type=\"widget\" data-settings=\"{&quot;classic_columns&quot;:&quot;3&quot;,&quot;classic_columns_tablet&quot;:&quot;2&quot;,&quot;classic_columns_mobile&quot;:&quot;1&quot;,&quot;classic_row_gap&quot;:{&quot;unit&quot;:&quot;px&quot;,&quot;size&quot;:35,&quot;sizes&quot;:[]},&quot;classic_row_gap_tablet&quot;:{&quot;unit&quot;:&quot;px&quot;,&quot;size&quot;:&quot;&quot;,&quot;sizes&quot;:[]},&quot;classic_row_gap_mobile&quot;:{&quot;unit&quot;:&quot;px&quot;,&quot;size&quot;:&quot;&quot;,&quot;sizes&quot;:[]}}\" data-widget_type=\"posts.classic\">\n\t\t\t\t<div class=\"elementor-widget-container\">\n\t\t\t\t\t\t\t<div class=\"elementor-posts-container elementor-posts elementor-posts--skin-classic elementor-grid\" role=\"list\">\n\t\t\t\t<article class=\"elementor-post elementor-grid-item post-14601 post type-post status-publish format-standard has-post-thumbnail hentry category-uek-leiter-2 tag-uek-leiter\" role=\"listitem\">\n\t\t\t\t<a class=\"elementor-post__thumbnail__link\" href=\"https:\/\/pferdeberufe.ch\/de\/lauriane-noverraz\/\" tabindex=\"-1\" >\n\t\t\t<div class=\"elementor-post__thumbnail\"><img fetchpriority=\"high\" decoding=\"async\" width=\"768\" height=\"512\" src=\"https:\/\/pferdeberufe.ch\/wp-content\/smush-avif\/Bild-Lauriane-768x512.jpg.avif\" class=\"attachment-medium_large size-medium_large wp-image-14602\" alt=\"\" srcset=\"https:\/\/pferdeberufe.ch\/wp-content\/smush-avif\/Bild-Lauriane-768x512.jpg.avif 768w, https:\/\/pferdeberufe.ch\/wp-content\/smush-avif\/Bild-Lauriane-300x200.jpg.avif 300w, https:\/\/pferdeberufe.ch\/wp-content\/smush-avif\/Bild-Lauriane-1024x683.jpg.avif 1024w, https:\/\/pferdeberufe.ch\/wp-content\/smush-avif\/Bild-Lauriane-1536x1024.jpg.avif 1536w, https:\/\/pferdeberufe.ch\/wp-content\/smush-avif\/Bild-Lauriane.jpg.avif 1620w\" sizes=\"(max-width: 768px) 100vw, 768px\" \/><\/div>\n\t\t<\/a>\n\t\t\t\t<div class=\"elementor-post__text\">\n\t\t\t\t<h3 class=\"elementor-post__title\">\n\t\t\t<a href=\"https:\/\/pferdeberufe.ch\/de\/lauriane-noverraz\/\" >\n\t\t\t\tLauriane Noverraz\t\t\t<\/a>\n\t\t<\/h3>\n\t\t\n\t\t<a class=\"elementor-post__read-more\" href=\"https:\/\/pferdeberufe.ch\/de\/lauriane-noverraz\/\" aria-label=\"Mehr \u00fcber Lauriane Noverraz\" tabindex=\"-1\" >\n\t\t\tWeiterlesen \u00bb\t\t<\/a>\n\n\t\t\t\t<\/div>\n\t\t\t\t<\/article>\n\t\t\t\t<article class=\"elementor-post elementor-grid-item post-10116 post type-post status-publish format-standard has-post-thumbnail hentry category-uek-leiter-2 tag-uek-leiter\" role=\"listitem\">\n\t\t\t\t<a class=\"elementor-post__thumbnail__link\" href=\"https:\/\/pferdeberufe.ch\/de\/nicole-schmid\/\" tabindex=\"-1\" >\n\t\t\t<div class=\"elementor-post__thumbnail\"><img decoding=\"async\" width=\"768\" height=\"969\" src=\"https:\/\/pferdeberufe.ch\/wp-content\/smush-avif\/Nicole-Schmid-scaled-e1718721214982-768x969.jpeg.avif\" class=\"attachment-medium_large size-medium_large wp-image-10087\" alt=\"\" srcset=\"https:\/\/pferdeberufe.ch\/wp-content\/smush-avif\/Nicole-Schmid-scaled-e1718721214982-768x969.jpeg.avif 768w, https:\/\/pferdeberufe.ch\/wp-content\/smush-avif\/Nicole-Schmid-scaled-e1718721214982-238x300.jpeg.avif 238w, https:\/\/pferdeberufe.ch\/wp-content\/smush-avif\/Nicole-Schmid-scaled-e1718721214982-812x1024.jpeg.avif 812w, https:\/\/pferdeberufe.ch\/wp-content\/smush-avif\/Nicole-Schmid-scaled-e1718721214982-1218x1536.jpeg.avif 1218w, https:\/\/pferdeberufe.ch\/wp-content\/smush-avif\/Nicole-Schmid-scaled-e1718721214982.jpeg.avif 1454w\" sizes=\"(max-width: 768px) 100vw, 768px\" \/><\/div>\n\t\t<\/a>\n\t\t\t\t<div class=\"elementor-post__text\">\n\t\t\t\t<h3 class=\"elementor-post__title\">\n\t\t\t<a href=\"https:\/\/pferdeberufe.ch\/de\/nicole-schmid\/\" >\n\t\t\t\tNicole Schmid\t\t\t<\/a>\n\t\t<\/h3>\n\t\t\n\t\t<a class=\"elementor-post__read-more\" href=\"https:\/\/pferdeberufe.ch\/de\/nicole-schmid\/\" aria-label=\"Mehr \u00fcber Nicole Schmid\" tabindex=\"-1\" >\n\t\t\tWeiterlesen \u00bb\t\t<\/a>\n\n\t\t\t\t<\/div>\n\t\t\t\t<\/article>\n\t\t\t\t<article class=\"elementor-post elementor-grid-item post-10086 post type-post status-publish format-standard has-post-thumbnail hentry category-uek-leiter-2 tag-uek-leiter\" role=\"listitem\">\n\t\t\t\t<a class=\"elementor-post__thumbnail__link\" href=\"https:\/\/pferdeberufe.ch\/de\/tina-padovan\/\" tabindex=\"-1\" >\n\t\t\t<div class=\"elementor-post__thumbnail\"><img decoding=\"async\" width=\"213\" height=\"320\" src=\"https:\/\/pferdeberufe.ch\/wp-content\/smush-avif\/Tina-Padovan-1.jpeg.avif\" class=\"attachment-medium_large size-medium_large wp-image-10090\" alt=\"\" srcset=\"https:\/\/pferdeberufe.ch\/wp-content\/smush-avif\/Tina-Padovan-1.jpeg.avif 213w, https:\/\/pferdeberufe.ch\/wp-content\/smush-avif\/Tina-Padovan-1-200x300.jpeg.avif 200w\" sizes=\"(max-width: 213px) 100vw, 213px\" \/><\/div>\n\t\t<\/a>\n\t\t\t\t<div class=\"elementor-post__text\">\n\t\t\t\t<h3 class=\"elementor-post__title\">\n\t\t\t<a href=\"https:\/\/pferdeberufe.ch\/de\/tina-padovan\/\" >\n\t\t\t\tTina Padovan\t\t\t<\/a>\n\t\t<\/h3>\n\t\t\n\t\t<a class=\"elementor-post__read-more\" href=\"https:\/\/pferdeberufe.ch\/de\/tina-padovan\/\" aria-label=\"Mehr \u00fcber Tina Padovan\" tabindex=\"-1\" >\n\t\t\tWeiterlesen \u00bb\t\t<\/a>\n\n\t\t\t\t<\/div>\n\t\t\t\t<\/article>\n\t\t\t\t<article class=\"elementor-post elementor-grid-item post-10058 post type-post status-publish format-standard has-post-thumbnail hentry category-uek-leiter-2 tag-uek-leiter\" role=\"listitem\">\n\t\t\t\t<a class=\"elementor-post__thumbnail__link\" href=\"https:\/\/pferdeberufe.ch\/de\/vitor-nunes-de-oliveira\/\" tabindex=\"-1\" >\n\t\t\t<div class=\"elementor-post__thumbnail\"><img loading=\"lazy\" decoding=\"async\" width=\"768\" height=\"937\" src=\"https:\/\/pferdeberufe.ch\/wp-content\/smush-avif\/Foto-Vitor-de-Oliveira-768x937.jpg.avif\" class=\"attachment-medium_large size-medium_large wp-image-10059\" alt=\"\" srcset=\"https:\/\/pferdeberufe.ch\/wp-content\/smush-avif\/Foto-Vitor-de-Oliveira-768x937.jpg.avif 768w, https:\/\/pferdeberufe.ch\/wp-content\/smush-avif\/Foto-Vitor-de-Oliveira-246x300.jpg.avif 246w, https:\/\/pferdeberufe.ch\/wp-content\/smush-avif\/Foto-Vitor-de-Oliveira.jpg.avif 839w\" sizes=\"(max-width: 768px) 100vw, 768px\" \/><\/div>\n\t\t<\/a>\n\t\t\t\t<div class=\"elementor-post__text\">\n\t\t\t\t<h3 class=\"elementor-post__title\">\n\t\t\t<a href=\"https:\/\/pferdeberufe.ch\/de\/vitor-nunes-de-oliveira\/\" >\n\t\t\t\tVitor Nunes De Oliveira\t\t\t<\/a>\n\t\t<\/h3>\n\t\t\n\t\t<a class=\"elementor-post__read-more\" href=\"https:\/\/pferdeberufe.ch\/de\/vitor-nunes-de-oliveira\/\" aria-label=\"Mehr \u00fcber Vitor Nunes De Oliveira\" tabindex=\"-1\" >\n\t\t\tWeiterlesen \u00bb\t\t<\/a>\n\n\t\t\t\t<\/div>\n\t\t\t\t<\/article>\n\t\t\t\t<article class=\"elementor-post elementor-grid-item post-5716 post type-post status-publish format-standard has-post-thumbnail hentry category-uek-leiter-2 tag-uek-leiter\" role=\"listitem\">\n\t\t\t\t<a class=\"elementor-post__thumbnail__link\" href=\"https:\/\/pferdeberufe.ch\/de\/susanne-buergi\/\" tabindex=\"-1\" >\n\t\t\t<div class=\"elementor-post__thumbnail\"><img loading=\"lazy\" decoding=\"async\" width=\"600\" height=\"900\" src=\"https:\/\/pferdeberufe.ch\/wp-content\/smush-avif\/CF5_4153-1.jpg.avif\" class=\"attachment-medium_large size-medium_large wp-image-13325\" alt=\"\" srcset=\"https:\/\/pferdeberufe.ch\/wp-content\/smush-avif\/CF5_4153-1.jpg.avif 600w, https:\/\/pferdeberufe.ch\/wp-content\/smush-avif\/CF5_4153-1-200x300.jpg.avif 200w\" sizes=\"(max-width: 600px) 100vw, 600px\" \/><\/div>\n\t\t<\/a>\n\t\t\t\t<div class=\"elementor-post__text\">\n\t\t\t\t<h3 class=\"elementor-post__title\">\n\t\t\t<a href=\"https:\/\/pferdeberufe.ch\/de\/susanne-buergi\/\" >\n\t\t\t\tSusanne B\u00fcrgi\t\t\t<\/a>\n\t\t<\/h3>\n\t\t\n\t\t<a class=\"elementor-post__read-more\" href=\"https:\/\/pferdeberufe.ch\/de\/susanne-buergi\/\" aria-label=\"Mehr \u00fcber Susanne B\u00fcrgi\" tabindex=\"-1\" >\n\t\t\tWeiterlesen \u00bb\t\t<\/a>\n\n\t\t\t\t<\/div>\n\t\t\t\t<\/article>\n\t\t\t\t<article class=\"elementor-post elementor-grid-item post-7015 post type-post status-publish format-standard has-post-thumbnail hentry category-uek-leiter-2 tag-uek-leiter\" role=\"listitem\">\n\t\t\t\t<a class=\"elementor-post__thumbnail__link\" href=\"https:\/\/pferdeberufe.ch\/de\/samuel-charriere\/\" tabindex=\"-1\" >\n\t\t\t<div class=\"elementor-post__thumbnail\"><img loading=\"lazy\" decoding=\"async\" width=\"300\" height=\"367\" src=\"https:\/\/pferdeberufe.ch\/wp-content\/smush-avif\/samuel-charriere1-1-e1678087219630.jpg.avif\" class=\"attachment-medium_large size-medium_large wp-image-7020\" alt=\"\" srcset=\"https:\/\/pferdeberufe.ch\/wp-content\/smush-avif\/samuel-charriere1-1-e1678087219630.jpg.avif 300w, https:\/\/pferdeberufe.ch\/wp-content\/smush-avif\/samuel-charriere1-1-e1678087219630-245x300.jpg.avif 245w\" sizes=\"(max-width: 300px) 100vw, 300px\" \/><\/div>\n\t\t<\/a>\n\t\t\t\t<div class=\"elementor-post__text\">\n\t\t\t\t<h3 class=\"elementor-post__title\">\n\t\t\t<a href=\"https:\/\/pferdeberufe.ch\/de\/samuel-charriere\/\" >\n\t\t\t\tSamuel Charri\u00e8re\t\t\t<\/a>\n\t\t<\/h3>\n\t\t\n\t\t<a class=\"elementor-post__read-more\" href=\"https:\/\/pferdeberufe.ch\/de\/samuel-charriere\/\" aria-label=\"Mehr \u00fcber Samuel Charri\u00e8re\" tabindex=\"-1\" >\n\t\t\tWeiterlesen \u00bb\t\t<\/a>\n\n\t\t\t\t<\/div>\n\t\t\t\t<\/article>\n\t\t\t\t<article class=\"elementor-post elementor-grid-item post-7009 post type-post status-publish format-standard has-post-thumbnail hentry category-uek-leiter-2 tag-uek-leiter\" role=\"listitem\">\n\t\t\t\t<a class=\"elementor-post__thumbnail__link\" href=\"https:\/\/pferdeberufe.ch\/de\/jonas-winzenried\/\" tabindex=\"-1\" >\n\t\t\t<div class=\"elementor-post__thumbnail\"><img loading=\"lazy\" decoding=\"async\" width=\"300\" height=\"200\" src=\"https:\/\/pferdeberufe.ch\/wp-content\/smush-avif\/jonas-winzenried1-e1678086687195.jpg.avif\" class=\"attachment-medium_large size-medium_large wp-image-6956\" alt=\"\" \/><\/div>\n\t\t<\/a>\n\t\t\t\t<div class=\"elementor-post__text\">\n\t\t\t\t<h3 class=\"elementor-post__title\">\n\t\t\t<a href=\"https:\/\/pferdeberufe.ch\/de\/jonas-winzenried\/\" >\n\t\t\t\tJonas Winzenried\t\t\t<\/a>\n\t\t<\/h3>\n\t\t\n\t\t<a class=\"elementor-post__read-more\" href=\"https:\/\/pferdeberufe.ch\/de\/jonas-winzenried\/\" aria-label=\"Mehr \u00fcber Jonas Winzenried\" tabindex=\"-1\" >\n\t\t\tWeiterlesen \u00bb\t\t<\/a>\n\n\t\t\t\t<\/div>\n\t\t\t\t<\/article>\n\t\t\t\t<article class=\"elementor-post elementor-grid-item post-6991 post type-post status-publish format-standard has-post-thumbnail hentry category-uek-leiter-2 tag-uek-leiter\" role=\"listitem\">\n\t\t\t\t<a class=\"elementor-post__thumbnail__link\" href=\"https:\/\/pferdeberufe.ch\/de\/tanja-mathys\/\" tabindex=\"-1\" >\n\t\t\t<div class=\"elementor-post__thumbnail\"><img loading=\"lazy\" decoding=\"async\" width=\"300\" height=\"300\" src=\"https:\/\/pferdeberufe.ch\/wp-content\/smush-avif\/tanja-mathys-e1678086122309.jpg.avif\" class=\"attachment-medium_large size-medium_large wp-image-6972\" alt=\"\" srcset=\"https:\/\/pferdeberufe.ch\/wp-content\/smush-avif\/tanja-mathys-e1678086122309.jpg.avif 300w, https:\/\/pferdeberufe.ch\/wp-content\/smush-avif\/tanja-mathys-e1678086122309-150x150.jpg.avif 150w\" sizes=\"(max-width: 300px) 100vw, 300px\" \/><\/div>\n\t\t<\/a>\n\t\t\t\t<div class=\"elementor-post__text\">\n\t\t\t\t<h3 class=\"elementor-post__title\">\n\t\t\t<a href=\"https:\/\/pferdeberufe.ch\/de\/tanja-mathys\/\" >\n\t\t\t\tTanja Mathys\t\t\t<\/a>\n\t\t<\/h3>\n\t\t\n\t\t<a class=\"elementor-post__read-more\" href=\"https:\/\/pferdeberufe.ch\/de\/tanja-mathys\/\" aria-label=\"Mehr \u00fcber Tanja Mathys\" tabindex=\"-1\" >\n\t\t\tWeiterlesen \u00bb\t\t<\/a>\n\n\t\t\t\t<\/div>\n\t\t\t\t<\/article>\n\t\t\t\t<article class=\"elementor-post elementor-grid-item post-6979 post type-post status-publish format-standard has-post-thumbnail hentry category-uek-leiter-2 tag-uek-leiter\" role=\"listitem\">\n\t\t\t\t<a class=\"elementor-post__thumbnail__link\" href=\"https:\/\/pferdeberufe.ch\/de\/stefan-rufus\/\" tabindex=\"-1\" >\n\t\t\t<div class=\"elementor-post__thumbnail\"><img loading=\"lazy\" decoding=\"async\" width=\"554\" height=\"369\" src=\"https:\/\/pferdeberufe.ch\/wp-content\/smush-avif\/stefan-rufus1.jpg.avif\" class=\"attachment-medium_large size-medium_large wp-image-6968\" alt=\"\" srcset=\"https:\/\/pferdeberufe.ch\/wp-content\/smush-avif\/stefan-rufus1.jpg.avif 554w, https:\/\/pferdeberufe.ch\/wp-content\/uploads\/elementor\/thumbs\/stefan-rufus1-re0txm27hkksxpfstcnr682ritxnebs4qf1kax9uc0.jpg 300w\" sizes=\"(max-width: 554px) 100vw, 554px\" \/><\/div>\n\t\t<\/a>\n\t\t\t\t<div class=\"elementor-post__text\">\n\t\t\t\t<h3 class=\"elementor-post__title\">\n\t\t\t<a href=\"https:\/\/pferdeberufe.ch\/de\/stefan-rufus\/\" >\n\t\t\t\tStefan Rufus\t\t\t<\/a>\n\t\t<\/h3>\n\t\t\n\t\t<a class=\"elementor-post__read-more\" href=\"https:\/\/pferdeberufe.ch\/de\/stefan-rufus\/\" aria-label=\"Mehr \u00fcber Stefan Rufus\" tabindex=\"-1\" >\n\t\t\tWeiterlesen \u00bb\t\t<\/a>\n\n\t\t\t\t<\/div>\n\t\t\t\t<\/article>\n\t\t\t\t<article class=\"elementor-post elementor-grid-item post-5708 post type-post status-publish format-standard has-post-thumbnail hentry category-uek-leiter-2 tag-uek-leiter\" role=\"listitem\">\n\t\t\t\t<a class=\"elementor-post__thumbnail__link\" href=\"https:\/\/pferdeberufe.ch\/de\/manuela-hofer\/\" tabindex=\"-1\" >\n\t\t\t<div class=\"elementor-post__thumbnail\"><img loading=\"lazy\" decoding=\"async\" width=\"768\" height=\"511\" src=\"https:\/\/pferdeberufe.ch\/wp-content\/smush-avif\/Manuela-Hofer-2-e1672735497788-768x511.jpg.avif\" class=\"attachment-medium_large size-medium_large wp-image-5709\" alt=\"\" srcset=\"https:\/\/pferdeberufe.ch\/wp-content\/smush-avif\/Manuela-Hofer-2-e1672735497788-768x511.jpg.avif 768w, https:\/\/pferdeberufe.ch\/wp-content\/uploads\/elementor\/thumbs\/Manuela-Hofer-2-e1672735497788-re0tuy6o4gxk1hb2d77t3w9qxj27l77id8i1cp7zyo.jpg 300w, https:\/\/pferdeberufe.ch\/wp-content\/smush-avif\/Manuela-Hofer-2-e1672735497788.jpg.avif 900w\" sizes=\"(max-width: 768px) 100vw, 768px\" \/><\/div>\n\t\t<\/a>\n\t\t\t\t<div class=\"elementor-post__text\">\n\t\t\t\t<h3 class=\"elementor-post__title\">\n\t\t\t<a href=\"https:\/\/pferdeberufe.ch\/de\/manuela-hofer\/\" >\n\t\t\t\tManuela Hofer\t\t\t<\/a>\n\t\t<\/h3>\n\t\t\n\t\t<a class=\"elementor-post__read-more\" href=\"https:\/\/pferdeberufe.ch\/de\/manuela-hofer\/\" aria-label=\"Mehr \u00fcber Manuela Hofer\" tabindex=\"-1\" >\n\t\t\tWeiterlesen \u00bb\t\t<\/a>\n\n\t\t\t\t<\/div>\n\t\t\t\t<\/article>\n\t\t\t\t<article class=\"elementor-post elementor-grid-item post-5698 post type-post status-publish format-standard has-post-thumbnail hentry category-uek-leiter-2 tag-uek-leiter\" role=\"listitem\">\n\t\t\t\t<a class=\"elementor-post__thumbnail__link\" href=\"https:\/\/pferdeberufe.ch\/de\/madeleine-haeberlin\/\" tabindex=\"-1\" >\n\t\t\t<div class=\"elementor-post__thumbnail\"><img loading=\"lazy\" decoding=\"async\" width=\"768\" height=\"757\" src=\"https:\/\/pferdeberufe.ch\/wp-content\/smush-avif\/Madeleine-Haeberlin1-e1672734696729-768x757.jpg.avif\" class=\"attachment-medium_large size-medium_large wp-image-5699\" alt=\"\" srcset=\"https:\/\/pferdeberufe.ch\/wp-content\/smush-avif\/Madeleine-Haeberlin1-e1672734696729-768x757.jpg.avif 768w, https:\/\/pferdeberufe.ch\/wp-content\/smush-avif\/Madeleine-Haeberlin1-e1672734696729-300x296.jpg.avif 300w, https:\/\/pferdeberufe.ch\/wp-content\/smush-avif\/Madeleine-Haeberlin1-e1672734696729.jpg.avif 900w\" sizes=\"(max-width: 768px) 100vw, 768px\" \/><\/div>\n\t\t<\/a>\n\t\t\t\t<div class=\"elementor-post__text\">\n\t\t\t\t<h3 class=\"elementor-post__title\">\n\t\t\t<a href=\"https:\/\/pferdeberufe.ch\/de\/madeleine-haeberlin\/\" >\n\t\t\t\tMadeleine H\u00e4berlin\t\t\t<\/a>\n\t\t<\/h3>\n\t\t\n\t\t<a class=\"elementor-post__read-more\" href=\"https:\/\/pferdeberufe.ch\/de\/madeleine-haeberlin\/\" aria-label=\"Mehr \u00fcber Madeleine H\u00e4berlin\" tabindex=\"-1\" >\n\t\t\tWeiterlesen \u00bb\t\t<\/a>\n\n\t\t\t\t<\/div>\n\t\t\t\t<\/article>\n\t\t\t\t<article class=\"elementor-post elementor-grid-item post-5450 post type-post status-publish format-standard has-post-thumbnail hentry category-uek-leiter-2 tag-uek-leiter\" role=\"listitem\">\n\t\t\t\t<a class=\"elementor-post__thumbnail__link\" href=\"https:\/\/pferdeberufe.ch\/de\/marius-marro\/\" tabindex=\"-1\" >\n\t\t\t<div class=\"elementor-post__thumbnail\"><img loading=\"lazy\" decoding=\"async\" width=\"768\" height=\"1143\" src=\"https:\/\/pferdeberufe.ch\/wp-content\/smush-avif\/Marius-Marro-1-768x1143.jpg.avif\" class=\"attachment-medium_large size-medium_large wp-image-5405\" alt=\"\" \/><\/div>\n\t\t<\/a>\n\t\t\t\t<div class=\"elementor-post__text\">\n\t\t\t\t<h3 class=\"elementor-post__title\">\n\t\t\t<a href=\"https:\/\/pferdeberufe.ch\/de\/marius-marro\/\" >\n\t\t\t\tMarius Marro\t\t\t<\/a>\n\t\t<\/h3>\n\t\t\n\t\t<a class=\"elementor-post__read-more\" href=\"https:\/\/pferdeberufe.ch\/de\/marius-marro\/\" aria-label=\"Mehr \u00fcber Marius Marro\" tabindex=\"-1\" >\n\t\t\tWeiterlesen \u00bb\t\t<\/a>\n\n\t\t\t\t<\/div>\n\t\t\t\t<\/article>\n\t\t\t\t<article class=\"elementor-post elementor-grid-item post-5477 post type-post status-publish format-standard has-post-thumbnail hentry category-uek-leiter-2 tag-uek-leiter\" role=\"listitem\">\n\t\t\t\t<a class=\"elementor-post__thumbnail__link\" href=\"https:\/\/pferdeberufe.ch\/de\/fabio-graldi\/\" tabindex=\"-1\" >\n\t\t\t<div class=\"elementor-post__thumbnail\"><img loading=\"lazy\" decoding=\"async\" width=\"768\" height=\"1024\" src=\"https:\/\/pferdeberufe.ch\/wp-content\/smush-avif\/Fabio-Graldi1-768x1024.jpg.avif\" class=\"attachment-medium_large size-medium_large wp-image-5472\" alt=\"\" \/><\/div>\n\t\t<\/a>\n\t\t\t\t<div class=\"elementor-post__text\">\n\t\t\t\t<h3 class=\"elementor-post__title\">\n\t\t\t<a href=\"https:\/\/pferdeberufe.ch\/de\/fabio-graldi\/\" >\n\t\t\t\tFabio Graldi\t\t\t<\/a>\n\t\t<\/h3>\n\t\t\n\t\t<a class=\"elementor-post__read-more\" href=\"https:\/\/pferdeberufe.ch\/de\/fabio-graldi\/\" aria-label=\"Mehr \u00fcber Fabio Graldi\" tabindex=\"-1\" >\n\t\t\tWeiterlesen \u00bb\t\t<\/a>\n\n\t\t\t\t<\/div>\n\t\t\t\t<\/article>\n\t\t\t\t<article class=\"elementor-post elementor-grid-item post-5449 post type-post status-publish format-standard has-post-thumbnail hentry category-uek-leiter-2 tag-uek-leiter\" role=\"listitem\">\n\t\t\t\t<a class=\"elementor-post__thumbnail__link\" href=\"https:\/\/pferdeberufe.ch\/de\/michael-zuercher\/\" tabindex=\"-1\" >\n\t\t\t<div class=\"elementor-post__thumbnail\"><img loading=\"lazy\" decoding=\"async\" width=\"768\" height=\"1024\" src=\"https:\/\/pferdeberufe.ch\/wp-content\/smush-avif\/Michael-Zuercher-1-768x1024.jpg.avif\" class=\"attachment-medium_large size-medium_large wp-image-5417\" alt=\"\" \/><\/div>\n\t\t<\/a>\n\t\t\t\t<div class=\"elementor-post__text\">\n\t\t\t\t<h3 class=\"elementor-post__title\">\n\t\t\t<a href=\"https:\/\/pferdeberufe.ch\/de\/michael-zuercher\/\" >\n\t\t\t\tMichael Z\u00fcrcher\t\t\t<\/a>\n\t\t<\/h3>\n\t\t\n\t\t<a class=\"elementor-post__read-more\" href=\"https:\/\/pferdeberufe.ch\/de\/michael-zuercher\/\" aria-label=\"Mehr \u00fcber Michael Z\u00fcrcher\" tabindex=\"-1\" >\n\t\t\tWeiterlesen \u00bb\t\t<\/a>\n\n\t\t\t\t<\/div>\n\t\t\t\t<\/article>\n\t\t\t\t<article class=\"elementor-post elementor-grid-item post-5448 post type-post status-publish format-standard has-post-thumbnail hentry category-uek-leiter-2 tag-uek-leiter\" role=\"listitem\">\n\t\t\t\t<a class=\"elementor-post__thumbnail__link\" href=\"https:\/\/pferdeberufe.ch\/de\/christophe-borioli\/\" tabindex=\"-1\" >\n\t\t\t<div class=\"elementor-post__thumbnail\"><img loading=\"lazy\" decoding=\"async\" width=\"148\" height=\"201\" src=\"https:\/\/pferdeberufe.ch\/wp-content\/smush-avif\/Christophe-Borioli-1-e1671093011130.jpeg.avif\" class=\"attachment-medium_large size-medium_large wp-image-5385\" alt=\"\" \/><\/div>\n\t\t<\/a>\n\t\t\t\t<div class=\"elementor-post__text\">\n\t\t\t\t<h3 class=\"elementor-post__title\">\n\t\t\t<a href=\"https:\/\/pferdeberufe.ch\/de\/christophe-borioli\/\" >\n\t\t\t\tChristophe Borioli\t\t\t<\/a>\n\t\t<\/h3>\n\t\t\n\t\t<a class=\"elementor-post__read-more\" href=\"https:\/\/pferdeberufe.ch\/de\/christophe-borioli\/\" aria-label=\"Mehr \u00fcber Christophe Borioli\" tabindex=\"-1\" >\n\t\t\tWeiterlesen \u00bb\t\t<\/a>\n\n\t\t\t\t<\/div>\n\t\t\t\t<\/article>\n\t\t\t\t<article class=\"elementor-post elementor-grid-item post-5447 post type-post status-publish format-standard has-post-thumbnail hentry category-uek-leiter-2 tag-uek-leiter\" role=\"listitem\">\n\t\t\t\t<a class=\"elementor-post__thumbnail__link\" href=\"https:\/\/pferdeberufe.ch\/de\/mireille-becar\/\" tabindex=\"-1\" >\n\t\t\t<div class=\"elementor-post__thumbnail\"><img loading=\"lazy\" decoding=\"async\" width=\"451\" height=\"642\" src=\"https:\/\/pferdeberufe.ch\/wp-content\/smush-avif\/Mireille-Becart-e1671093720660.png.avif\" class=\"attachment-medium_large size-medium_large wp-image-5423\" alt=\"\" srcset=\"https:\/\/pferdeberufe.ch\/wp-content\/smush-avif\/Mireille-Becart-e1671093720660.png.avif 451w, https:\/\/pferdeberufe.ch\/wp-content\/smush-avif\/Mireille-Becart-e1671093720660-211x300.png.avif 211w\" sizes=\"(max-width: 451px) 100vw, 451px\" \/><\/div>\n\t\t<\/a>\n\t\t\t\t<div class=\"elementor-post__text\">\n\t\t\t\t<h3 class=\"elementor-post__title\">\n\t\t\t<a href=\"https:\/\/pferdeberufe.ch\/de\/mireille-becar\/\" >\n\t\t\t\tMireille Becar\t\t\t<\/a>\n\t\t<\/h3>\n\t\t\n\t\t<a class=\"elementor-post__read-more\" href=\"https:\/\/pferdeberufe.ch\/de\/mireille-becar\/\" aria-label=\"Mehr \u00fcber Mireille Becar\" tabindex=\"-1\" >\n\t\t\tWeiterlesen \u00bb\t\t<\/a>\n\n\t\t\t\t<\/div>\n\t\t\t\t<\/article>\n\t\t\t\t<article class=\"elementor-post elementor-grid-item post-5446 post type-post status-publish format-standard has-post-thumbnail hentry category-uek-leiter-2 tag-uek-leiter\" role=\"listitem\">\n\t\t\t\t<a class=\"elementor-post__thumbnail__link\" href=\"https:\/\/pferdeberufe.ch\/de\/claudia-erni\/\" tabindex=\"-1\" >\n\t\t\t<div class=\"elementor-post__thumbnail\"><img loading=\"lazy\" decoding=\"async\" width=\"600\" height=\"403\" src=\"https:\/\/pferdeberufe.ch\/wp-content\/smush-avif\/Claudia-Erni-1-e1669965631220.png.avif\" class=\"attachment-medium_large size-medium_large wp-image-5389\" alt=\"\" srcset=\"https:\/\/pferdeberufe.ch\/wp-content\/smush-avif\/Claudia-Erni-1-e1669965631220.png.avif 600w, https:\/\/pferdeberufe.ch\/wp-content\/smush-avif\/Claudia-Erni-1-e1669965631220-300x202.png.avif 300w\" sizes=\"(max-width: 600px) 100vw, 600px\" \/><\/div>\n\t\t<\/a>\n\t\t\t\t<div class=\"elementor-post__text\">\n\t\t\t\t<h3 class=\"elementor-post__title\">\n\t\t\t<a href=\"https:\/\/pferdeberufe.ch\/de\/claudia-erni\/\" >\n\t\t\t\tClaudia Erni\t\t\t<\/a>\n\t\t<\/h3>\n\t\t\n\t\t<a class=\"elementor-post__read-more\" href=\"https:\/\/pferdeberufe.ch\/de\/claudia-erni\/\" aria-label=\"Mehr \u00fcber Claudia Erni\" tabindex=\"-1\" >\n\t\t\tWeiterlesen \u00bb\t\t<\/a>\n\n\t\t\t\t<\/div>\n\t\t\t\t<\/article>\n\t\t\t\t<article class=\"elementor-post elementor-grid-item post-5445 post type-post status-publish format-standard has-post-thumbnail hentry category-uek-leiter-2 tag-uek-leiter\" role=\"listitem\">\n\t\t\t\t<a class=\"elementor-post__thumbnail__link\" href=\"https:\/\/pferdeberufe.ch\/de\/alexandra-haefeli\/\" tabindex=\"-1\" >\n\t\t\t<div class=\"elementor-post__thumbnail\"><img loading=\"lazy\" decoding=\"async\" width=\"768\" height=\"512\" src=\"https:\/\/pferdeberufe.ch\/wp-content\/smush-avif\/Alexandra-Haefeli-1-768x512.jpg.avif\" class=\"attachment-medium_large size-medium_large wp-image-5375\" alt=\"\" \/><\/div>\n\t\t<\/a>\n\t\t\t\t<div class=\"elementor-post__text\">\n\t\t\t\t<h3 class=\"elementor-post__title\">\n\t\t\t<a href=\"https:\/\/pferdeberufe.ch\/de\/alexandra-haefeli\/\" >\n\t\t\t\tAlexandra H\u00e4feli\t\t\t<\/a>\n\t\t<\/h3>\n\t\t\n\t\t<a class=\"elementor-post__read-more\" href=\"https:\/\/pferdeberufe.ch\/de\/alexandra-haefeli\/\" aria-label=\"Mehr \u00fcber Alexandra H\u00e4feli\" tabindex=\"-1\" >\n\t\t\tWeiterlesen \u00bb\t\t<\/a>\n\n\t\t\t\t<\/div>\n\t\t\t\t<\/article>\n\t\t\t\t<article class=\"elementor-post elementor-grid-item post-5444 post type-post status-publish format-standard has-post-thumbnail hentry category-uek-leiter-2 tag-uek-leiter\" role=\"listitem\">\n\t\t\t\t<a class=\"elementor-post__thumbnail__link\" href=\"https:\/\/pferdeberufe.ch\/de\/flavia-gaertner\/\" tabindex=\"-1\" >\n\t\t\t<div class=\"elementor-post__thumbnail\"><img loading=\"lazy\" decoding=\"async\" width=\"768\" height=\"768\" src=\"https:\/\/pferdeberufe.ch\/wp-content\/smush-avif\/Flavia-Gaertner-5-768x768.jpg.avif\" class=\"attachment-medium_large size-medium_large wp-image-5403\" alt=\"\" \/><\/div>\n\t\t<\/a>\n\t\t\t\t<div class=\"elementor-post__text\">\n\t\t\t\t<h3 class=\"elementor-post__title\">\n\t\t\t<a href=\"https:\/\/pferdeberufe.ch\/de\/flavia-gaertner\/\" >\n\t\t\t\tFlavia G\u00e4rtner\t\t\t<\/a>\n\t\t<\/h3>\n\t\t\n\t\t<a class=\"elementor-post__read-more\" href=\"https:\/\/pferdeberufe.ch\/de\/flavia-gaertner\/\" aria-label=\"Mehr \u00fcber Flavia G\u00e4rtner\" tabindex=\"-1\" >\n\t\t\tWeiterlesen \u00bb\t\t<\/a>\n\n\t\t\t\t<\/div>\n\t\t\t\t<\/article>\n\t\t\t\t<article class=\"elementor-post elementor-grid-item post-5443 post type-post status-publish format-standard has-post-thumbnail hentry category-uek-leiter-2 tag-uek-leiter\" role=\"listitem\">\n\t\t\t\t<a class=\"elementor-post__thumbnail__link\" href=\"https:\/\/pferdeberufe.ch\/de\/yolanda-facchin\/\" tabindex=\"-1\" >\n\t\t\t<div class=\"elementor-post__thumbnail\"><img loading=\"lazy\" decoding=\"async\" width=\"213\" height=\"320\" src=\"https:\/\/pferdeberufe.ch\/wp-content\/smush-avif\/Yolanda-Facchin-1.jpeg.avif\" class=\"attachment-medium_large size-medium_large wp-image-5433\" alt=\"\" srcset=\"https:\/\/pferdeberufe.ch\/wp-content\/smush-avif\/Yolanda-Facchin-1.jpeg.avif 213w, https:\/\/pferdeberufe.ch\/wp-content\/smush-avif\/Yolanda-Facchin-1-200x300.jpeg.avif 200w\" sizes=\"(max-width: 213px) 100vw, 213px\" \/><\/div>\n\t\t<\/a>\n\t\t\t\t<div class=\"elementor-post__text\">\n\t\t\t\t<h3 class=\"elementor-post__title\">\n\t\t\t<a href=\"https:\/\/pferdeberufe.ch\/de\/yolanda-facchin\/\" >\n\t\t\t\tYolanda Facchin\t\t\t<\/a>\n\t\t<\/h3>\n\t\t\n\t\t<a class=\"elementor-post__read-more\" href=\"https:\/\/pferdeberufe.ch\/de\/yolanda-facchin\/\" aria-label=\"Mehr \u00fcber Yolanda Facchin\" tabindex=\"-1\" >\n\t\t\tWeiterlesen \u00bb\t\t<\/a>\n\n\t\t\t\t<\/div>\n\t\t\t\t<\/article>\n\t\t\t\t<article class=\"elementor-post elementor-grid-item post-5441 post type-post status-publish format-standard has-post-thumbnail hentry category-uek-leiter-2 tag-uek-leiter\" role=\"listitem\">\n\t\t\t\t<a class=\"elementor-post__thumbnail__link\" href=\"https:\/\/pferdeberufe.ch\/de\/anita-raverdino\/\" tabindex=\"-1\" >\n\t\t\t<div class=\"elementor-post__thumbnail\"><img loading=\"lazy\" decoding=\"async\" width=\"768\" height=\"960\" src=\"https:\/\/pferdeberufe.ch\/wp-content\/smush-avif\/Anita-Raverdino-3-768x960.jpg.avif\" class=\"attachment-medium_large size-medium_large wp-image-5383\" alt=\"\" \/><\/div>\n\t\t<\/a>\n\t\t\t\t<div class=\"elementor-post__text\">\n\t\t\t\t<h3 class=\"elementor-post__title\">\n\t\t\t<a href=\"https:\/\/pferdeberufe.ch\/de\/anita-raverdino\/\" >\n\t\t\t\tAnita Raverdino\t\t\t<\/a>\n\t\t<\/h3>\n\t\t\n\t\t<a class=\"elementor-post__read-more\" href=\"https:\/\/pferdeberufe.ch\/de\/anita-raverdino\/\" aria-label=\"Mehr \u00fcber Anita Raverdino\" tabindex=\"-1\" >\n\t\t\tWeiterlesen \u00bb\t\t<\/a>\n\n\t\t\t\t<\/div>\n\t\t\t\t<\/article>\n\t\t\t\t<article class=\"elementor-post elementor-grid-item post-5440 post type-post status-publish format-standard has-post-thumbnail hentry category-uek-leiter-2 tag-uek-leiter\" role=\"listitem\">\n\t\t\t\t<a class=\"elementor-post__thumbnail__link\" href=\"https:\/\/pferdeberufe.ch\/de\/sandra-scherrer\/\" tabindex=\"-1\" >\n\t\t\t<div class=\"elementor-post__thumbnail\"><img loading=\"lazy\" decoding=\"async\" width=\"768\" height=\"1152\" src=\"https:\/\/pferdeberufe.ch\/wp-content\/smush-avif\/Sandra-Scherrer-2-768x1152.jpg.avif\" class=\"attachment-medium_large size-medium_large wp-image-5427\" alt=\"\" \/><\/div>\n\t\t<\/a>\n\t\t\t\t<div class=\"elementor-post__text\">\n\t\t\t\t<h3 class=\"elementor-post__title\">\n\t\t\t<a href=\"https:\/\/pferdeberufe.ch\/de\/sandra-scherrer\/\" >\n\t\t\t\tSandra Scherrer\t\t\t<\/a>\n\t\t<\/h3>\n\t\t\n\t\t<a class=\"elementor-post__read-more\" href=\"https:\/\/pferdeberufe.ch\/de\/sandra-scherrer\/\" aria-label=\"Mehr \u00fcber Sandra Scherrer\" tabindex=\"-1\" >\n\t\t\tWeiterlesen \u00bb\t\t<\/a>\n\n\t\t\t\t<\/div>\n\t\t\t\t<\/article>\n\t\t\t\t<article class=\"elementor-post elementor-grid-item post-14124 post type-post status-publish format-standard has-post-thumbnail hentry category-uek-leiter-2 tag-uek-leiter\" role=\"listitem\">\n\t\t\t\t<a class=\"elementor-post__thumbnail__link\" href=\"https:\/\/pferdeberufe.ch\/de\/aline-parasole\/\" tabindex=\"-1\" >\n\t\t\t<div class=\"elementor-post__thumbnail\"><img loading=\"lazy\" decoding=\"async\" width=\"768\" height=\"573\" src=\"https:\/\/pferdeberufe.ch\/wp-content\/smush-avif\/aline-parasol-768x573.jpg.avif\" class=\"attachment-medium_large size-medium_large wp-image-14125\" alt=\"\" srcset=\"https:\/\/pferdeberufe.ch\/wp-content\/smush-avif\/aline-parasol-768x573.jpg.avif 768w, https:\/\/pferdeberufe.ch\/wp-content\/smush-avif\/aline-parasol-300x224.jpg.avif 300w, https:\/\/pferdeberufe.ch\/wp-content\/smush-avif\/aline-parasol-1024x764.jpg.avif 1024w, https:\/\/pferdeberufe.ch\/wp-content\/smush-avif\/aline-parasol.jpg.avif 1168w\" sizes=\"(max-width: 768px) 100vw, 768px\" \/><\/div>\n\t\t<\/a>\n\t\t\t\t<div class=\"elementor-post__text\">\n\t\t\t\t<h3 class=\"elementor-post__title\">\n\t\t\t<a href=\"https:\/\/pferdeberufe.ch\/de\/aline-parasole\/\" >\n\t\t\t\tAline Parasole\t\t\t<\/a>\n\t\t<\/h3>\n\t\t\n\t\t<a class=\"elementor-post__read-more\" href=\"https:\/\/pferdeberufe.ch\/de\/aline-parasole\/\" aria-label=\"Mehr \u00fcber Aline Parasole\" tabindex=\"-1\" >\n\t\t\tWeiterlesen \u00bb\t\t<\/a>\n\n\t\t\t\t<\/div>\n\t\t\t\t<\/article>\n\t\t\t\t<article class=\"elementor-post elementor-grid-item post-5319 post type-post status-publish format-standard has-post-thumbnail hentry category-uek-leiter-2 tag-uek-leiter\" role=\"listitem\">\n\t\t\t\t<a class=\"elementor-post__thumbnail__link\" href=\"https:\/\/pferdeberufe.ch\/de\/susanne-ritz\/\" tabindex=\"-1\" >\n\t\t\t<div class=\"elementor-post__thumbnail\"><img loading=\"lazy\" decoding=\"async\" width=\"768\" height=\"1075\" src=\"https:\/\/pferdeberufe.ch\/wp-content\/smush-avif\/IMG_1008-768x1075.jpg.avif\" class=\"attachment-medium_large size-medium_large wp-image-14636\" alt=\"\" srcset=\"https:\/\/pferdeberufe.ch\/wp-content\/smush-avif\/IMG_1008-768x1075.jpg.avif 768w, https:\/\/pferdeberufe.ch\/wp-content\/smush-avif\/IMG_1008-214x300.jpg.avif 214w, https:\/\/pferdeberufe.ch\/wp-content\/smush-avif\/IMG_1008-732x1024.jpg.avif 732w, https:\/\/pferdeberufe.ch\/wp-content\/smush-avif\/IMG_1008-1097x1536.jpg.avif 1097w, https:\/\/pferdeberufe.ch\/wp-content\/smush-avif\/IMG_1008-1463x2048.jpg.avif 1463w, https:\/\/pferdeberufe.ch\/wp-content\/smush-avif\/IMG_1008-scaled.jpg.avif 1829w\" sizes=\"(max-width: 768px) 100vw, 768px\" \/><\/div>\n\t\t<\/a>\n\t\t\t\t<div class=\"elementor-post__text\">\n\t\t\t\t<h3 class=\"elementor-post__title\">\n\t\t\t<a href=\"https:\/\/pferdeberufe.ch\/de\/susanne-ritz\/\" >\n\t\t\t\tSusanne Ritz\t\t\t<\/a>\n\t\t<\/h3>\n\t\t\n\t\t<a class=\"elementor-post__read-more\" href=\"https:\/\/pferdeberufe.ch\/de\/susanne-ritz\/\" aria-label=\"Mehr \u00fcber Susanne Ritz\" tabindex=\"-1\" >\n\t\t\tWeiterlesen \u00bb\t\t<\/a>\n\n\t\t\t\t<\/div>\n\t\t\t\t<\/article>\n\t\t\t\t<\/div>\n\t\t\n\t\t\t\t\t\t<\/div>\n\t\t\t\t<\/div>\n\t\t\t\t\t<\/div>\n\t\t<\/div>\n\t\t\t\t\t<\/div>\n\t\t<\/section>\n\t\t\t\t<\/div>\n\t\t","protected":false},"excerpt":{"rendered":"<p>Das Ausbildungsteam in der Berufslehre Die OdA Pferdeberufe setzt f\u00fcr die \u00fcberbetrieblichen Kurse \u00fcK qualifizierte Berufspersonen ein. Erfahre hier mehr \u00fcber unsere \u00fcK LeiterInnen!<\/p>\n","protected":false},"author":2,"featured_media":0,"parent":0,"menu_order":9,"comment_status":"closed","ping_status":"closed","template":"elementor_header_footer","meta":{"footnotes":""},"class_list":["post-5329","page","type-page","status-publish","hentry"],"publishpress_future_action":{"enabled":false,"date":"2026-05-06 10:10:05","action":"change-status","newStatus":"draft","terms":[],"taxonomy":"translation_priority","extraData":[]},"publishpress_future_workflow_manual_trigger":{"enabledWorkflows":[]},"_links":{"self":[{"href":"https:\/\/pferdeberufe.ch\/de\/wp-json\/wp\/v2\/pages\/5329","targetHints":{"allow":["GET"]}}],"collection":[{"href":"https:\/\/pferdeberufe.ch\/de\/wp-json\/wp\/v2\/pages"}],"about":[{"href":"https:\/\/pferdeberufe.ch\/de\/wp-json\/wp\/v2\/types\/page"}],"author":[{"embeddable":true,"href":"https:\/\/pferdeberufe.ch\/de\/wp-json\/wp\/v2\/users\/2"}],"replies":[{"embeddable":true,"href":"https:\/\/pferdeberufe.ch\/de\/wp-json\/wp\/v2\/comments?post=5329"}],"version-history":[{"count":86,"href":"https:\/\/pferdeberufe.ch\/de\/wp-json\/wp\/v2\/pages\/5329\/revisions"}],"predecessor-version":[{"id":14983,"href":"https:\/\/pferdeberufe.ch\/de\/wp-json\/wp\/v2\/pages\/5329\/revisions\/14983"}],"wp:attachment":[{"href":"https:\/\/pferdeberufe.ch\/de\/wp-json\/wp\/v2\/media?parent=5329"}],"curies":[{"name":"wp","href":"https:\/\/api.w.org\/{rel}","templated":true}]}}