
{"id":10274,"date":"2024-07-02T09:16:00","date_gmt":"2024-07-02T07:16:00","guid":{"rendered":"https:\/\/pferdeberufe.ch\/?page_id=10274"},"modified":"2024-07-02T09:19:02","modified_gmt":"2024-07-02T07:19:02","slug":"specialistes-2024","status":"publish","type":"page","link":"https:\/\/pferdeberufe.ch\/fr\/nouvelles\/specialistes-2024\/","title":{"rendered":"Trois nouvelles sp\u00e9cialistes de la fili\u00e8re \u00e9quine"},"content":{"rendered":"\t\t<div data-elementor-type=\"wp-page\" data-elementor-id=\"10274\" class=\"elementor elementor-10274 elementor-10262\" data-elementor-post-type=\"page\">\n\t\t\t\t\t\t<section class=\"elementor-section elementor-top-section elementor-element elementor-element-1eb722d2 elementor-section-boxed elementor-section-height-default elementor-section-height-default\" data-id=\"1eb722d2\" data-element_type=\"section\" data-e-type=\"section\">\n\t\t\t\t\t\t<div class=\"elementor-container elementor-column-gap-default\">\n\t\t\t\t\t<div class=\"elementor-column elementor-col-100 elementor-top-column elementor-element elementor-element-4496a76a\" data-id=\"4496a76a\" data-element_type=\"column\" data-e-type=\"column\">\n\t\t\t<div class=\"elementor-widget-wrap elementor-element-populated\">\n\t\t\t\t\t\t<div class=\"elementor-element elementor-element-9f1e0a0 elementor-widget elementor-widget-text-editor\" data-id=\"9f1e0a0\" data-element_type=\"widget\" data-e-type=\"widget\" data-widget_type=\"text-editor.default\">\n\t\t\t\t<div class=\"elementor-widget-container\">\n\t\t\t\t\t\t\t\t\t<h2 class=\"elementor-heading-title elementor-size-default elementor-inline-editing pen\" contenteditable=\"true\" data-elementor-setting-key=\"titel\" data-pen-placeholder=\"Eingabe hier...\"><span style=\"color: #ff0000;\">Trois nouvelles sp\u00e9cialistes <\/span>de la fili\u00e8re \u00e9quine<\/h2>\t\t\t\t\t\t\t\t<\/div>\n\t\t\t\t<\/div>\n\t\t\t\t\t<\/div>\n\t\t<\/div>\n\t\t\t\t\t<\/div>\n\t\t<\/section>\n\t\t\t\t<section class=\"elementor-section elementor-top-section elementor-element elementor-element-45d561bb elementor-section-full_width elementor-section-height-default elementor-section-height-default\" data-id=\"45d561bb\" data-element_type=\"section\" data-e-type=\"section\">\n\t\t\t\t\t\t<div class=\"elementor-container elementor-column-gap-no\">\n\t\t\t\t\t<div class=\"elementor-column elementor-col-100 elementor-top-column elementor-element elementor-element-091b3c3\" data-id=\"091b3c3\" data-element_type=\"column\" data-e-type=\"column\">\n\t\t\t<div class=\"elementor-widget-wrap elementor-element-populated\">\n\t\t\t\t\t\t<div class=\"elementor-element elementor-element-aaa72fb elementor-widget elementor-widget-image\" data-id=\"aaa72fb\" data-element_type=\"widget\" data-e-type=\"widget\" data-widget_type=\"image.default\">\n\t\t\t\t<div class=\"elementor-widget-container\">\n\t\t\t\t\t\t\t\t\t\t\t\t\t\t\t<img fetchpriority=\"high\" decoding=\"async\" width=\"768\" height=\"511\" src=\"https:\/\/pferdeberufe.ch\/wp-content\/smush-avif\/Spezialistinnen-2024-2-768x511.jpg.avif\" class=\"attachment-medium_large size-medium_large wp-image-10269\" alt=\"\" srcset=\"https:\/\/pferdeberufe.ch\/wp-content\/smush-avif\/Spezialistinnen-2024-2-768x511.jpg.avif 768w, https:\/\/pferdeberufe.ch\/wp-content\/smush-avif\/Spezialistinnen-2024-2-300x200.jpg.avif 300w, https:\/\/pferdeberufe.ch\/wp-content\/smush-avif\/Spezialistinnen-2024-2-1024x682.jpg.avif 1024w, https:\/\/pferdeberufe.ch\/wp-content\/smush-avif\/Spezialistinnen-2024-2-1536x1023.jpg.avif 1536w, https:\/\/pferdeberufe.ch\/wp-content\/smush-avif\/Spezialistinnen-2024-2-2048x1363.jpg.avif 2048w\" sizes=\"(max-width: 768px) 100vw, 768px\" \/>\t\t\t\t\t\t\t\t\t\t\t\t\t\t\t<\/div>\n\t\t\t\t<\/div>\n\t\t\t\t<div class=\"elementor-element elementor-element-535555a elementor-widget elementor-widget-text-editor\" data-id=\"535555a\" data-element_type=\"widget\" data-e-type=\"widget\" data-widget_type=\"text-editor.default\">\n\t\t\t\t<div class=\"elementor-widget-container\">\n\t\t\t\t\t\t\t\t\t<p>Les trois jeunes femmes Viktoria W\u00e4chter, Janina Siegwart et Annick Josuran ont termin\u00e9 leur formation au niveau \u00ab\u00a0formation professionnelle sup\u00e9rieure\u00a0\u00bb et ont r\u00e9ussi leur examen professionnel. Siegwart et Josuran dans la sp\u00e9cialit\u00e9 \u00a0\u00bb monte classique \u00ab\u00a0, W\u00e4chter dans la sp\u00e9cialit\u00e9 \u00a0\u00bb soins et services \u00ab\u00a0. Elles ont \u00e9t\u00e9 soutenues par la collaboration avantageuse de l&rsquo;OrTra avec des sp\u00e9cialistes du centre de comp\u00e9tences pour la formation \u00ab\u00a0Inforama\u00a0\u00bb \u00e0 Zollikofen, des experts de la fili\u00e8re \u00e9quine et le responsable de la formation Patrick R\u00fcegg.<\/p><p><strong>Des mots \u00e9mouvants<\/strong> <br \/>Les nouvelles \u00ab\u00a0sp\u00e9cialistes de la fili\u00e8re \u00e9quine\u00a0\u00bb, accompagn\u00e9es de leurs familles, ont re\u00e7u leurs brevets f\u00e9d\u00e9raux dans un cadre festif \u00e0 Dietikon. \u00ab\u00a0La suite du voyage dans le monde du cheval a commenc\u00e9, vous \u00eates parfaitement pr\u00e9par\u00e9es \u00e0 relever des d\u00e9fis plus importants et \u00e0 les ma\u00eetriser avec brio. Utilisez vos comp\u00e9tences, votre passion et vos connaissances pour poursuivre votre voyage et enrichir le monde du cheval en tant que sp\u00e9cialistes\u00a0\u00bb, a d\u00e9clar\u00e9 Mathias Schibli, pr\u00e9sident de la commission d&rsquo;assurance qualit\u00e9 (CAQ) pour la formation professionnelle sup\u00e9rieure de la fili\u00e8re \u00e9quine, lors de son dernier acte officiel. Lors du d\u00eener qui a suivi, il a pris cong\u00e9 avec honneur de son poste de pr\u00e9sident de la CAQ, qu&rsquo;il occupait depuis huit ans. Son poste sera repris par Martin Habegger, nouvellement \u00e9lu.<\/p><p><strong>Des modifications du syst\u00e8me sont pr\u00e9vues<\/strong><br \/>Afin de rendre la formation continue de \u00ab\u00a0sp\u00e9cialiste de la fili\u00e8re \u00e9quine\u00a0\u00bb encore plus attrayante, des adaptations de l&rsquo;ensemble du cursus sont pr\u00e9vues. \u00ab\u00a0L&rsquo;ann\u00e9e prochaine, les derniers candidats termineront leur formation, apr\u00e8s quoi nous proc\u00e9derons \u00e0 quelques adaptations afin que la formation professionnelle sup\u00e9rieure reste un objectif souhaitable \u00e0 l&rsquo;avenir\u00a0\u00bb, explique Patricia Volpez Stern, directrice des examens CAQ.<\/p>\t\t\t\t\t\t\t\t<\/div>\n\t\t\t\t<\/div>\n\t\t\t\t\t<\/div>\n\t\t<\/div>\n\t\t\t\t\t<\/div>\n\t\t<\/section>\n\t\t\t\t<\/div>\n\t\t","protected":false},"excerpt":{"rendered":"<p>Trois nouvelles sp\u00e9cialistes de la fili\u00e8re \u00e9quine Les trois jeunes femmes Viktoria W\u00e4chter, Janina Siegwart et Annick Josuran ont termin\u00e9 leur formation au niveau \u00ab\u00a0formation professionnelle sup\u00e9rieure\u00a0\u00bb et ont r\u00e9ussi &#8230; <a title=\"Trois nouvelles sp\u00e9cialistes de la fili\u00e8re \u00e9quine\" class=\"read-more\" href=\"https:\/\/pferdeberufe.ch\/fr\/nouvelles\/specialistes-2024\/\" aria-label=\"En savoir plus sur Trois nouvelles sp\u00e9cialistes de la fili\u00e8re \u00e9quine\">Lire la suite<\/a><\/p>\n","protected":false},"author":4,"featured_media":0,"parent":4156,"menu_order":39,"comment_status":"closed","ping_status":"closed","template":"","meta":{"footnotes":""},"class_list":["post-10274","page","type-page","status-publish"],"publishpress_future_action":{"enabled":false,"date":"2026-05-03 23:15:14","action":"change-status","newStatus":"draft","terms":[],"taxonomy":"translation_priority","extraData":[]},"publishpress_future_workflow_manual_trigger":{"enabledWorkflows":[]},"_links":{"self":[{"href":"https:\/\/pferdeberufe.ch\/fr\/wp-json\/wp\/v2\/pages\/10274","targetHints":{"allow":["GET"]}}],"collection":[{"href":"https:\/\/pferdeberufe.ch\/fr\/wp-json\/wp\/v2\/pages"}],"about":[{"href":"https:\/\/pferdeberufe.ch\/fr\/wp-json\/wp\/v2\/types\/page"}],"author":[{"embeddable":true,"href":"https:\/\/pferdeberufe.ch\/fr\/wp-json\/wp\/v2\/users\/4"}],"replies":[{"embeddable":true,"href":"https:\/\/pferdeberufe.ch\/fr\/wp-json\/wp\/v2\/comments?post=10274"}],"version-history":[{"count":13,"href":"https:\/\/pferdeberufe.ch\/fr\/wp-json\/wp\/v2\/pages\/10274\/revisions"}],"predecessor-version":[{"id":10288,"href":"https:\/\/pferdeberufe.ch\/fr\/wp-json\/wp\/v2\/pages\/10274\/revisions\/10288"}],"up":[{"embeddable":true,"href":"https:\/\/pferdeberufe.ch\/fr\/wp-json\/wp\/v2\/pages\/4156"}],"wp:attachment":[{"href":"https:\/\/pferdeberufe.ch\/fr\/wp-json\/wp\/v2\/media?parent=10274"}],"curies":[{"name":"wp","href":"https:\/\/api.w.org\/{rel}","templated":true}]}}