
{"id":11196,"date":"2024-12-19T08:47:42","date_gmt":"2024-12-19T07:47:42","guid":{"rendered":"https:\/\/pferdeberufe.ch\/?page_id=11196"},"modified":"2025-06-24T09:06:10","modified_gmt":"2025-06-24T07:06:10","slug":"swissskills","status":"publish","type":"page","link":"https:\/\/pferdeberufe.ch\/fr\/swissskills\/","title":{"rendered":"SwissSkills"},"content":{"rendered":"\t\t<div data-elementor-type=\"wp-page\" data-elementor-id=\"11196\" class=\"elementor elementor-11196 elementor-11183\" data-elementor-post-type=\"page\">\n\t\t\t\t\t\t<section class=\"elementor-section elementor-top-section elementor-element elementor-element-5fdeeb4 elementor-section-boxed elementor-section-height-default elementor-section-height-default\" data-id=\"5fdeeb4\" data-element_type=\"section\" data-e-type=\"section\">\n\t\t\t\t\t\t<div class=\"elementor-container elementor-column-gap-default\">\n\t\t\t\t\t<div class=\"elementor-column elementor-col-100 elementor-top-column elementor-element elementor-element-bd3826c\" data-id=\"bd3826c\" data-element_type=\"column\" data-e-type=\"column\">\n\t\t\t<div class=\"elementor-widget-wrap elementor-element-populated\">\n\t\t\t\t\t\t<div class=\"elementor-element elementor-element-4f4e979 elementor-widget elementor-widget-text-editor\" data-id=\"4f4e979\" data-element_type=\"widget\" data-e-type=\"widget\" data-widget_type=\"text-editor.default\">\n\t\t\t\t<div class=\"elementor-widget-container\">\n\t\t\t\t\t\t\t\t\t<h2 style=\"font-family: Manrope, sans-serif; font-style: normal;\"><span style=\"color: #ff0000;\"><span style=\"color: #000000;\">L\u2019OrTra M\u00e9tiers li\u00e9s au cheval Suisse aux<\/span> SwissSkills 2025<\/span><\/h2>\t\t\t\t\t\t\t\t<\/div>\n\t\t\t\t<\/div>\n\t\t\t\t\t<\/div>\n\t\t<\/div>\n\t\t\t\t\t<\/div>\n\t\t<\/section>\n\t\t\t\t<section class=\"elementor-section elementor-top-section elementor-element elementor-element-fad041b elementor-section-boxed elementor-section-height-default elementor-section-height-default\" data-id=\"fad041b\" data-element_type=\"section\" data-e-type=\"section\">\n\t\t\t\t\t\t<div class=\"elementor-container elementor-column-gap-default\">\n\t\t\t\t\t<div class=\"elementor-column elementor-col-100 elementor-top-column elementor-element elementor-element-96435d1\" data-id=\"96435d1\" data-element_type=\"column\" data-e-type=\"column\">\n\t\t\t<div class=\"elementor-widget-wrap elementor-element-populated\">\n\t\t\t\t\t\t<div class=\"elementor-element elementor-element-9ffa0a7 elementor-widget elementor-widget-text-editor\" data-id=\"9ffa0a7\" data-element_type=\"widget\" data-e-type=\"widget\" data-widget_type=\"text-editor.default\">\n\t\t\t\t<div class=\"elementor-widget-container\">\n\t\t\t\t\t\t\t\t\t<h2><strong>Que montrera l&rsquo;OrTra lors des SwissSkills 2025 ?<\/strong><\/h2><p>Du <strong>17 au 21 septembre 2025<\/strong>, les m\u00e9tiers li\u00e9s au cheval seront pr\u00e9sents aux SwissSkills 2025 sur le site de BERNEXPO. Il sera possible de voir et de vivre les points forts actuels des multiples possibilit\u00e9s offertes par les m\u00e9tiers du cheval :<\/p><ul><li>Le simulateur d&rsquo;attelage permettra de tester ses propres talents.<\/li><li>Des lunettes 3D permettront de d\u00e9couvrir le monde passionnant des chevaux islandais.<\/li><li>Que sais-tu de l&rsquo;\u00e9quipement du cheval ? Teste tes connaissances avec notre quiz.<\/li><li>Le simulateur de galop te permettra de faire l&rsquo;exp\u00e9rience d&rsquo;une course presque r\u00e9elle.<\/li><\/ul><p>Sur notre stand, les apprentis des diff\u00e9rentes sp\u00e9cialit\u00e9s informent leurs futurs coll\u00e8gues.<\/p><p>Nous serons pr\u00e9sents au stand : 14.020<\/p><p>En savoir plus sur les SwissSkills 2025 :<br \/><a href=\"https:\/\/swiss-skills2025.ch\/de\">https:\/\/swiss-skills2025.ch\/de<\/a><\/p>\t\t\t\t\t\t\t\t<\/div>\n\t\t\t\t<\/div>\n\t\t\t\t\t<\/div>\n\t\t<\/div>\n\t\t\t\t\t<\/div>\n\t\t<\/section>\n\t\t\t\t<section class=\"elementor-section elementor-top-section elementor-element elementor-element-2189624 elementor-section-boxed elementor-section-height-default elementor-section-height-default\" data-id=\"2189624\" data-element_type=\"section\" data-e-type=\"section\">\n\t\t\t\t\t\t<div class=\"elementor-container elementor-column-gap-default\">\n\t\t\t\t\t<div class=\"elementor-column elementor-col-100 elementor-top-column elementor-element elementor-element-d9de5c4\" data-id=\"d9de5c4\" data-element_type=\"column\" data-e-type=\"column\">\n\t\t\t<div class=\"elementor-widget-wrap elementor-element-populated\">\n\t\t\t\t\t\t<div class=\"elementor-element elementor-element-39f5d7d elementor-widget elementor-widget-image\" data-id=\"39f5d7d\" data-element_type=\"widget\" data-e-type=\"widget\" data-widget_type=\"image.default\">\n\t\t\t\t<div class=\"elementor-widget-container\">\n\t\t\t\t\t\t\t\t\t\t\t\t\t\t\t<img fetchpriority=\"high\" decoding=\"async\" width=\"1024\" height=\"683\" src=\"https:\/\/pferdeberufe.ch\/wp-content\/smush-avif\/2024_09_24_Bild_SwissSkills_StandOdA-1024x683.jpg.avif\" class=\"attachment-large size-large wp-image-10733\" alt=\"\" srcset=\"https:\/\/pferdeberufe.ch\/wp-content\/smush-avif\/2024_09_24_Bild_SwissSkills_StandOdA-1024x683.jpg.avif 1024w, https:\/\/pferdeberufe.ch\/wp-content\/smush-avif\/2024_09_24_Bild_SwissSkills_StandOdA-300x200.jpg.avif 300w, https:\/\/pferdeberufe.ch\/wp-content\/smush-avif\/2024_09_24_Bild_SwissSkills_StandOdA-768x512.jpg.avif 768w, https:\/\/pferdeberufe.ch\/wp-content\/smush-avif\/2024_09_24_Bild_SwissSkills_StandOdA-1536x1024.jpg.avif 1536w, https:\/\/pferdeberufe.ch\/wp-content\/smush-avif\/2024_09_24_Bild_SwissSkills_StandOdA.jpg.avif 1600w\" sizes=\"(max-width: 1024px) 100vw, 1024px\" \/>\t\t\t\t\t\t\t\t\t\t\t\t\t\t\t<\/div>\n\t\t\t\t<\/div>\n\t\t\t\t\t<\/div>\n\t\t<\/div>\n\t\t\t\t\t<\/div>\n\t\t<\/section>\n\t\t\t\t<section class=\"elementor-section elementor-top-section elementor-element elementor-element-ba1ec2e elementor-section-boxed elementor-section-height-default elementor-section-height-default\" data-id=\"ba1ec2e\" data-element_type=\"section\" data-e-type=\"section\">\n\t\t\t\t\t\t<div class=\"elementor-container elementor-column-gap-default\">\n\t\t\t\t\t<div class=\"elementor-column elementor-col-100 elementor-top-column elementor-element elementor-element-c9c5187\" data-id=\"c9c5187\" data-element_type=\"column\" data-e-type=\"column\">\n\t\t\t<div class=\"elementor-widget-wrap elementor-element-populated\">\n\t\t\t\t\t\t<div class=\"elementor-element elementor-element-d688042 elementor-widget elementor-widget-spacer\" data-id=\"d688042\" data-element_type=\"widget\" data-e-type=\"widget\" data-widget_type=\"spacer.default\">\n\t\t\t\t<div class=\"elementor-widget-container\">\n\t\t\t\t\t\t\t<div class=\"elementor-spacer\">\n\t\t\t<div class=\"elementor-spacer-inner\"><\/div>\n\t\t<\/div>\n\t\t\t\t\t\t<\/div>\n\t\t\t\t<\/div>\n\t\t\t\t<div class=\"elementor-element elementor-element-6eb627f elementor-widget elementor-widget-text-editor\" data-id=\"6eb627f\" data-element_type=\"widget\" data-e-type=\"widget\" data-widget_type=\"text-editor.default\">\n\t\t\t\t<div class=\"elementor-widget-container\">\n\t\t\t\t\t\t\t\t\t<h3>Le compte \u00e0 rebours a commenc\u00e9 !<\/h3><p>La tension monte ! Dans huit mois exactement &#8211; du 17 au 21 septembre 2025 &#8211; ce sera le moment : La sc\u00e8ne est libre pour les \u00ab SwissSkills 2025 \u00bb !<\/p><p><a href=\"https:\/\/pferdeberufe.ch\/wp-content\/uploads\/Communique-de-presse-SwissSkills-2025-le-compte-a-rebours-a-commence.pdf\" target=\"_blank\" rel=\"noopener\">Lien vers le communiqu\u00e9 de presse de SwissSkills du 17 janvier 2025<\/a><\/p>\t\t\t\t\t\t\t\t<\/div>\n\t\t\t\t<\/div>\n\t\t\t\t<div class=\"elementor-element elementor-element-7a2d80d elementor-widget elementor-widget-spacer\" data-id=\"7a2d80d\" data-element_type=\"widget\" data-e-type=\"widget\" data-widget_type=\"spacer.default\">\n\t\t\t\t<div class=\"elementor-widget-container\">\n\t\t\t\t\t\t\t<div class=\"elementor-spacer\">\n\t\t\t<div class=\"elementor-spacer-inner\"><\/div>\n\t\t<\/div>\n\t\t\t\t\t\t<\/div>\n\t\t\t\t<\/div>\n\t\t\t\t\t<\/div>\n\t\t<\/div>\n\t\t\t\t\t<\/div>\n\t\t<\/section>\n\t\t\t\t<section class=\"elementor-section elementor-top-section elementor-element elementor-element-886ea73 elementor-section-boxed elementor-section-height-default elementor-section-height-default\" data-id=\"886ea73\" data-element_type=\"section\" data-e-type=\"section\">\n\t\t\t\t\t\t<div class=\"elementor-container elementor-column-gap-default\">\n\t\t\t\t\t<div class=\"elementor-column elementor-col-100 elementor-top-column elementor-element elementor-element-2dcc139\" data-id=\"2dcc139\" data-element_type=\"column\" data-e-type=\"column\">\n\t\t\t<div class=\"elementor-widget-wrap elementor-element-populated\">\n\t\t\t\t\t\t<div class=\"elementor-element elementor-element-5f373d2 elementor-widget elementor-widget-text-editor\" data-id=\"5f373d2\" data-element_type=\"widget\" data-e-type=\"widget\" data-widget_type=\"text-editor.default\">\n\t\t\t\t<div class=\"elementor-widget-container\">\n\t\t\t\t\t\t\t\t\t<h3>SwissSkills 2025 : une exp\u00e9rience professionnelle unique en son genre<\/h3><p>Du 17 au 21 septembre 2025 auront lieu les quatri\u00e8mes championnats suisses des m\u00e9tiers centralis\u00e9s \u00e0 Berne. Venez avec votre classe et d\u00e9couvrez la diversit\u00e9 de la formation professionnelle suisse en direct sur place.<\/p><p><a href=\"https:\/\/www.youtube.com\/watch?v=Cz7ER2pRi5U+&amp;feature=youtu.be\" target=\"_blank\" rel=\"noopener\">Regarder la vid\u00e9o sur YouTube<\/a><\/p>\t\t\t\t\t\t\t\t<\/div>\n\t\t\t\t<\/div>\n\t\t\t\t<div class=\"elementor-element elementor-element-e35fa26 elementor-widget elementor-widget-spacer\" data-id=\"e35fa26\" data-element_type=\"widget\" data-e-type=\"widget\" data-widget_type=\"spacer.default\">\n\t\t\t\t<div class=\"elementor-widget-container\">\n\t\t\t\t\t\t\t<div class=\"elementor-spacer\">\n\t\t\t<div class=\"elementor-spacer-inner\"><\/div>\n\t\t<\/div>\n\t\t\t\t\t\t<\/div>\n\t\t\t\t<\/div>\n\t\t\t\t\t<\/div>\n\t\t<\/div>\n\t\t\t\t\t<\/div>\n\t\t<\/section>\n\t\t\t\t<section class=\"elementor-section elementor-top-section elementor-element elementor-element-2f55d7ff elementor-section-boxed elementor-section-height-default elementor-section-height-default\" data-id=\"2f55d7ff\" data-element_type=\"section\" data-e-type=\"section\">\n\t\t\t\t\t\t<div class=\"elementor-container elementor-column-gap-default\">\n\t\t\t\t\t<div class=\"elementor-column elementor-col-100 elementor-top-column elementor-element elementor-element-21bfc378\" data-id=\"21bfc378\" data-element_type=\"column\" data-e-type=\"column\">\n\t\t\t<div class=\"elementor-widget-wrap elementor-element-populated\">\n\t\t\t\t\t\t<div class=\"elementor-element elementor-element-7c3905c1 elementor-widget__width-initial elementor-widget elementor-widget-text-editor\" data-id=\"7c3905c1\" data-element_type=\"widget\" data-e-type=\"widget\" data-widget_type=\"text-editor.default\">\n\t\t\t\t<div class=\"elementor-widget-container\">\n\t\t\t\t\t\t\t\t\t<h2 style=\"font-family: Roboto, sans-serif; font-style: normal;\"><img decoding=\"async\" class=\"wp-image-10729 alignleft\" style=\"font-family: var( --e-global-typography-text-font-family ), Sans-serif; font-style: inherit; font-weight: var( --e-global-typography-text-font-weight ); color: var( --e-global-color-text ); background-color: var(--base-3); font-size: 17px;\" src=\"https:\/\/pferdeberufe.ch\/wp-content\/smush-avif\/Logo-SwissSkills-2025-300x161.png.avif\" alt=\"\" width=\"308\" height=\"166\" \/><\/h2><p style=\"font-family: Manrope, sans-serif;\"><span style=\"color: var( --e-global-color-text ); font-weight: var( --e-global-typography-text-font-weight ); background-color: var(--base-3);\">Les SwissSkills se d\u00e9rouleront \u00e0 Berne du 17 au 21 septembre 2025. Il s\u2019agit du plus grand \u00e9v\u00e9nement de Suisse, au cours duquel 150 m\u00e9tiers seront pr\u00e9sent\u00e9s. Apr\u00e8s une participation tr\u00e8s r\u00e9ussie aux SwissSkills 2023, le comit\u00e9 de l\u2019OrTra M\u00e9tiers li\u00e9s au cheval Suisse a d\u00e9cid\u00e9 d\u2019\u00eatre \u00e0 nouveau de la partie lors de la prochaine \u00e9dition.<\/span><\/p><p style=\"font-family: Manrope, sans-serif;\"><span style=\"color: var( --e-global-color-text ); font-weight: var( --e-global-typography-text-font-weight ); background-color: var(--base-3);\">\u00a0<\/span><\/p><p style=\"font-family: Manrope, sans-serif;\"><span style=\"color: var( --e-global-color-text ); font-weight: var( --e-global-typography-text-font-weight ); background-color: var(--base-3);\">Comme en 2022, il sera possible de d\u00e9couvrir les diff\u00e9rents points forts. Il est \u00e9galement pr\u00e9vu que des apprentis soient pr\u00e9sents sur le stand pour donner des informations sur le m\u00e9tier aux \u00e9l\u00e8ves et aux formateurs. En janvier, les apprentis seront invit\u00e9s \u00e0 participer aux SwissSkills 2025.<\/span><\/p><p style=\"font-family: Manrope, sans-serif;\">R\u00e9servez d\u2019ores et d\u00e9j\u00e0 la date et venez nous rendre visite sur notre stand.<\/p>\t\t\t\t\t\t\t\t<\/div>\n\t\t\t\t<\/div>\n\t\t\t\t\t<\/div>\n\t\t<\/div>\n\t\t\t\t\t<\/div>\n\t\t<\/section>\n\t\t\t\t<\/div>\n\t\t","protected":false},"excerpt":{"rendered":"<p>L\u2019OrTra M\u00e9tiers li\u00e9s au cheval Suisse aux SwissSkills 2025 Que montrera l&rsquo;OrTra lors des SwissSkills 2025 ? Du 17 au 21 septembre 2025, les m\u00e9tiers li\u00e9s au cheval seront pr\u00e9sents &#8230; <a title=\"SwissSkills\" class=\"read-more\" href=\"https:\/\/pferdeberufe.ch\/fr\/swissskills\/\" aria-label=\"En savoir plus sur SwissSkills\">Lire la suite<\/a><\/p>\n","protected":false},"author":4,"featured_media":0,"parent":0,"menu_order":0,"comment_status":"closed","ping_status":"closed","template":"","meta":{"footnotes":""},"class_list":["post-11196","page","type-page","status-publish"],"publishpress_future_action":{"enabled":false,"date":"2026-05-06 13:11:48","action":"change-status","newStatus":"draft","terms":[],"taxonomy":"translation_priority","extraData":[]},"publishpress_future_workflow_manual_trigger":{"enabledWorkflows":[]},"_links":{"self":[{"href":"https:\/\/pferdeberufe.ch\/fr\/wp-json\/wp\/v2\/pages\/11196","targetHints":{"allow":["GET"]}}],"collection":[{"href":"https:\/\/pferdeberufe.ch\/fr\/wp-json\/wp\/v2\/pages"}],"about":[{"href":"https:\/\/pferdeberufe.ch\/fr\/wp-json\/wp\/v2\/types\/page"}],"author":[{"embeddable":true,"href":"https:\/\/pferdeberufe.ch\/fr\/wp-json\/wp\/v2\/users\/4"}],"replies":[{"embeddable":true,"href":"https:\/\/pferdeberufe.ch\/fr\/wp-json\/wp\/v2\/comments?post=11196"}],"version-history":[{"count":19,"href":"https:\/\/pferdeberufe.ch\/fr\/wp-json\/wp\/v2\/pages\/11196\/revisions"}],"predecessor-version":[{"id":13350,"href":"https:\/\/pferdeberufe.ch\/fr\/wp-json\/wp\/v2\/pages\/11196\/revisions\/13350"}],"wp:attachment":[{"href":"https:\/\/pferdeberufe.ch\/fr\/wp-json\/wp\/v2\/media?parent=11196"}],"curies":[{"name":"wp","href":"https:\/\/api.w.org\/{rel}","templated":true}]}}