
{"id":12460,"date":"2025-02-14T08:39:09","date_gmt":"2025-02-14T07:39:09","guid":{"rendered":"https:\/\/pferdeberufe.ch\/?page_id=12460"},"modified":"2025-02-14T08:42:06","modified_gmt":"2025-02-14T07:42:06","slug":"diverses-representations-de-lortra-metiers-lies-au-cheval-suisse","status":"publish","type":"page","link":"https:\/\/pferdeberufe.ch\/fr\/diverses-representations-de-lortra-metiers-lies-au-cheval-suisse\/","title":{"rendered":"Diverses repr\u00e9sentations de l&rsquo;OrTra M\u00e9tiers li\u00e9s au cheval Suisse"},"content":{"rendered":"\t\t<div data-elementor-type=\"wp-page\" data-elementor-id=\"12460\" class=\"elementor elementor-12460\" data-elementor-post-type=\"page\">\n\t\t\t\t\t\t<section class=\"elementor-section elementor-top-section elementor-element elementor-element-697b85fd elementor-section-boxed elementor-section-height-default elementor-section-height-default\" data-id=\"697b85fd\" data-element_type=\"section\" data-e-type=\"section\">\n\t\t\t\t\t\t<div class=\"elementor-container elementor-column-gap-default\">\n\t\t\t\t\t<div class=\"elementor-column elementor-col-100 elementor-top-column elementor-element elementor-element-6a6bd77b\" data-id=\"6a6bd77b\" data-element_type=\"column\" data-e-type=\"column\">\n\t\t\t<div class=\"elementor-widget-wrap elementor-element-populated\">\n\t\t\t\t\t\t<div class=\"elementor-element elementor-element-3e578ff elementor-widget elementor-widget-text-editor\" data-id=\"3e578ff\" data-element_type=\"widget\" data-e-type=\"widget\" data-widget_type=\"text-editor.default\">\n\t\t\t\t<div class=\"elementor-widget-container\">\n\t\t\t\t\t\t\t\t\t<p>Avec ses six sp\u00e9cialisations et ses deux dipl\u00f4mes, l&rsquo;OrTra M\u00e9tiers li\u00e9s au cheval Suisse (OrTra) offre de nombreuses possibilit\u00e9s pour permettre aux jeunes de faire leur entr\u00e9e dans le monde du cheval. Les salons des m\u00e9tiers sont donc un bon moyen de faire conna\u00eetre les possibilit\u00e9s professionnelles aux jeunes et \u00e0 leurs familles. L&rsquo;OrTra a donc d\u00e9cid\u00e9 de participer cette ann\u00e9e encore \u00e0 diff\u00e9rents salons des m\u00e9tiers.<\/p><h3>OBA \u00e0 Saint-Gall<\/h3><p>L&rsquo;Ostschweizer Bildungs-Ausstellung (OBA) aura lieu du 28 au 31 ao\u00fbt 2025 sur le site de l&rsquo;Olma \u00e0 Saint-Gall. Il s&rsquo;agit du plus grand salon de la formation de la r\u00e9gion. Chaque ann\u00e9e, environ 250 m\u00e9tiers y sont pr\u00e9sent\u00e9s.<\/p><h3>SwissSkills \u00e0 Berne<\/h3><p>Le point fort des salons professionnels de cette ann\u00e9e est certainement les SwissSkills \u00e0 Berne. Cette ann\u00e9e, l&rsquo;OrTra pr\u00e9sentera \u00e9galement les m\u00e9tiers du cheval.<\/p><p>Du 17 au 21 septembre 2025, les \u00e9l\u00e8ves int\u00e9ress\u00e9s pourront d\u00e9couvrir les points forts de mani\u00e8re interactive. Il est ainsi pr\u00e9vu que les jeunes gens d\u00e9couvrent le galop avec le simulateur de course ou la conduite d&rsquo;un attelage avec le simulateur de conduite. Des lunettes 3D permettent de se faire une id\u00e9e de l&rsquo;\u00e9quitation de chevaux d&rsquo;allure. Filles et gar\u00e7ons s&rsquo;exerceront \u00e0 tresser la crini\u00e8re d&rsquo;un cheval grandeur nature. Les visiteurs peuvent en outre admirer sur le stand les \u00e9quipements des diff\u00e9rents types d&rsquo;\u00e9quitation.<\/p><p>Ils pourront en outre poser des questions afin d&rsquo;en savoir plus sur ce formidable m\u00e9tier. Des brochures informatives seront bien entendu \u00e9galement mises \u00e0 disposition.<\/p><h3>Salon des m\u00e9tiers de Lausanne<\/h3><p>Du 18 au 23 novembre 2025, le \u00ab Salon des M\u00e9tiers \u00bb se tiendra \u00e0 Lausanne. L&rsquo;\u00e9cole professionnelle Agrilogie Grange-Verney \u00e0 Moudon, pr\u00e9sentera ses m\u00e9tiers d&rsquo;apprentissage, entre autres les m\u00e9tiers du cheval.<\/p><p>Nous nous r\u00e9jouissons d&rsquo;une ann\u00e9e passionnante avec de nombreuses discussions int\u00e9ressantes.<\/p>\t\t\t\t\t\t\t\t<\/div>\n\t\t\t\t<\/div>\n\t\t\t\t\t<\/div>\n\t\t<\/div>\n\t\t\t\t\t<\/div>\n\t\t<\/section>\n\t\t\t\t<\/div>\n\t\t","protected":false},"excerpt":{"rendered":"<p>Avec ses six sp\u00e9cialisations et ses deux dipl\u00f4mes, l&rsquo;OrTra M\u00e9tiers li\u00e9s au cheval Suisse (OrTra) offre de nombreuses possibilit\u00e9s pour permettre aux jeunes de faire leur entr\u00e9e dans le monde &#8230; <a title=\"Diverses repr\u00e9sentations de l&rsquo;OrTra M\u00e9tiers li\u00e9s au cheval Suisse\" class=\"read-more\" href=\"https:\/\/pferdeberufe.ch\/fr\/diverses-representations-de-lortra-metiers-lies-au-cheval-suisse\/\" aria-label=\"En savoir plus sur Diverses repr\u00e9sentations de l&rsquo;OrTra M\u00e9tiers li\u00e9s au cheval Suisse\">Lire la suite<\/a><\/p>\n","protected":false},"author":4,"featured_media":0,"parent":0,"menu_order":0,"comment_status":"closed","ping_status":"closed","template":"","meta":{"footnotes":""},"class_list":["post-12460","page","type-page","status-publish"],"publishpress_future_action":{"enabled":false,"date":"2026-05-03 21:32:03","action":"change-status","newStatus":"draft","terms":[],"taxonomy":"translation_priority","extraData":[]},"publishpress_future_workflow_manual_trigger":{"enabledWorkflows":[]},"_links":{"self":[{"href":"https:\/\/pferdeberufe.ch\/fr\/wp-json\/wp\/v2\/pages\/12460","targetHints":{"allow":["GET"]}}],"collection":[{"href":"https:\/\/pferdeberufe.ch\/fr\/wp-json\/wp\/v2\/pages"}],"about":[{"href":"https:\/\/pferdeberufe.ch\/fr\/wp-json\/wp\/v2\/types\/page"}],"author":[{"embeddable":true,"href":"https:\/\/pferdeberufe.ch\/fr\/wp-json\/wp\/v2\/users\/4"}],"replies":[{"embeddable":true,"href":"https:\/\/pferdeberufe.ch\/fr\/wp-json\/wp\/v2\/comments?post=12460"}],"version-history":[{"count":7,"href":"https:\/\/pferdeberufe.ch\/fr\/wp-json\/wp\/v2\/pages\/12460\/revisions"}],"predecessor-version":[{"id":12467,"href":"https:\/\/pferdeberufe.ch\/fr\/wp-json\/wp\/v2\/pages\/12460\/revisions\/12467"}],"wp:attachment":[{"href":"https:\/\/pferdeberufe.ch\/fr\/wp-json\/wp\/v2\/media?parent=12460"}],"curies":[{"name":"wp","href":"https:\/\/api.w.org\/{rel}","templated":true}]}}