
{"id":3753,"date":"2022-06-21T10:19:03","date_gmt":"2022-06-21T08:19:03","guid":{"rendered":"https:\/\/pferdeberufe.ch\/formation-de-base\/"},"modified":"2025-09-14T10:43:41","modified_gmt":"2025-09-14T08:43:41","slug":"formation-de-base","status":"publish","type":"page","link":"https:\/\/pferdeberufe.ch\/fr\/formation-de-base\/","title":{"rendered":"Formation de base"},"content":{"rendered":"\t\t<div data-elementor-type=\"wp-page\" data-elementor-id=\"3753\" class=\"elementor elementor-3753 elementor-1335\" data-elementor-post-type=\"page\">\n\t\t\t\t\t\t<section class=\"elementor-section elementor-top-section elementor-element elementor-element-3b11da71 elementor-section-boxed elementor-section-height-default elementor-section-height-default\" data-id=\"3b11da71\" data-element_type=\"section\" data-e-type=\"section\">\n\t\t\t\t\t\t<div class=\"elementor-container elementor-column-gap-default\">\n\t\t\t\t\t<div class=\"elementor-column elementor-col-100 elementor-top-column elementor-element elementor-element-5be9a4a\" data-id=\"5be9a4a\" data-element_type=\"column\" data-e-type=\"column\">\n\t\t\t<div class=\"elementor-widget-wrap elementor-element-populated\">\n\t\t\t\t\t\t<div class=\"elementor-element elementor-element-fb4dda7 elementor-widget elementor-widget-text-editor\" data-id=\"fb4dda7\" data-element_type=\"widget\" data-e-type=\"widget\" data-widget_type=\"text-editor.default\">\n\t\t\t\t<div class=\"elementor-widget-container\">\n\t\t\t\t\t\t\t\t\t<h2 class=\"elementor-heading-title elementor-size-default elementor-inline-editing pen\" style=\"text-align: center;\" contenteditable=\"true\" data-elementor-setting-key=\"title\" data-pen-placeholder=\"Eingabe hier...\">Formation initiale des <span style=\"color: #ff0000;\">m\u00e9tiers li\u00e9s au cheval<\/span><\/h2>\t\t\t\t\t\t\t\t<\/div>\n\t\t\t\t<\/div>\n\t\t\t\t<div class=\"elementor-element elementor-element-7ef5d457 elementor-widget elementor-widget-text-editor\" data-id=\"7ef5d457\" data-element_type=\"widget\" data-e-type=\"widget\" data-widget_type=\"text-editor.default\">\n\t\t\t\t<div class=\"elementor-widget-container\">\n\t\t\t\t\t\t\t\t\t<p>Acquiers les comp\u00e9tences n\u00e9cessaires \u00e0 l&rsquo;exercice de <strong>l&rsquo;un des plus beaux m\u00e9tiers<\/strong> du monde pendant la formation initiale menant \u00e0 l&rsquo;attestation f\u00e9d\u00e9rale de f<strong>ormation professionnelle AFP<\/strong> ou au <strong>certificat f\u00e9d\u00e9ral de capacit\u00e9 CFC<\/strong>. Profite de<strong>la diversit\u00e9<\/strong> de la branche et d\u00e9veloppe-toi personnellement et professionnellement au cours de cette formation passionnante. <\/p><p><strong> <\/strong><\/p>\t\t\t\t\t\t\t\t<\/div>\n\t\t\t\t<\/div>\n\t\t\t\t\t<\/div>\n\t\t<\/div>\n\t\t\t\t\t<\/div>\n\t\t<\/section>\n\t\t\t\t<section class=\"elementor-section elementor-top-section elementor-element elementor-element-e8dcf1d elementor-section-boxed elementor-section-height-default elementor-section-height-default\" data-id=\"e8dcf1d\" data-element_type=\"section\" data-e-type=\"section\">\n\t\t\t\t\t\t<div class=\"elementor-container elementor-column-gap-default\">\n\t\t\t\t\t<div class=\"elementor-column elementor-col-100 elementor-top-column elementor-element elementor-element-4eb0b56\" data-id=\"4eb0b56\" data-element_type=\"column\" data-e-type=\"column\">\n\t\t\t<div class=\"elementor-widget-wrap elementor-element-populated\">\n\t\t\t\t\t\t<div class=\"elementor-element elementor-element-9975947 elementor-widget elementor-widget-text-editor\" data-id=\"9975947\" data-element_type=\"widget\" data-e-type=\"widget\" data-widget_type=\"text-editor.default\">\n\t\t\t\t<div class=\"elementor-widget-container\">\n\t\t\t\t\t\t\t\t\t<h2 class=\"elementor-heading-title elementor-size-default elementor-inline-editing pen\" style=\"text-align: center;\" contenteditable=\"true\" data-elementor-setting-key=\"title\" data-pen-placeholder=\"Eingabe hier...\"><span style=\"color: #ff0000;\">Formation m\u00e9tiers li\u00e9s au cheval<\/span><\/h2>\t\t\t\t\t\t\t\t<\/div>\n\t\t\t\t<\/div>\n\t\t\t\t<div class=\"elementor-element elementor-element-392149d elementor-widget elementor-widget-text-editor\" data-id=\"392149d\" data-element_type=\"widget\" data-e-type=\"widget\" data-widget_type=\"text-editor.default\">\n\t\t\t\t<div class=\"elementor-widget-container\">\n\t\t\t\t\t\t\t\t\t<p>R\u00eaves-tu de suivre une formation avec des chevaux ? La r\u00e9alit\u00e9 est alors parfois d\u00e9cevante pour les apprentis comme pour les formateurs. L&rsquo;article paru dans Kavallo 01\/2025 r\u00e9sume les r\u00e9formes et les d\u00e9fis de la formation professionnelle initiale.<\/p>\t\t\t\t\t\t\t\t<\/div>\n\t\t\t\t<\/div>\n\t\t\t\t<div class=\"elementor-element elementor-element-742285a elementor-align-center elementor-widget elementor-widget-button\" data-id=\"742285a\" data-element_type=\"widget\" data-e-type=\"widget\" data-widget_type=\"button.default\">\n\t\t\t\t<div class=\"elementor-widget-container\">\n\t\t\t\t\t\t\t\t\t<div class=\"elementor-button-wrapper\">\n\t\t\t\t\t<a class=\"elementor-button elementor-button-link elementor-size-sm\" href=\"https:\/\/pferdeberufe.ch\/wp-content\/uploads\/Reformen-und-Herausforderungen.pdf\" target=\"_blank\">\n\t\t\t\t\t\t<span class=\"elementor-button-content-wrapper\">\n\t\t\t\t\t\t\t\t\t<span class=\"elementor-button-text\">Lire l'article (en allemand)<\/span>\n\t\t\t\t\t<\/span>\n\t\t\t\t\t<\/a>\n\t\t\t\t<\/div>\n\t\t\t\t\t\t\t\t<\/div>\n\t\t\t\t<\/div>\n\t\t\t\t<div class=\"elementor-element elementor-element-ceabcb0 elementor-widget elementor-widget-spacer\" data-id=\"ceabcb0\" data-element_type=\"widget\" data-e-type=\"widget\" data-widget_type=\"spacer.default\">\n\t\t\t\t<div class=\"elementor-widget-container\">\n\t\t\t\t\t\t\t<div class=\"elementor-spacer\">\n\t\t\t<div class=\"elementor-spacer-inner\"><\/div>\n\t\t<\/div>\n\t\t\t\t\t\t<\/div>\n\t\t\t\t<\/div>\n\t\t\t\t\t<\/div>\n\t\t<\/div>\n\t\t\t\t\t<\/div>\n\t\t<\/section>\n\t\t\t\t<section class=\"elementor-section elementor-top-section elementor-element elementor-element-d364038 elementor-section-full_width elementor-section-height-default elementor-section-height-default\" data-id=\"d364038\" data-element_type=\"section\" data-e-type=\"section\" data-settings=\"{&quot;background_background&quot;:&quot;slideshow&quot;,&quot;background_slideshow_gallery&quot;:[],&quot;background_slideshow_loop&quot;:&quot;yes&quot;,&quot;background_slideshow_slide_duration&quot;:5000,&quot;background_slideshow_slide_transition&quot;:&quot;fade&quot;,&quot;background_slideshow_transition_duration&quot;:500}\">\n\t\t\t\t\t\t<div class=\"elementor-container elementor-column-gap-default\">\n\t\t\t\t\t<div class=\"elementor-column elementor-col-50 elementor-top-column elementor-element elementor-element-65c7eda\" data-id=\"65c7eda\" data-element_type=\"column\" data-e-type=\"column\">\n\t\t\t<div class=\"elementor-widget-wrap elementor-element-populated\">\n\t\t\t\t\t\t<div class=\"elementor-element elementor-element-7c2a18b elementor-widget__width-initial elementor-widget elementor-widget-image\" data-id=\"7c2a18b\" data-element_type=\"widget\" data-e-type=\"widget\" data-widget_type=\"image.default\">\n\t\t\t\t<div class=\"elementor-widget-container\">\n\t\t\t\t\t\t\t\t\t\t\t\t\t\t\t<img fetchpriority=\"high\" decoding=\"async\" width=\"1024\" height=\"683\" src=\"https:\/\/pferdeberufe.ch\/wp-content\/smush-avif\/8-Bandagieren_und_frisieren-3-1-1024x683.jpg.avif\" class=\"attachment-large size-large wp-image-11322\" alt=\"\" srcset=\"https:\/\/pferdeberufe.ch\/wp-content\/smush-avif\/8-Bandagieren_und_frisieren-3-1-1024x683.jpg.avif 1024w, https:\/\/pferdeberufe.ch\/wp-content\/smush-avif\/8-Bandagieren_und_frisieren-3-1-300x200.jpg.avif 300w, https:\/\/pferdeberufe.ch\/wp-content\/smush-avif\/8-Bandagieren_und_frisieren-3-1-768x512.jpg.avif 768w\" sizes=\"(max-width: 1024px) 100vw, 1024px\" \/>\t\t\t\t\t\t\t\t\t\t\t\t\t\t\t<\/div>\n\t\t\t\t<\/div>\n\t\t\t\t\t<\/div>\n\t\t<\/div>\n\t\t\t\t<div class=\"elementor-column elementor-col-50 elementor-top-column elementor-element elementor-element-56369ad\" data-id=\"56369ad\" data-element_type=\"column\" data-e-type=\"column\" data-settings=\"{&quot;background_background&quot;:&quot;gradient&quot;}\">\n\t\t\t<div class=\"elementor-widget-wrap elementor-element-populated\">\n\t\t\t\t\t\t<div class=\"elementor-element elementor-element-72cdc4e elementor-widget elementor-widget-text-editor\" data-id=\"72cdc4e\" data-element_type=\"widget\" data-e-type=\"widget\" data-widget_type=\"text-editor.default\">\n\t\t\t\t<div class=\"elementor-widget-container\">\n\t\t\t\t\t\t\t\t\t<h2 class=\"elementor-heading-title elementor-size-default elementor-inline-editing pen\" contenteditable=\"true\" data-elementor-setting-key=\"title\" data-pen-placeholder=\"Eingabe hier...\"><span style=\"color: #ff0000;\">AFP<\/span>: dipl\u00f4me f\u00e9d\u00e9ral Certificat professionnel de <span style=\"color: #ff0000;\">gardien(ne) de chevaux<\/span><\/h2>\t\t\t\t\t\t\t\t<\/div>\n\t\t\t\t<\/div>\n\t\t\t\t<div class=\"elementor-element elementor-element-1729dc2 elementor-widget elementor-widget-text-editor\" data-id=\"1729dc2\" data-element_type=\"widget\" data-e-type=\"widget\" data-widget_type=\"text-editor.default\">\n\t\t\t\t<div class=\"elementor-widget-container\">\n\t\t\t\t\t\t\t\t\t<p>La formation de gardien\/ne de cheval AFP de deux ans s&rsquo;adresse \u00e0 des jeunes essentiellement dou\u00e9s pour la pratique et ayant des besoins d&rsquo;apprentissage particuliers, qui choisissent la voie du monde du travail par le biais d&rsquo;une formation initiale avec attestation. Une motivation marqu\u00e9e et de bonnes qualit\u00e9s de caract\u00e8re sont des conditions importantes pour une formation r\u00e9ussie.<\/p><p>L&rsquo;accent de cette formation est mis sur la promotion pratique ; les th\u00e8mes scolaires sont enseign\u00e9s en relation directe avec les contenus de l&rsquo;entreprise. Les trois lieux de formation que sont l&rsquo;entreprise formatrice, l&rsquo;\u00e9cole et les cours interentreprises (CI) travaillent de mani\u00e8re flexible et en \u00e9troite collaboration. Les gardiens de chevaux AFP\/gardiennes de chevaux AFP soignent et s&rsquo;occupent des chevaux qui leur sont confi\u00e9s en suivant des instructions. Ils aident aux travaux de nettoyage n\u00e9cessaires dans les logements et les installations tous les jours (y compris les dimanches et les jours f\u00e9ri\u00e9s). L&rsquo;aide \u00e0 l&rsquo;organisation et \u00e0 la r\u00e9alisation d&rsquo;\u00e9v\u00e9nements fait \u00e9galement partie de son domaine d&rsquo;activit\u00e9 polyvalent.<\/p>\t\t\t\t\t\t\t\t<\/div>\n\t\t\t\t<\/div>\n\t\t\t\t\t<\/div>\n\t\t<\/div>\n\t\t\t\t\t<\/div>\n\t\t<\/section>\n\t\t\t\t<section class=\"elementor-section elementor-top-section elementor-element elementor-element-8255e0b elementor-section-boxed elementor-section-height-default elementor-section-height-default\" data-id=\"8255e0b\" data-element_type=\"section\" data-e-type=\"section\">\n\t\t\t\t\t\t<div class=\"elementor-container elementor-column-gap-default\">\n\t\t\t\t\t<div class=\"elementor-column elementor-col-100 elementor-top-column elementor-element elementor-element-d646335\" data-id=\"d646335\" data-element_type=\"column\" data-e-type=\"column\">\n\t\t\t<div class=\"elementor-widget-wrap elementor-element-populated\">\n\t\t\t\t\t\t<div class=\"elementor-element elementor-element-32716ab elementor-widget elementor-widget-spacer\" data-id=\"32716ab\" data-element_type=\"widget\" data-e-type=\"widget\" data-widget_type=\"spacer.default\">\n\t\t\t\t<div class=\"elementor-widget-container\">\n\t\t\t\t\t\t\t<div class=\"elementor-spacer\">\n\t\t\t<div class=\"elementor-spacer-inner\"><\/div>\n\t\t<\/div>\n\t\t\t\t\t\t<\/div>\n\t\t\t\t<\/div>\n\t\t\t\t\t<\/div>\n\t\t<\/div>\n\t\t\t\t\t<\/div>\n\t\t<\/section>\n\t\t\t\t<section class=\"elementor-section elementor-top-section elementor-element elementor-element-8e94815 elementor-section-full_width elementor-section-height-default elementor-section-height-default\" data-id=\"8e94815\" data-element_type=\"section\" data-e-type=\"section\" data-settings=\"{&quot;background_background&quot;:&quot;slideshow&quot;,&quot;background_slideshow_gallery&quot;:[],&quot;background_slideshow_loop&quot;:&quot;yes&quot;,&quot;background_slideshow_slide_duration&quot;:5000,&quot;background_slideshow_slide_transition&quot;:&quot;fade&quot;,&quot;background_slideshow_transition_duration&quot;:500}\">\n\t\t\t\t\t\t<div class=\"elementor-container elementor-column-gap-default\">\n\t\t\t\t\t<div class=\"elementor-column elementor-col-50 elementor-top-column elementor-element elementor-element-db3dcef\" data-id=\"db3dcef\" data-element_type=\"column\" data-e-type=\"column\">\n\t\t\t<div class=\"elementor-widget-wrap elementor-element-populated\">\n\t\t\t\t\t\t<div class=\"elementor-element elementor-element-16b0308 elementor-widget elementor-widget-text-editor\" data-id=\"16b0308\" data-element_type=\"widget\" data-e-type=\"widget\" data-widget_type=\"text-editor.default\">\n\t\t\t\t<div class=\"elementor-widget-container\">\n\t\t\t\t\t\t\t\t\t<h2 class=\"elementor-heading-title elementor-size-default elementor-inline-editing pen\" contenteditable=\"true\" data-elementor-setting-key=\"title\" data-pen-placeholder=\"Eingabe hier...\"><span style=\"color: #ff0000;\">CFC<\/span> : <span style=\"color: #ff0000;\">Certificat f\u00e9d\u00e9ral<\/span> de capacit\u00e9 de professionnel du cheval dans <span style=\"color: #ff0000;\">6 domaines sp\u00e9cifiques<\/span><\/h2>\t\t\t\t\t\t\t\t<\/div>\n\t\t\t\t<\/div>\n\t\t\t\t<div class=\"elementor-element elementor-element-16efde6 elementor-widget elementor-widget-text-editor\" data-id=\"16efde6\" data-element_type=\"widget\" data-e-type=\"widget\" data-widget_type=\"text-editor.default\">\n\t\t\t\t<div class=\"elementor-widget-container\">\n\t\t\t\t\t\t\t\t\t<p>Les professionnelles du cheval CFC et professionnels du cheval CFC sont des employ\u00e9s sp\u00e9cialis\u00e9s polyvalents, responsables du bien-\u00eatre des chevaux. Ils soignent les chevaux, cr\u00e9ent une relation de confiance avec eux et les utilisent de mani\u00e8re s\u00fbre et dans le respect des animaux. Ils travaillent quotidiennement avec les animaux qui leur sont confi\u00e9s. Ils donnent des cours de soins aux chevaux ou d\u2019\u00e9quitation \u00e0 des tierces personnes jusqu\u2019au niveau de la formation de base pour le cheval et le cavalier. Leur client\u00e8le comprend des personnes individuelles et des groupes de toutes les cat\u00e9gories d\u2019\u00e2ge. Les professionnelles du cheval CFC et professionnels du cheval CFC travaillent en principe comme employ\u00e9s d\u2019un centre \u00e9questre r\u00e9gional, national ou international, ou comme ind\u00e9pendants dans leur propre exploitation ou en fermage.<\/p><p>Les professionnelles du cheval CFC et professionnels du cheval CFC ont 6 domaines sp\u00e9cifiques au choix : Soins et services, monte classique, monte western, chevaux d\u2019allures, attelage et chevaux de course.<\/p>\t\t\t\t\t\t\t\t<\/div>\n\t\t\t\t<\/div>\n\t\t\t\t\t<\/div>\n\t\t<\/div>\n\t\t\t\t<div class=\"elementor-column elementor-col-50 elementor-top-column elementor-element elementor-element-31c7391\" data-id=\"31c7391\" data-element_type=\"column\" data-e-type=\"column\" data-settings=\"{&quot;background_background&quot;:&quot;gradient&quot;}\">\n\t\t\t<div class=\"elementor-widget-wrap elementor-element-populated\">\n\t\t\t\t\t\t<div class=\"elementor-element elementor-element-634a046 elementor-widget elementor-widget-image\" data-id=\"634a046\" data-element_type=\"widget\" data-e-type=\"widget\" data-widget_type=\"image.default\">\n\t\t\t\t<div class=\"elementor-widget-container\">\n\t\t\t\t\t\t\t\t\t\t\t\t\t\t\t<img decoding=\"async\" width=\"1024\" height=\"683\" src=\"https:\/\/pferdeberufe.ch\/wp-content\/smush-avif\/10-Gruppenunterricht_Unterricht_am_Pferd-26-1024x683.jpg.avif\" class=\"attachment-large size-large wp-image-11275\" alt=\"\" srcset=\"https:\/\/pferdeberufe.ch\/wp-content\/smush-avif\/10-Gruppenunterricht_Unterricht_am_Pferd-26-1024x683.jpg.avif 1024w, https:\/\/pferdeberufe.ch\/wp-content\/smush-avif\/10-Gruppenunterricht_Unterricht_am_Pferd-26-300x200.jpg.avif 300w, https:\/\/pferdeberufe.ch\/wp-content\/smush-avif\/10-Gruppenunterricht_Unterricht_am_Pferd-26-768x512.jpg.avif 768w, https:\/\/pferdeberufe.ch\/wp-content\/smush-avif\/10-Gruppenunterricht_Unterricht_am_Pferd-26-1536x1024.jpg.avif 1536w, https:\/\/pferdeberufe.ch\/wp-content\/smush-avif\/10-Gruppenunterricht_Unterricht_am_Pferd-26-2048x1365.jpg.avif 2048w\" sizes=\"(max-width: 1024px) 100vw, 1024px\" \/>\t\t\t\t\t\t\t\t\t\t\t\t\t\t\t<\/div>\n\t\t\t\t<\/div>\n\t\t\t\t<div class=\"elementor-element elementor-element-9e54a80 elementor-icon-list--layout-traditional elementor-list-item-link-full_width elementor-widget elementor-widget-icon-list\" data-id=\"9e54a80\" data-element_type=\"widget\" data-e-type=\"widget\" data-widget_type=\"icon-list.default\">\n\t\t\t\t<div class=\"elementor-widget-container\">\n\t\t\t\t\t\t\t<ul class=\"elementor-icon-list-items\">\n\t\t\t\t\t\t\t<li class=\"elementor-icon-list-item\">\n\t\t\t\t\t\t\t\t\t\t\t<a href=\"https:\/\/pferdeberufe.ch\/wp-content\/uploads\/Flyer_OdA_6Seiten_202507_F_Bogen.pdf\" target=\"_blank\">\n\n\t\t\t\t\t\t\t\t\t\t\t\t<span class=\"elementor-icon-list-icon\">\n\t\t\t\t\t\t\t<i aria-hidden=\"true\" class=\"far fa-file-pdf\"><\/i>\t\t\t\t\t\t<\/span>\n\t\t\t\t\t\t\t\t\t\t<span class=\"elementor-icon-list-text\">Brochure sur les m\u00e9tiers du cheval (Fr)<\/span>\n\t\t\t\t\t\t\t\t\t\t\t<\/a>\n\t\t\t\t\t\t\t\t\t<\/li>\n\t\t\t\t\t\t\t\t<li class=\"elementor-icon-list-item\">\n\t\t\t\t\t\t\t\t\t\t\t<a href=\"https:\/\/pferdeberufe.ch\/wp-content\/uploads\/Flyer_OdA_6Seiten_202507_I_Bogen.pdf\" target=\"_blank\">\n\n\t\t\t\t\t\t\t\t\t\t\t\t<span class=\"elementor-icon-list-icon\">\n\t\t\t\t\t\t\t<i aria-hidden=\"true\" class=\"far fa-file-pdf\"><\/i>\t\t\t\t\t\t<\/span>\n\t\t\t\t\t\t\t\t\t\t<span class=\"elementor-icon-list-text\">Brochure mestieri legati al cavallo (It)<\/span>\n\t\t\t\t\t\t\t\t\t\t\t<\/a>\n\t\t\t\t\t\t\t\t\t<\/li>\n\t\t\t\t\t\t\t\t<li class=\"elementor-icon-list-item\">\n\t\t\t\t\t\t\t\t\t\t\t<a href=\"https:\/\/pferdeberufe.ch\/wp-content\/uploads\/Aide-memoire-Art.-32_f.pdf\" target=\"_blank\">\n\n\t\t\t\t\t\t\t\t\t\t\t\t<span class=\"elementor-icon-list-icon\">\n\t\t\t\t\t\t\t<i aria-hidden=\"true\" class=\"far fa-file-pdf\"><\/i>\t\t\t\t\t\t<\/span>\n\t\t\t\t\t\t\t\t\t\t<span class=\"elementor-icon-list-text\">Fiche d'information sur les personnes en reconversion professionnelle SDDB<\/span>\n\t\t\t\t\t\t\t\t\t\t\t<\/a>\n\t\t\t\t\t\t\t\t\t<\/li>\n\t\t\t\t\t\t<\/ul>\n\t\t\t\t\t\t<\/div>\n\t\t\t\t<\/div>\n\t\t\t\t\t<\/div>\n\t\t<\/div>\n\t\t\t\t\t<\/div>\n\t\t<\/section>\n\t\t\t\t<section class=\"elementor-section elementor-top-section elementor-element elementor-element-dfca610 elementor-section-boxed elementor-section-height-default elementor-section-height-default\" data-id=\"dfca610\" data-element_type=\"section\" data-e-type=\"section\">\n\t\t\t\t\t\t<div class=\"elementor-container elementor-column-gap-default\">\n\t\t\t\t\t<div class=\"elementor-column elementor-col-100 elementor-top-column elementor-element elementor-element-445bebd\" data-id=\"445bebd\" data-element_type=\"column\" data-e-type=\"column\">\n\t\t\t<div class=\"elementor-widget-wrap elementor-element-populated\">\n\t\t\t\t\t\t<div class=\"elementor-element elementor-element-e1a453c elementor-widget elementor-widget-spacer\" data-id=\"e1a453c\" data-element_type=\"widget\" data-e-type=\"widget\" data-widget_type=\"spacer.default\">\n\t\t\t\t<div class=\"elementor-widget-container\">\n\t\t\t\t\t\t\t<div class=\"elementor-spacer\">\n\t\t\t<div class=\"elementor-spacer-inner\"><\/div>\n\t\t<\/div>\n\t\t\t\t\t\t<\/div>\n\t\t\t\t<\/div>\n\t\t\t\t\t<\/div>\n\t\t<\/div>\n\t\t\t\t\t<\/div>\n\t\t<\/section>\n\t\t\t\t<section class=\"elementor-section elementor-top-section elementor-element elementor-element-d18c7c2 elementor-section-full_width elementor-section-height-default elementor-section-height-default\" data-id=\"d18c7c2\" data-element_type=\"section\" data-e-type=\"section\" data-settings=\"{&quot;background_background&quot;:&quot;slideshow&quot;,&quot;background_slideshow_gallery&quot;:[],&quot;background_slideshow_loop&quot;:&quot;yes&quot;,&quot;background_slideshow_slide_duration&quot;:5000,&quot;background_slideshow_slide_transition&quot;:&quot;fade&quot;,&quot;background_slideshow_transition_duration&quot;:500}\">\n\t\t\t\t\t\t<div class=\"elementor-container elementor-column-gap-default\">\n\t\t\t\t\t<div class=\"elementor-column elementor-col-50 elementor-top-column elementor-element elementor-element-7f1ef3f\" data-id=\"7f1ef3f\" data-element_type=\"column\" data-e-type=\"column\">\n\t\t\t<div class=\"elementor-widget-wrap elementor-element-populated\">\n\t\t\t\t\t\t<div class=\"elementor-element elementor-element-ef66a1d elementor-widget elementor-widget-image\" data-id=\"ef66a1d\" data-element_type=\"widget\" data-e-type=\"widget\" data-widget_type=\"image.default\">\n\t\t\t\t<div class=\"elementor-widget-container\">\n\t\t\t\t\t\t\t\t\t\t\t\t\t\t\t<img decoding=\"async\" width=\"1024\" height=\"683\" src=\"https:\/\/pferdeberufe.ch\/wp-content\/smush-avif\/SMF_2280-full-neu-1-1024x683.jpg.avif\" class=\"attachment-large size-large wp-image-11630\" alt=\"\" srcset=\"https:\/\/pferdeberufe.ch\/wp-content\/smush-avif\/SMF_2280-full-neu-1-1024x683.jpg.avif 1024w, https:\/\/pferdeberufe.ch\/wp-content\/smush-avif\/SMF_2280-full-neu-1-300x200.jpg.avif 300w, https:\/\/pferdeberufe.ch\/wp-content\/smush-avif\/SMF_2280-full-neu-1-768x512.jpg.avif 768w, https:\/\/pferdeberufe.ch\/wp-content\/smush-avif\/SMF_2280-full-neu-1-1536x1024.jpg.avif 1536w, https:\/\/pferdeberufe.ch\/wp-content\/smush-avif\/SMF_2280-full-neu-1.jpg.avif 1920w\" sizes=\"(max-width: 1024px) 100vw, 1024px\" \/>\t\t\t\t\t\t\t\t\t\t\t\t\t\t\t<\/div>\n\t\t\t\t<\/div>\n\t\t\t\t\t<\/div>\n\t\t<\/div>\n\t\t\t\t<div class=\"elementor-column elementor-col-50 elementor-top-column elementor-element elementor-element-9879a97\" data-id=\"9879a97\" data-element_type=\"column\" data-e-type=\"column\" data-settings=\"{&quot;background_background&quot;:&quot;gradient&quot;}\">\n\t\t\t<div class=\"elementor-widget-wrap elementor-element-populated\">\n\t\t\t\t\t\t<div class=\"elementor-element elementor-element-1e6b72f elementor-widget elementor-widget-text-editor\" data-id=\"1e6b72f\" data-element_type=\"widget\" data-e-type=\"widget\" data-widget_type=\"text-editor.default\">\n\t\t\t\t<div class=\"elementor-widget-container\">\n\t\t\t\t\t\t\t\t\t<h2 class=\"elementor-heading-title elementor-size-default elementor-inline-editing pen\" contenteditable=\"true\" data-elementor-setting-key=\"title\" data-pen-placeholder=\"Eingabe hier...\"><span style=\"color: #ff0000;\">Personnes en reconversion : <span style=\"color: #000000;\">formation<\/span> selon l&rsquo;art. 32 <span style=\"color: #000000;\">OFPr<\/span><\/span><\/h2>\t\t\t\t\t\t\t\t<\/div>\n\t\t\t\t<\/div>\n\t\t\t\t<div class=\"elementor-element elementor-element-c476545 elementor-widget elementor-widget-text-editor\" data-id=\"c476545\" data-element_type=\"widget\" data-e-type=\"widget\" data-widget_type=\"text-editor.default\">\n\t\t\t\t<div class=\"elementor-widget-container\">\n\t\t\t\t\t\t\t\t\t<p>Les personnes qui, conform\u00e9ment \u00e0 l&rsquo;art.<strong>32 OFPr<\/strong>, souhaitent obtenir une AFP ou un CFC, peuvent suivre cette formation dans n&rsquo;importe quelle \u00e9curie \/ n&rsquo;importe quel lieu. La personne en formation est <strong>elle-m\u00eame responsable<\/strong> de sa formation, tant sur le plan du contenu que de l&rsquo;organisation. L&rsquo;OrTra M\u00e9tiers du cheval recommande de suivre les cours interentreprises (CI).<br>En outre, il convient de contacter le responsable de la formation du canton de r\u00e9sidence (<a href=\"http:\/\/www.adressen.sdbb.ch\/\">www. adressen.sdbb.ch<\/a>) afin de clarifier l&rsquo;admission \u00e0 cette formation.<\/p>\t\t\t\t\t\t\t\t<\/div>\n\t\t\t\t<\/div>\n\t\t\t\t\t<\/div>\n\t\t<\/div>\n\t\t\t\t\t<\/div>\n\t\t<\/section>\n\t\t\t\t<section class=\"elementor-section elementor-top-section elementor-element elementor-element-9c89e2b elementor-section-boxed elementor-section-height-default elementor-section-height-default\" data-id=\"9c89e2b\" data-element_type=\"section\" data-e-type=\"section\">\n\t\t\t\t\t\t<div class=\"elementor-container elementor-column-gap-default\">\n\t\t\t\t\t<div class=\"elementor-column elementor-col-100 elementor-top-column elementor-element elementor-element-7903770\" data-id=\"7903770\" data-element_type=\"column\" data-e-type=\"column\">\n\t\t\t<div class=\"elementor-widget-wrap elementor-element-populated\">\n\t\t\t\t\t\t<div class=\"elementor-element elementor-element-7e1f8f3 elementor-widget elementor-widget-spacer\" data-id=\"7e1f8f3\" data-element_type=\"widget\" data-e-type=\"widget\" data-widget_type=\"spacer.default\">\n\t\t\t\t<div class=\"elementor-widget-container\">\n\t\t\t\t\t\t\t<div class=\"elementor-spacer\">\n\t\t\t<div class=\"elementor-spacer-inner\"><\/div>\n\t\t<\/div>\n\t\t\t\t\t\t<\/div>\n\t\t\t\t<\/div>\n\t\t\t\t\t<\/div>\n\t\t<\/div>\n\t\t\t\t\t<\/div>\n\t\t<\/section>\n\t\t\t\t<section class=\"elementor-section elementor-inner-section elementor-element elementor-element-5fe7419 elementor-section-boxed elementor-section-height-default elementor-section-height-default\" data-id=\"5fe7419\" data-element_type=\"section\" data-e-type=\"section\">\n\t\t\t\t\t\t<div class=\"elementor-container elementor-column-gap-no\">\n\t\t\t\t\t<div class=\"elementor-column elementor-col-33 elementor-inner-column elementor-element elementor-element-38bf7aaf\" data-id=\"38bf7aaf\" data-element_type=\"column\" data-e-type=\"column\">\n\t\t\t<div class=\"elementor-widget-wrap elementor-element-populated\">\n\t\t\t\t\t\t<div class=\"elementor-element elementor-element-1f4bcc89 elementor-widget elementor-widget-image\" data-id=\"1f4bcc89\" data-element_type=\"widget\" data-e-type=\"widget\" data-widget_type=\"image.default\">\n\t\t\t\t<div class=\"elementor-widget-container\">\n\t\t\t\t\t\t\t\t\t\t\t\t\t\t\t<img loading=\"lazy\" decoding=\"async\" width=\"2560\" height=\"1707\" src=\"https:\/\/pferdeberufe.ch\/wp-content\/smush-avif\/12-1-scaled.jpeg.avif\" class=\"attachment-full size-full wp-image-11331\" alt=\"\" srcset=\"https:\/\/pferdeberufe.ch\/wp-content\/smush-avif\/12-1-scaled.jpeg.avif 2560w, https:\/\/pferdeberufe.ch\/wp-content\/smush-avif\/12-1-300x200.jpeg.avif 300w, https:\/\/pferdeberufe.ch\/wp-content\/smush-avif\/12-1-1024x683.jpeg.avif 1024w, https:\/\/pferdeberufe.ch\/wp-content\/smush-avif\/12-1-768x512.jpeg.avif 768w\" sizes=\"(max-width: 2560px) 100vw, 2560px\" \/>\t\t\t\t\t\t\t\t\t\t\t\t\t\t\t<\/div>\n\t\t\t\t<\/div>\n\t\t\t\t<div class=\"elementor-element elementor-element-456e3c0f elementor-invisible elementor-widget elementor-widget-image-box\" data-id=\"456e3c0f\" data-element_type=\"widget\" data-e-type=\"widget\" data-settings=\"{&quot;_animation&quot;:&quot;fadeInDown&quot;}\" data-widget_type=\"image-box.default\">\n\t\t\t\t<div class=\"elementor-widget-container\">\n\t\t\t\t\t<div class=\"elementor-image-box-wrapper\"><div class=\"elementor-image-box-content\"><h4 class=\"elementor-image-box-title\">Apprentissage &amp; \u00e9cole professionnelle<\/h4><p class=\"elementor-image-box-description\">Les apprentis des m\u00e9tiers du cheval fr\u00e9quentent l'\u00e9cole professionnelle sur l'un des 3 sites : Strickhof Winterthur ZH, Inforama Zollikofen BE, Agrilogie Moudon VD, Centro del Verde Mezzana, Coldrerio TI. L'inscription \u00e0 l'\u00e9cole professionnelle est l'affaire de l'apprenti\/du formateur.<br><br>Dans le r\u00e9pertoire de t\u00e9l\u00e9chargement, tu trouveras tous les documents pertinents concernant l'\u00e9cole professionnelle, l'apprentissage et la fin de l'apprentissage. <\/p><\/div><\/div>\t\t\t\t<\/div>\n\t\t\t\t<\/div>\n\t\t\t\t<div class=\"elementor-element elementor-element-5a1bdb22 elementor-align-center elementor-widget elementor-widget-button\" data-id=\"5a1bdb22\" data-element_type=\"widget\" data-e-type=\"widget\" data-widget_type=\"button.default\">\n\t\t\t\t<div class=\"elementor-widget-container\">\n\t\t\t\t\t\t\t\t\t<div class=\"elementor-button-wrapper\">\n\t\t\t\t\t<a class=\"elementor-button elementor-button-link elementor-size-md\" href=\"https:\/\/pferdeberufe.ch\/fr\/1ere-annee-de-24-25\/\" id=\"info-download\">\n\t\t\t\t\t\t<span class=\"elementor-button-content-wrapper\">\n\t\t\t\t\t\t\t\t\t<span class=\"elementor-button-text\">Tous les documents du formation d\u00e8s 2024\/2025<\/span>\n\t\t\t\t\t<\/span>\n\t\t\t\t\t<\/a>\n\t\t\t\t<\/div>\n\t\t\t\t\t\t\t\t<\/div>\n\t\t\t\t<\/div>\n\t\t\t\t\t<\/div>\n\t\t<\/div>\n\t\t\t\t<div class=\"elementor-column elementor-col-33 elementor-inner-column elementor-element elementor-element-17f8d779\" data-id=\"17f8d779\" data-element_type=\"column\" data-e-type=\"column\">\n\t\t\t<div class=\"elementor-widget-wrap elementor-element-populated\">\n\t\t\t\t\t\t<div class=\"elementor-element elementor-element-1948c017 elementor-widget elementor-widget-image\" data-id=\"1948c017\" data-element_type=\"widget\" data-e-type=\"widget\" data-widget_type=\"image.default\">\n\t\t\t\t<div class=\"elementor-widget-container\">\n\t\t\t\t\t\t\t\t\t\t\t\t\t\t\t<img decoding=\"async\" src=\"https:\/\/pferdeberufe.ch\/wp-content\/smush-avif\/13-scaled.jpeg.avif\" class=\"attachment-full size-full wp-image-11281\" alt=\"\" \/>\t\t\t\t\t\t\t\t\t\t\t\t\t\t\t<\/div>\n\t\t\t\t<\/div>\n\t\t\t\t<div class=\"elementor-element elementor-element-30384a2b elementor-invisible elementor-widget elementor-widget-image-box\" data-id=\"30384a2b\" data-element_type=\"widget\" data-e-type=\"widget\" data-settings=\"{&quot;_animation&quot;:&quot;fadeInDown&quot;}\" data-widget_type=\"image-box.default\">\n\t\t\t\t<div class=\"elementor-widget-container\">\n\t\t\t\t\t<div class=\"elementor-image-box-wrapper\"><div class=\"elementor-image-box-content\"><h4 class=\"elementor-image-box-title\">CIE<\/h4><p class=\"elementor-image-box-description\">Les cours interentreprises permettent d'acqu\u00e9rir des connaissances pratiques qui ne peuvent pas \u00eatre enti\u00e8rement form\u00e9es dans toutes les entreprises formatrices. Les CI ont lieu dans des lieux appropri\u00e9s. Une inscription est n\u00e9cessaire pour assister aux CI. L'inscription est l'affaire des apprentis \/ formateurs. <br><br>Les dates des CI peuvent \u00eatre consult\u00e9es dans l'OdAOrg. <br><br>Inscris-toi ici pour les CIE.<\/p><\/div><\/div>\t\t\t\t<\/div>\n\t\t\t\t<\/div>\n\t\t\t\t<div class=\"elementor-element elementor-element-12cfa663 elementor-align-center elementor-widget elementor-widget-button\" data-id=\"12cfa663\" data-element_type=\"widget\" data-e-type=\"widget\" data-widget_type=\"button.default\">\n\t\t\t\t<div class=\"elementor-widget-container\">\n\t\t\t\t\t\t\t\t\t<div class=\"elementor-button-wrapper\">\n\t\t\t\t\t<a class=\"elementor-button elementor-button-link elementor-size-md\" href=\"https:\/\/pferdeberufe.ch\/fr\/anmeldung-uk\/\" id=\"infos-\u00fck\">\n\t\t\t\t\t\t<span class=\"elementor-button-content-wrapper\">\n\t\t\t\t\t\t\t\t\t<span class=\"elementor-button-text\">Inscription aux cours interentreprises<\/span>\n\t\t\t\t\t<\/span>\n\t\t\t\t\t<\/a>\n\t\t\t\t<\/div>\n\t\t\t\t\t\t\t\t<\/div>\n\t\t\t\t<\/div>\n\t\t\t\t\t<\/div>\n\t\t<\/div>\n\t\t\t\t<div class=\"elementor-column elementor-col-33 elementor-inner-column elementor-element elementor-element-5d363ffd\" data-id=\"5d363ffd\" data-element_type=\"column\" data-e-type=\"column\">\n\t\t\t<div class=\"elementor-widget-wrap elementor-element-populated\">\n\t\t\t\t\t\t<div class=\"elementor-element elementor-element-6864557f elementor-widget elementor-widget-image\" data-id=\"6864557f\" data-element_type=\"widget\" data-e-type=\"widget\" data-widget_type=\"image.default\">\n\t\t\t\t<div class=\"elementor-widget-container\">\n\t\t\t\t\t\t\t\t\t\t\t\t\t\t\t<img loading=\"lazy\" decoding=\"async\" width=\"2560\" height=\"1707\" src=\"https:\/\/pferdeberufe.ch\/wp-content\/smush-avif\/14-scaled.jpg.avif\" class=\"attachment-full size-full wp-image-11350\" alt=\"\" srcset=\"https:\/\/pferdeberufe.ch\/wp-content\/smush-avif\/14-scaled.jpg.avif 2560w, https:\/\/pferdeberufe.ch\/wp-content\/smush-avif\/14-300x200.jpg.avif 300w, https:\/\/pferdeberufe.ch\/wp-content\/smush-avif\/14-1024x683.jpg.avif 1024w, https:\/\/pferdeberufe.ch\/wp-content\/smush-avif\/14-768x512.jpg.avif 768w\" sizes=\"(max-width: 2560px) 100vw, 2560px\" \/>\t\t\t\t\t\t\t\t\t\t\t\t\t\t\t<\/div>\n\t\t\t\t<\/div>\n\t\t\t\t<div class=\"elementor-element elementor-element-79cbde42 elementor-invisible elementor-widget elementor-widget-image-box\" data-id=\"79cbde42\" data-element_type=\"widget\" data-e-type=\"widget\" data-settings=\"{&quot;_animation&quot;:&quot;fadeInDown&quot;}\" data-widget_type=\"image-box.default\">\n\t\t\t\t<div class=\"elementor-widget-container\">\n\t\t\t\t\t<div class=\"elementor-image-box-wrapper\"><div class=\"elementor-image-box-content\"><h4 class=\"elementor-image-box-title\">QV<\/h4><p class=\"elementor-image-box-description\">La proc\u00e9dure de qualification (anciennement EFA) se d\u00e9roule \u00e0 l'\u00e9cole professionnelle, dans l'entreprise formatrice et dans une grande entreprise \u00e9questre appropri\u00e9e (centre). Pour r\u00e9ussir \u00e0 obtenir une AFP ou un CFC, il est indispensable de se pr\u00e9parer correctement et suffisamment t\u00f4t. \n<br>Pour le travail pratique dans l'entreprise de formation, une inscription est n\u00e9cessaire. Tous les informations du PQ se trouvent das le r\u00e9pertoire de t\u00e9l\u00e9chargement.<\/p><\/div><\/div>\t\t\t\t<\/div>\n\t\t\t\t<\/div>\n\t\t\t\t<div class=\"elementor-element elementor-element-11980f89 elementor-align-center elementor-widget elementor-widget-button\" data-id=\"11980f89\" data-element_type=\"widget\" data-e-type=\"widget\" data-widget_type=\"button.default\">\n\t\t\t\t<div class=\"elementor-widget-container\">\n\t\t\t\t\t\t\t\t\t<div class=\"elementor-button-wrapper\">\n\t\t\t\t\t<a class=\"elementor-button elementor-button-link elementor-size-md\" href=\"https:\/\/pferdeberufe.ch\/fr\/telechargement-formation-de-base\/\" id=\"infos-qv\">\n\t\t\t\t\t\t<span class=\"elementor-button-content-wrapper\">\n\t\t\t\t\t\t\t\t\t<span class=\"elementor-button-text\">Vers le r\u00e9pertoire de t\u00e9l\u00e9chargement<\/span>\n\t\t\t\t\t<\/span>\n\t\t\t\t\t<\/a>\n\t\t\t\t<\/div>\n\t\t\t\t\t\t\t\t<\/div>\n\t\t\t\t<\/div>\n\t\t\t\t\t<\/div>\n\t\t<\/div>\n\t\t\t\t\t<\/div>\n\t\t<\/section>\n\t\t\t\t<section class=\"elementor-section elementor-top-section elementor-element elementor-element-2fa5dc5d elementor-section-content-middle elementor-section-boxed elementor-section-height-default elementor-section-height-default\" data-id=\"2fa5dc5d\" data-element_type=\"section\" data-e-type=\"section\">\n\t\t\t\t\t\t\t<div class=\"elementor-background-overlay\"><\/div>\n\t\t\t\t\t\t\t<div class=\"elementor-container elementor-column-gap-no\">\n\t\t\t\t\t<div class=\"elementor-column elementor-col-100 elementor-top-column elementor-element elementor-element-4a551716\" data-id=\"4a551716\" data-element_type=\"column\" data-e-type=\"column\">\n\t\t\t<div class=\"elementor-widget-wrap elementor-element-populated\">\n\t\t\t\t\t\t<div class=\"elementor-element elementor-element-698dea1f elementor-view-default elementor-position-block-start elementor-mobile-position-block-start elementor-widget elementor-widget-icon-box\" data-id=\"698dea1f\" data-element_type=\"widget\" data-e-type=\"widget\" data-widget_type=\"icon-box.default\">\n\t\t\t\t<div class=\"elementor-widget-container\">\n\t\t\t\t\t\t\t<div class=\"elementor-icon-box-wrapper\">\n\n\t\t\t\t\t\t<div class=\"elementor-icon-box-icon\">\n\t\t\t\t<a href=\"https:\/\/odapferde.odaorg.ch\" class=\"elementor-icon\" tabindex=\"-1\" aria-label=\"Gestion des donn\u00e9es sur les m\u00e9tiers du cheval\">\n\t\t\t\t<i aria-hidden=\"true\" class=\"fas fa-info\"><\/i>\t\t\t\t<\/a>\n\t\t\t<\/div>\n\t\t\t\n\t\t\t\t\t\t<div class=\"elementor-icon-box-content\">\n\n\t\t\t\t\t\t\t\t\t<h4 class=\"elementor-icon-box-title\">\n\t\t\t\t\t\t<a href=\"https:\/\/odapferde.odaorg.ch\" >\n\t\t\t\t\t\t\tGestion des donn\u00e9es sur les m\u00e9tiers du cheval\t\t\t\t\t\t<\/a>\n\t\t\t\t\t<\/h4>\n\t\t\t\t\n\t\t\t\t\t\t\t\t\t<p class=\"elementor-icon-box-description\">\n\t\t\t\t\t\tOdAOrg \t\t\t\t\t<\/p>\n\t\t\t\t\n\t\t\t<\/div>\n\t\t\t\n\t\t<\/div>\n\t\t\t\t\t\t<\/div>\n\t\t\t\t<\/div>\n\t\t\t\t<div class=\"elementor-element elementor-element-1f696e59 elementor-widget elementor-widget-text-editor\" data-id=\"1f696e59\" data-element_type=\"widget\" data-e-type=\"widget\" data-widget_type=\"text-editor.default\">\n\t\t\t\t<div class=\"elementor-widget-container\">\n\t\t\t\t\t\t\t\t\t<p><strong>OdAOrg<\/strong> est un programme de gestion de donn\u00e9es et d&rsquo;am\u00e9nagement du territoire en ligne destin\u00e9 \u00e0 l&rsquo;administration.<br>La plate-forme <strong>d&rsquo;information et de travail<\/strong>est \u00e0 la disposition des <strong>apprentis, des entreprises formatrices et des responsables de cours<\/strong>. Dans le domaine prot\u00e9g\u00e9 par mot de passe se trouvent <strong>les donn\u00e9es des CI, des informations importantes sur les CI et des documents \u00e0 t\u00e9l\u00e9charger..<\/strong> Les <strong>donn\u00e9es de contact<\/strong> peuvent \u00eatre g\u00e9r\u00e9es de mani\u00e8re autonome.<br>\n<\/p>\t\t\t\t\t\t\t\t<\/div>\n\t\t\t\t<\/div>\n\t\t\t\t<div class=\"elementor-element elementor-element-fd76d06 elementor-align-center elementor-widget elementor-widget-button\" data-id=\"fd76d06\" data-element_type=\"widget\" data-e-type=\"widget\" data-widget_type=\"button.default\">\n\t\t\t\t<div class=\"elementor-widget-container\">\n\t\t\t\t\t\t\t\t\t<div class=\"elementor-button-wrapper\">\n\t\t\t\t\t<a class=\"elementor-button elementor-button-link elementor-size-sm\" href=\"https:\/\/odapferde.odaorg.ch%20\" target=\"_blank\">\n\t\t\t\t\t\t<span class=\"elementor-button-content-wrapper\">\n\t\t\t\t\t\t\t\t\t<span class=\"elementor-button-text\">Login OdAOrg<\/span>\n\t\t\t\t\t<\/span>\n\t\t\t\t\t<\/a>\n\t\t\t\t<\/div>\n\t\t\t\t\t\t\t\t<\/div>\n\t\t\t\t<\/div>\n\t\t\t\t\t<\/div>\n\t\t<\/div>\n\t\t\t\t\t<\/div>\n\t\t<\/section>\n\t\t\t\t<\/div>\n\t\t","protected":false},"excerpt":{"rendered":"<p>Formation initiale des m\u00e9tiers li\u00e9s au cheval Acquiers les comp\u00e9tences n\u00e9cessaires \u00e0 l&rsquo;exercice de l&rsquo;un des plus beaux m\u00e9tiers du monde pendant la formation initiale menant \u00e0 l&rsquo;attestation f\u00e9d\u00e9rale de &#8230; <a title=\"Formation de base\" class=\"read-more\" href=\"https:\/\/pferdeberufe.ch\/fr\/formation-de-base\/\" aria-label=\"En savoir plus sur Formation de base\">Lire la suite<\/a><\/p>\n","protected":false},"author":2,"featured_media":0,"parent":0,"menu_order":1,"comment_status":"closed","ping_status":"closed","template":"","meta":{"footnotes":""},"class_list":["post-3753","page","type-page","status-publish"],"publishpress_future_action":{"enabled":false,"date":"2026-05-04 17:43:56","action":"change-status","newStatus":"draft","terms":[],"taxonomy":"translation_priority","extraData":[]},"publishpress_future_workflow_manual_trigger":{"enabledWorkflows":[]},"_links":{"self":[{"href":"https:\/\/pferdeberufe.ch\/fr\/wp-json\/wp\/v2\/pages\/3753","targetHints":{"allow":["GET"]}}],"collection":[{"href":"https:\/\/pferdeberufe.ch\/fr\/wp-json\/wp\/v2\/pages"}],"about":[{"href":"https:\/\/pferdeberufe.ch\/fr\/wp-json\/wp\/v2\/types\/page"}],"author":[{"embeddable":true,"href":"https:\/\/pferdeberufe.ch\/fr\/wp-json\/wp\/v2\/users\/2"}],"replies":[{"embeddable":true,"href":"https:\/\/pferdeberufe.ch\/fr\/wp-json\/wp\/v2\/comments?post=3753"}],"version-history":[{"count":55,"href":"https:\/\/pferdeberufe.ch\/fr\/wp-json\/wp\/v2\/pages\/3753\/revisions"}],"predecessor-version":[{"id":14044,"href":"https:\/\/pferdeberufe.ch\/fr\/wp-json\/wp\/v2\/pages\/3753\/revisions\/14044"}],"wp:attachment":[{"href":"https:\/\/pferdeberufe.ch\/fr\/wp-json\/wp\/v2\/media?parent=3753"}],"curies":[{"name":"wp","href":"https:\/\/api.w.org\/{rel}","templated":true}]}}