
{"id":8675,"date":"2023-10-30T17:34:39","date_gmt":"2023-10-30T16:34:39","guid":{"rendered":"https:\/\/pferdeberufe.ch\/?page_id=8675"},"modified":"2026-04-07T11:42:31","modified_gmt":"2026-04-07T09:42:31","slug":"1ere-annee-de-24-25","status":"publish","type":"page","link":"https:\/\/pferdeberufe.ch\/fr\/1ere-annee-de-24-25\/","title":{"rendered":"1\u00e8re ann\u00e9e d&rsquo;apprentissage de 2024\/2025"},"content":{"rendered":"\t\t<div data-elementor-type=\"wp-page\" data-elementor-id=\"8675\" class=\"elementor elementor-8675 elementor-8644\" data-elementor-post-type=\"page\">\n\t\t\t\t\t\t<section class=\"elementor-section elementor-top-section elementor-element elementor-element-3b11da71 elementor-section-boxed elementor-section-height-default elementor-section-height-default\" data-id=\"3b11da71\" data-element_type=\"section\" data-e-type=\"section\">\n\t\t\t\t\t\t<div class=\"elementor-container elementor-column-gap-default\">\n\t\t\t\t\t<div class=\"elementor-column elementor-col-100 elementor-top-column elementor-element elementor-element-5be9a4a\" data-id=\"5be9a4a\" data-element_type=\"column\" data-e-type=\"column\">\n\t\t\t<div class=\"elementor-widget-wrap elementor-element-populated\">\n\t\t\t\t\t\t<div class=\"elementor-element elementor-element-fb4dda7 elementor-widget elementor-widget-text-editor\" data-id=\"fb4dda7\" data-element_type=\"widget\" data-e-type=\"widget\" data-widget_type=\"text-editor.default\">\n\t\t\t\t<div class=\"elementor-widget-container\">\n\t\t\t\t\t\t\t\t\t<h2 class=\"elementor-heading-title elementor-size-default elementor-inline-editing pen\" style=\"text-align: center;\" contenteditable=\"true\" data-elementor-setting-key=\"title\" data-pen-placeholder=\"Eingabe hier...\">1\u00e8re ann\u00e9e d&rsquo;apprentissage <span style=\"color: #ff0000;\">de 2024\/2025<\/span><\/h2>\t\t\t\t\t\t\t\t<\/div>\n\t\t\t\t<\/div>\n\t\t\t\t<div class=\"elementor-element elementor-element-7ef5d457 elementor-widget elementor-widget-text-editor\" data-id=\"7ef5d457\" data-element_type=\"widget\" data-e-type=\"widget\" data-widget_type=\"text-editor.default\">\n\t\t\t\t<div class=\"elementor-widget-container\">\n\t\t\t\t\t\t\t\t\t<p><span style=\"color: var( --e-global-color-text ); background-color: var(--base-3);\"> Les formations de professionnel(le) du cheval CFC et de gardien(ne) de cheval AFP d\u00e9buteront en 1\u00e8re ann\u00e9e d&rsquo;apprentissage en ao\u00fbt 2024 sous une forme r\u00e9vis\u00e9e.<\/span><span style=\"color: var( --e-global-color-text ); background-color: var(--base-3);\">\u00a0La r\u00e9forme comporte diff\u00e9rents changements dont nous souhaitons t&rsquo;informer ici au fur et \u00e0 mesure.<\/span><\/p><p><span style=\"color: var( --e-global-color-text ); background-color: var(--base-3);\">Si tu as d\u00e9j\u00e0 commenc\u00e9 l&rsquo;apprentissage avant l&rsquo;ann\u00e9e scolaire 2024\/2025 ou si tu commences l&rsquo;apprentissage en 2e ann\u00e9e 2024\/2025, ces changements ne te concernent pas. Ton apprentissage se d\u00e9roule conform\u00e9ment \u00e0 l&rsquo;ancienne ordonnance de formation et au plan de formation actuel.<\/span><\/p>\t\t\t\t\t\t\t\t<\/div>\n\t\t\t\t<\/div>\n\t\t\t\t\t<\/div>\n\t\t<\/div>\n\t\t\t\t\t<\/div>\n\t\t<\/section>\n\t\t\t\t<section class=\"elementor-section elementor-top-section elementor-element elementor-element-db357d2 elementor-section-boxed elementor-section-height-default elementor-section-height-default\" data-id=\"db357d2\" data-element_type=\"section\" data-e-type=\"section\">\n\t\t\t\t\t\t<div class=\"elementor-container elementor-column-gap-default\">\n\t\t\t\t\t<div class=\"elementor-column elementor-col-100 elementor-top-column elementor-element elementor-element-d94be01\" data-id=\"d94be01\" data-element_type=\"column\" data-e-type=\"column\">\n\t\t\t<div class=\"elementor-widget-wrap elementor-element-populated\">\n\t\t\t\t\t\t<div class=\"elementor-element elementor-element-be50550 elementor-widget elementor-widget-heading\" data-id=\"be50550\" data-element_type=\"widget\" data-e-type=\"widget\" data-widget_type=\"heading.default\">\n\t\t\t\t<div class=\"elementor-widget-container\">\n\t\t\t\t\t<h4 class=\"elementor-heading-title elementor-size-default\">Professionnel du cheval \/ Professionnelle du cheval CFC \u00e0 partir de l'ann\u00e9e scolaire 2024\/2025<\/h4>\t\t\t\t<\/div>\n\t\t\t\t<\/div>\n\t\t\t\t<div class=\"elementor-element elementor-element-42bd8f5 elementor-widget elementor-widget-toggle\" data-id=\"42bd8f5\" data-element_type=\"widget\" data-e-type=\"widget\" data-widget_type=\"toggle.default\">\n\t\t\t\t<div class=\"elementor-widget-container\">\n\t\t\t\t\t\t\t<div class=\"elementor-toggle\">\n\t\t\t\t\t\t\t<div class=\"elementor-toggle-item\">\n\t\t\t\t\t<div id=\"elementor-tab-title-6991\" class=\"elementor-tab-title\" data-tab=\"1\" role=\"button\" aria-controls=\"elementor-tab-content-6991\" aria-expanded=\"false\">\n\t\t\t\t\t\t\t\t\t\t\t\t<span class=\"elementor-toggle-icon elementor-toggle-icon-left\" aria-hidden=\"true\">\n\t\t\t\t\t\t\t\t\t\t\t\t\t\t\t<span class=\"elementor-toggle-icon-closed\"><i class=\"fas fa-caret-right\"><\/i><\/span>\n\t\t\t\t\t\t\t\t<span class=\"elementor-toggle-icon-opened\"><i class=\"elementor-toggle-icon-opened fas fa-caret-up\"><\/i><\/span>\n\t\t\t\t\t\t\t\t\t\t\t\t\t<\/span>\n\t\t\t\t\t\t\t\t\t\t\t\t<a class=\"elementor-toggle-title\" tabindex=\"0\">Documents g\u00e9n\u00e9raux CFC \u00e0 partir de l'ann\u00e9e scolaire 2024\/2025<\/a>\n\t\t\t\t\t<\/div>\n\n\t\t\t\t\t<div id=\"elementor-tab-content-6991\" class=\"elementor-tab-content elementor-clearfix\" data-tab=\"1\" role=\"region\" aria-labelledby=\"elementor-tab-title-6991\"><ul><li><a href=\"https:\/\/www.fedlex.admin.ch\/eli\/cc\/2023\/429\/fr\" target=\"_blank\" rel=\"noopener\">Ordonnance sur la formation CFC<\/a> (lien vers Fedlex)<\/li><li><a href=\"https:\/\/pferdeberufe.ch\/wp-content\/uploads\/EFZ-Bipla_18122_f-1.pdf\" target=\"_blank\" rel=\"noopener\">Plan de formation CFC<\/a><\/li><li><a href=\"https:\/\/pferdeberufe.ch\/wp-content\/uploads\/Lehrvertrag-2023-2024-fr.pdf\" target=\"_blank\" rel=\"noopener\">Contrat d&rsquo;apprentissage pdf<\/a><\/li><li><a href=\"https:\/\/pferdeberufe.ch\/wp-content\/uploads\/Lehrvertrag-2023-2024-fr.docx\" target=\"_blank\" rel=\"noopener\">Contrat d&rsquo;apprentissage word<\/a><\/li><li><a href=\"https:\/\/pferdeberufe.ch\/wp-content\/uploads\/recommandations_exigences_minimales_infrastructure_2026-francais-1.pdf\" target=\"_blank\" rel=\"noopener\">Recommandation exigences min. infrastructure<\/a><\/li><li><a href=\"https:\/\/pferdeberufe.ch\/wp-content\/uploads\/2024-Mindestlohnempfehlung-fr.pdf\" target=\"_blank\" rel=\"noopener\">Recommandation Salaire minimum \u00e0 partir de 2024\/2025<\/a><\/li><li><a href=\"https:\/\/pferdeberufe.ch\/wp-content\/uploads\/2024-Hoechst-Arbeitszeiten-fr.pdf\" target=\"_blank\" rel=\"noopener\">Recommandation des heures de travail maximales \u00e0 partir de 2024\/2025<\/a><\/li><li><a href=\"https:\/\/pferdeberufe.ch\/wp-content\/uploads\/Exigences-posees-CFP.pdf\" target=\"_blank\" rel=\"noopener\">Exigences pos\u00e9es aux personnes formatrices CFC<\/a><\/li><li><a href=\"https:\/\/pferdeberufe.ch\/wp-content\/uploads\/Tableau-des-CIE-CFC-2425_20250724.pdf\">Tableau de CIE CFC<\/a><\/li><li><a href=\"https:\/\/pferdeberufe.ch\/wp-content\/uploads\/Guide-du-programme-de-formation-en-entreprise-CFC.pdf\" target=\"_blank\" rel=\"noopener\">Guide du programme de formation en entreprise CFC<\/a><\/li><li><a href=\"https:\/\/pferdeberufe.ch\/wp-content\/uploads\/Vue-densemble-de-programme-de-formation-en-entreprise-CFC.pdf\" target=\"_blank\" rel=\"noopener\">R\u00e9sum\u00e9 du programme de formation en entreprise CFC<\/a><\/li><li><a href=\"https:\/\/pferdeberufe.ch\/wp-content\/uploads\/Rapport-de-formation-OrTra-Metiers-lies-au-cheval-CFC.pdf\" target=\"_blank\" rel=\"noopener\">Rapport de formation OrTra M\u00e9tiers li\u00e9s au cheval CFC<\/a><\/li><li><a href=\"https:\/\/pferdeberufe.ch\/wp-content\/uploads\/Instructions-pour-la-redaction-de-Dossier-de-formation-CFC.pdf\" target=\"_blank\" rel=\"noopener\">Instructions pour la r\u00e9daction de Dossier de formation CFC<\/a><\/li><li><a href=\"https:\/\/pferdeberufe.ch\/wp-content\/uploads\/Choix-de-themes-dapprentissage-CFC.pdf\" target=\"_blank\" rel=\"noopener\">Choix de th\u00e8mes d&rsquo;apprentissage CFC<\/a><\/li><li><a href=\"https:\/\/pferdeberufe.ch\/wp-content\/uploads\/Modele-dossier-de-formation-CFC.docx\" target=\"_blank\" rel=\"noopener\">Mod\u00e8le dossier de formation CFC<\/a><\/li><li><a href=\"https:\/\/pferdeberufe.ch\/wp-content\/uploads\/2024-Hoechst-Arbeitszeiten-fr.pdf\" target=\"_blank\" rel=\"noopener\">Recommandation des heures de travail maximales<\/a><\/li><\/ul><\/div>\n\t\t\t\t<\/div>\n\t\t\t\t\t\t\t<div class=\"elementor-toggle-item\">\n\t\t\t\t\t<div id=\"elementor-tab-title-6992\" class=\"elementor-tab-title\" data-tab=\"2\" role=\"button\" aria-controls=\"elementor-tab-content-6992\" aria-expanded=\"false\">\n\t\t\t\t\t\t\t\t\t\t\t\t<span class=\"elementor-toggle-icon elementor-toggle-icon-left\" aria-hidden=\"true\">\n\t\t\t\t\t\t\t\t\t\t\t\t\t\t\t<span class=\"elementor-toggle-icon-closed\"><i class=\"fas fa-caret-right\"><\/i><\/span>\n\t\t\t\t\t\t\t\t<span class=\"elementor-toggle-icon-opened\"><i class=\"elementor-toggle-icon-opened fas fa-caret-up\"><\/i><\/span>\n\t\t\t\t\t\t\t\t\t\t\t\t\t<\/span>\n\t\t\t\t\t\t\t\t\t\t\t\t<a class=\"elementor-toggle-title\" tabindex=\"0\">Domaine sp\u00e9cifique Soins et services<\/a>\n\t\t\t\t\t<\/div>\n\n\t\t\t\t\t<div id=\"elementor-tab-content-6992\" class=\"elementor-tab-content elementor-clearfix\" data-tab=\"2\" role=\"region\" aria-labelledby=\"elementor-tab-title-6992\"><ul><li><a href=\"https:\/\/pferdeberufe.ch\/wp-content\/uploads\/Presentation-competences-operationnelles-Soins-et-services.pdf\" target=\"_blank\" rel=\"noopener\">Pr\u00e9sentation comp\u00e9tences op\u00e9rationnelles<\/a><\/li><li><a href=\"https:\/\/pferdeberufe.ch\/wp-content\/uploads\/Guide-du-programme-de-formation-en-entreprise-CFC.pdf\" target=\"_blank\" rel=\"noopener\">Guide du programme de formation en entreprise CFC<\/a><\/li><li>R\u00e9sum\u00e9 du programme de formation en entreprise CFC (suivre)<\/li><li><a href=\"https:\/\/pferdeberufe.ch\/wp-content\/uploads\/Programme-de-formation-en-entreprise-1.-semestre-Soins-et-services.pdf\" target=\"_blank\" rel=\"noopener\">Programme de formation en entreprise 1. semestre<\/a><\/li><li><a href=\"https:\/\/pferdeberufe.ch\/wp-content\/uploads\/Programme-de-formation-en-entreprise-2.-semestre-Soins-et-services.pdf\" target=\"_blank\" rel=\"noopener\">Programme de formation en entreprise 2. semestre<\/a><\/li><li><a href=\"https:\/\/pferdeberufe.ch\/wp-content\/uploads\/Programme-de-formation-en-entreprise-3.-semestre-Soins-et-services.pdf\" target=\"_blank\" rel=\"noopener\">Programme de formation en entreprise 3. semestre<\/a><\/li><li><a href=\"https:\/\/pferdeberufe.ch\/wp-content\/uploads\/Programme-de-formation-en-entreprise-4.-semestre-Soins-et-services.pdf\" target=\"_blank\" rel=\"noopener\">Programme de formation en entreprise 4. semestre<\/a><\/li><li><a href=\"https:\/\/pferdeberufe.ch\/wp-content\/uploads\/Programme-de-formation-en-entreprise-5.-semestre-Soins-et-services.pdf\" target=\"_blank\" rel=\"noopener\">Programme de formation en entreprise 5. semestre<\/a><\/li><li><a href=\"https:\/\/pferdeberufe.ch\/wp-content\/uploads\/Programme-de-formation-en-entreprise-6.-semestre-Soins-et-services.pdf\" target=\"_blank\" rel=\"noopener\">Programme de formation en entreprise 6. semestre<\/a><\/li><\/ul><\/div>\n\t\t\t\t<\/div>\n\t\t\t\t\t\t\t<div class=\"elementor-toggle-item\">\n\t\t\t\t\t<div id=\"elementor-tab-title-6993\" class=\"elementor-tab-title\" data-tab=\"3\" role=\"button\" aria-controls=\"elementor-tab-content-6993\" aria-expanded=\"false\">\n\t\t\t\t\t\t\t\t\t\t\t\t<span class=\"elementor-toggle-icon elementor-toggle-icon-left\" aria-hidden=\"true\">\n\t\t\t\t\t\t\t\t\t\t\t\t\t\t\t<span class=\"elementor-toggle-icon-closed\"><i class=\"fas fa-caret-right\"><\/i><\/span>\n\t\t\t\t\t\t\t\t<span class=\"elementor-toggle-icon-opened\"><i class=\"elementor-toggle-icon-opened fas fa-caret-up\"><\/i><\/span>\n\t\t\t\t\t\t\t\t\t\t\t\t\t<\/span>\n\t\t\t\t\t\t\t\t\t\t\t\t<a class=\"elementor-toggle-title\" tabindex=\"0\">Domaine sp\u00e9cifique Monte classique<\/a>\n\t\t\t\t\t<\/div>\n\n\t\t\t\t\t<div id=\"elementor-tab-content-6993\" class=\"elementor-tab-content elementor-clearfix\" data-tab=\"3\" role=\"region\" aria-labelledby=\"elementor-tab-title-6993\"><ul><li><a href=\"https:\/\/pferdeberufe.ch\/wp-content\/uploads\/Presentation-competences-operationnelles-monte-classique.pdf\" target=\"_blank\" rel=\"noopener\">Pr\u00e9sentation comp\u00e9tences op\u00e9rationnelles<\/a><\/li><li><a href=\"https:\/\/pferdeberufe.ch\/wp-content\/uploads\/Guide-du-programme-de-formation-en-entreprise-CFC.pdf\" target=\"_blank\" rel=\"noopener\">Guide du programme de formation en entreprise CFC<\/a><\/li><li>R\u00e9sum\u00e9 du programme de formation en entreprise CFC (suivre)<\/li><li><a href=\"https:\/\/pferdeberufe.ch\/wp-content\/uploads\/Programme-de-formation-en-entreprise-1.-semestre-Monte-classique.pdf\" target=\"_blank\" rel=\"noopener\">Programme de formation en entreprise 1. semestre<\/a><\/li><li><a href=\"https:\/\/pferdeberufe.ch\/wp-content\/uploads\/Programme-de-formation-en-entreprise-2.-semestre-Monte-classique.pdf\" target=\"_blank\" rel=\"noopener\">Programme de formation en entreprise 2. semestre<\/a><\/li><li><a href=\"https:\/\/pferdeberufe.ch\/wp-content\/uploads\/Programme-de-formation-en-entreprise-3.-semestre-Monte-classique.pdf\" target=\"_blank\" rel=\"noopener\">Programme de formation en entreprise 3. semestre<\/a><\/li><li><a href=\"https:\/\/pferdeberufe.ch\/wp-content\/uploads\/Programme-de-formation-en-entreprise-4.-semestre-Monte-classique.pdf\" target=\"_blank\" rel=\"noopener\">Programme de formation en entreprise 4. semestre<\/a><\/li><li><a href=\"https:\/\/pferdeberufe.ch\/wp-content\/uploads\/Programme-de-formation-en-entreprise-5.-semestre-Monte-classique.pdf\" target=\"_blank\" rel=\"noopener\">Programme de formation en entreprise 5. semestre<\/a><\/li><li><a href=\"https:\/\/pferdeberufe.ch\/wp-content\/uploads\/Programme-de-formation-en-entreprise-6.-semestre-Monte-classique.pdf\" target=\"_blank\" rel=\"noopener\">Programme de formation en entreprise 6. semestre<\/a><\/li><\/ul><\/div>\n\t\t\t\t<\/div>\n\t\t\t\t\t\t\t<div class=\"elementor-toggle-item\">\n\t\t\t\t\t<div id=\"elementor-tab-title-6994\" class=\"elementor-tab-title\" data-tab=\"4\" role=\"button\" aria-controls=\"elementor-tab-content-6994\" aria-expanded=\"false\">\n\t\t\t\t\t\t\t\t\t\t\t\t<span class=\"elementor-toggle-icon elementor-toggle-icon-left\" aria-hidden=\"true\">\n\t\t\t\t\t\t\t\t\t\t\t\t\t\t\t<span class=\"elementor-toggle-icon-closed\"><i class=\"fas fa-caret-right\"><\/i><\/span>\n\t\t\t\t\t\t\t\t<span class=\"elementor-toggle-icon-opened\"><i class=\"elementor-toggle-icon-opened fas fa-caret-up\"><\/i><\/span>\n\t\t\t\t\t\t\t\t\t\t\t\t\t<\/span>\n\t\t\t\t\t\t\t\t\t\t\t\t<a class=\"elementor-toggle-title\" tabindex=\"0\">Domaine sp\u00e9cifique Chevaux d\u2019allures<\/a>\n\t\t\t\t\t<\/div>\n\n\t\t\t\t\t<div id=\"elementor-tab-content-6994\" class=\"elementor-tab-content elementor-clearfix\" data-tab=\"4\" role=\"region\" aria-labelledby=\"elementor-tab-title-6994\"><ul><li><a href=\"https:\/\/pferdeberufe.ch\/wp-content\/uploads\/Presentation-competences-operationnelles-Chevaux-dallures.pdf\" target=\"_blank\" rel=\"noopener\">Pr\u00e9sentation comp\u00e9tences op\u00e9rationnelles<\/a><\/li><li><a href=\"https:\/\/pferdeberufe.ch\/wp-content\/uploads\/Guide-du-programme-de-formation-en-entreprise-CFC.pdf\" target=\"_blank\" rel=\"noopener\">Guide du programme de formation en entreprise CFC<\/a><\/li><li>R\u00e9sum\u00e9 du programme de formation en entreprise CFC (suivre)<\/li><li><a href=\"https:\/\/pferdeberufe.ch\/wp-content\/uploads\/Programme-de-formation-en-entreprise-1.-semestre-Chevaux-dallures.pdf\" target=\"_blank\" rel=\"noopener\">Programme de formation en entreprise 1. semestre<\/a><\/li><li><a href=\"https:\/\/pferdeberufe.ch\/wp-content\/uploads\/Programme-de-formation-en-entreprise-2.-semestre-Chevaux-dallures.pdf\" target=\"_blank\" rel=\"noopener\">Programme de formation en entreprise 2. semestre<\/a><\/li><li><a href=\"https:\/\/pferdeberufe.ch\/wp-content\/uploads\/Programme-de-formation-en-entreprise-3.-semestre-Chevaux-dallures.pdf\" target=\"_blank\" rel=\"noopener\">Programme de formation en entreprise 3. semestre<\/a><\/li><li><a href=\"https:\/\/pferdeberufe.ch\/wp-content\/uploads\/Programme-de-formation-en-entreprise-4.-semestre-Chevaux-dallures.pdf\" target=\"_blank\" rel=\"noopener\">Programme de formation en entreprise 4. semestre<\/a><\/li><li><a href=\"https:\/\/pferdeberufe.ch\/wp-content\/uploads\/Programme-de-formation-en-entreprise-5.-semestre-Chevaux-dallures.pdf\" target=\"_blank\" rel=\"noopener\">Programme de formation en entreprise 5. semestre<\/a><\/li><li><a href=\"https:\/\/pferdeberufe.ch\/wp-content\/uploads\/Programme-de-formation-en-entreprise-6.-semestre-Chevaux-dallures.pdf\" target=\"_blank\" rel=\"noopener\">Programme de formation en entreprise 6. semestre<\/a><\/li><\/ul><\/div>\n\t\t\t\t<\/div>\n\t\t\t\t\t\t\t<div class=\"elementor-toggle-item\">\n\t\t\t\t\t<div id=\"elementor-tab-title-6995\" class=\"elementor-tab-title\" data-tab=\"5\" role=\"button\" aria-controls=\"elementor-tab-content-6995\" aria-expanded=\"false\">\n\t\t\t\t\t\t\t\t\t\t\t\t<span class=\"elementor-toggle-icon elementor-toggle-icon-left\" aria-hidden=\"true\">\n\t\t\t\t\t\t\t\t\t\t\t\t\t\t\t<span class=\"elementor-toggle-icon-closed\"><i class=\"fas fa-caret-right\"><\/i><\/span>\n\t\t\t\t\t\t\t\t<span class=\"elementor-toggle-icon-opened\"><i class=\"elementor-toggle-icon-opened fas fa-caret-up\"><\/i><\/span>\n\t\t\t\t\t\t\t\t\t\t\t\t\t<\/span>\n\t\t\t\t\t\t\t\t\t\t\t\t<a class=\"elementor-toggle-title\" tabindex=\"0\">Domaine sp\u00e9cifique Monte western<\/a>\n\t\t\t\t\t<\/div>\n\n\t\t\t\t\t<div id=\"elementor-tab-content-6995\" class=\"elementor-tab-content elementor-clearfix\" data-tab=\"5\" role=\"region\" aria-labelledby=\"elementor-tab-title-6995\"><ul><li><a href=\"https:\/\/pferdeberufe.ch\/wp-content\/uploads\/Presentation-competences-operationnelles-monte-western.pdf\" target=\"_blank\" rel=\"noopener\">Pr\u00e9sentation comp\u00e9tences op\u00e9rationnelles<\/a><\/li><li><a href=\"https:\/\/pferdeberufe.ch\/wp-content\/uploads\/Guide-du-programme-de-formation-en-entreprise-CFC.pdf\" target=\"_blank\" rel=\"noopener\">Guide du programme de formation en entreprise CFC<\/a><\/li><li>R\u00e9sum\u00e9 du programme de formation en entreprise CFC (suivre)<\/li><li><a href=\"https:\/\/pferdeberufe.ch\/wp-content\/uploads\/Programme-de-formation-en-entreprise-1.-semestre-Monte-western.pdf\" target=\"_blank\" rel=\"noopener\">Programme de formation en entreprise 1. semestre<\/a><\/li><li><a href=\"https:\/\/pferdeberufe.ch\/wp-content\/uploads\/Programme-de-formation-en-entreprise-2.-semestre-Monte-western.pdf\" target=\"_blank\" rel=\"noopener\">Programme de formation en entreprise 2. semestre<\/a><\/li><li><a href=\"https:\/\/pferdeberufe.ch\/wp-content\/uploads\/Programme-de-formation-en-entreprise-3.-semestre-Monte-western.pdf\" target=\"_blank\" rel=\"noopener\">Programme de formation en entreprise 3. semestre<\/a><\/li><li><a href=\"https:\/\/pferdeberufe.ch\/wp-content\/uploads\/Programme-de-formation-en-entreprise-4.-semestre-Monte-western.pdf\" target=\"_blank\" rel=\"noopener\">Programme de formation en entreprise 4. semestre<\/a><\/li><li><a href=\"https:\/\/pferdeberufe.ch\/wp-content\/uploads\/Programme-de-formation-en-entreprise-5.-semestre-Monte-western.pdf\" target=\"_blank\" rel=\"noopener\">Programme de formation en entreprise 5. semestre<\/a><\/li><li><a href=\"https:\/\/pferdeberufe.ch\/wp-content\/uploads\/Programme-de-formation-en-entreprise-6.-semestre-Monte-western.pdf\" target=\"_blank\" rel=\"noopener\">Programme de formation en entreprise 6. semestre<\/a><\/li><\/ul><\/div>\n\t\t\t\t<\/div>\n\t\t\t\t\t\t\t<div class=\"elementor-toggle-item\">\n\t\t\t\t\t<div id=\"elementor-tab-title-6996\" class=\"elementor-tab-title\" data-tab=\"6\" role=\"button\" aria-controls=\"elementor-tab-content-6996\" aria-expanded=\"false\">\n\t\t\t\t\t\t\t\t\t\t\t\t<span class=\"elementor-toggle-icon elementor-toggle-icon-left\" aria-hidden=\"true\">\n\t\t\t\t\t\t\t\t\t\t\t\t\t\t\t<span class=\"elementor-toggle-icon-closed\"><i class=\"fas fa-caret-right\"><\/i><\/span>\n\t\t\t\t\t\t\t\t<span class=\"elementor-toggle-icon-opened\"><i class=\"elementor-toggle-icon-opened fas fa-caret-up\"><\/i><\/span>\n\t\t\t\t\t\t\t\t\t\t\t\t\t<\/span>\n\t\t\t\t\t\t\t\t\t\t\t\t<a class=\"elementor-toggle-title\" tabindex=\"0\">Domaine sp\u00e9cifique Chevaux de course<\/a>\n\t\t\t\t\t<\/div>\n\n\t\t\t\t\t<div id=\"elementor-tab-content-6996\" class=\"elementor-tab-content elementor-clearfix\" data-tab=\"6\" role=\"region\" aria-labelledby=\"elementor-tab-title-6996\"><ul><li><a href=\"https:\/\/pferdeberufe.ch\/wp-content\/uploads\/Guide-du-programme-de-formation-en-entreprise-CFC.pdf\" target=\"_blank\" rel=\"noopener\">Guide du programme de formation en entreprise CFC<\/a><\/li><li>R\u00e9sum\u00e9 du programme de formation en entreprise CFC (suivre)<\/li><li><a href=\"https:\/\/pferdeberufe.ch\/wp-content\/uploads\/Programme-de-formation-en-entreprise-1.-semestre-Chevaux-de-course.pdf\" target=\"_blank\" rel=\"noopener\">Programme de formation en entreprise 1. semestre<\/a><\/li><li><a href=\"https:\/\/pferdeberufe.ch\/wp-content\/uploads\/Programme-de-formation-en-entreprise-2.-semestre-Chevaux-de-course.pdf\" target=\"_blank\" rel=\"noopener\">Programme de formation en entreprise 2. semestre<\/a><\/li><li><a href=\"https:\/\/pferdeberufe.ch\/wp-content\/uploads\/Programme-de-formation-en-entreprise-3.-semestre-Chevaux-de-course.pdf\" target=\"_blank\" rel=\"noopener\">Programme de formation en entreprise 3. semestre<\/a><\/li><li><a href=\"https:\/\/pferdeberufe.ch\/wp-content\/uploads\/Programme-de-formation-en-entreprise-4.-semestre-Chevaux-de-course.pdf\" target=\"_blank\" rel=\"noopener\">Programme de formation en entreprise 4. semestre<\/a><\/li><li><a href=\"https:\/\/pferdeberufe.ch\/wp-content\/uploads\/Programme-de-formation-en-entreprise-5.-semestre-Chevaux-de-course.pdf\" target=\"_blank\" rel=\"noopener\">Programme de formation en entreprise 5. semestre<\/a><\/li><li><a href=\"https:\/\/pferdeberufe.ch\/wp-content\/uploads\/Programme-de-formation-en-entreprise-6.-semestre-Chevaux-de-course.pdf\" target=\"_blank\" rel=\"noopener\">Programme de formation en entreprise 6. semestre<\/a><\/li><\/ul><\/div>\n\t\t\t\t<\/div>\n\t\t\t\t\t\t\t<div class=\"elementor-toggle-item\">\n\t\t\t\t\t<div id=\"elementor-tab-title-6997\" class=\"elementor-tab-title\" data-tab=\"7\" role=\"button\" aria-controls=\"elementor-tab-content-6997\" aria-expanded=\"false\">\n\t\t\t\t\t\t\t\t\t\t\t\t<span class=\"elementor-toggle-icon elementor-toggle-icon-left\" aria-hidden=\"true\">\n\t\t\t\t\t\t\t\t\t\t\t\t\t\t\t<span class=\"elementor-toggle-icon-closed\"><i class=\"fas fa-caret-right\"><\/i><\/span>\n\t\t\t\t\t\t\t\t<span class=\"elementor-toggle-icon-opened\"><i class=\"elementor-toggle-icon-opened fas fa-caret-up\"><\/i><\/span>\n\t\t\t\t\t\t\t\t\t\t\t\t\t<\/span>\n\t\t\t\t\t\t\t\t\t\t\t\t<a class=\"elementor-toggle-title\" tabindex=\"0\">Domaine sp\u00e9cifique Attelage<\/a>\n\t\t\t\t\t<\/div>\n\n\t\t\t\t\t<div id=\"elementor-tab-content-6997\" class=\"elementor-tab-content elementor-clearfix\" data-tab=\"7\" role=\"region\" aria-labelledby=\"elementor-tab-title-6997\"><ul><li><a href=\"https:\/\/pferdeberufe.ch\/wp-content\/uploads\/Guide-du-programme-de-formation-en-entreprise-CFC.pdf\" target=\"_blank\" rel=\"noopener\">Guide du programme de formation en entreprise CFC<\/a><\/li><li>R\u00e9sum\u00e9 du programme de formation en entreprise CFC (suivre)<\/li><li><a href=\"https:\/\/pferdeberufe.ch\/wp-content\/uploads\/Programme-de-formation-en-entreprise-1.-semestre-Attelage.pdf\" target=\"_blank\" rel=\"noopener\">Programme de formation en entreprise 1. semestre<\/a><\/li><li><a href=\"https:\/\/pferdeberufe.ch\/wp-content\/uploads\/Programme-de-formation-en-entreprise-2.-semestre-Attelage.pdf\" target=\"_blank\" rel=\"noopener\">Programme de formation en entreprise 2. semestre<\/a><\/li><li><a href=\"https:\/\/pferdeberufe.ch\/wp-content\/uploads\/Programme-de-formation-en-entreprise-3.-semestre-Attelage.pdf\" target=\"_blank\" rel=\"noopener\">Programme de formation en entreprise 3. semestre<\/a><\/li><li><a href=\"https:\/\/pferdeberufe.ch\/wp-content\/uploads\/Programme-de-formation-en-entreprise-4.-semestre-Attelage.pdf\" target=\"_blank\" rel=\"noopener\">Programme de formation en entreprise 4. semestre<\/a><\/li><li><a href=\"https:\/\/pferdeberufe.ch\/wp-content\/uploads\/Programme-de-formation-en-entreprise-5.-semestre-Attelage.pdf\" target=\"_blank\" rel=\"noopener\">Programme de formation en entreprise 5. semestre<\/a><\/li><li><a href=\"https:\/\/pferdeberufe.ch\/wp-content\/uploads\/Programme-de-formation-en-entreprise-6.-semestre-Attelage.pdf\" target=\"_blank\" rel=\"noopener\">Programme de formation en entreprise 6. semestre<\/a><\/li><\/ul><\/div>\n\t\t\t\t<\/div>\n\t\t\t\t\t\t\t<div class=\"elementor-toggle-item\">\n\t\t\t\t\t<div id=\"elementor-tab-title-6998\" class=\"elementor-tab-title\" data-tab=\"8\" role=\"button\" aria-controls=\"elementor-tab-content-6998\" aria-expanded=\"false\">\n\t\t\t\t\t\t\t\t\t\t\t\t<span class=\"elementor-toggle-icon elementor-toggle-icon-left\" aria-hidden=\"true\">\n\t\t\t\t\t\t\t\t\t\t\t\t\t\t\t<span class=\"elementor-toggle-icon-closed\"><i class=\"fas fa-caret-right\"><\/i><\/span>\n\t\t\t\t\t\t\t\t<span class=\"elementor-toggle-icon-opened\"><i class=\"elementor-toggle-icon-opened fas fa-caret-up\"><\/i><\/span>\n\t\t\t\t\t\t\t\t\t\t\t\t\t<\/span>\n\t\t\t\t\t\t\t\t\t\t\t\t<a class=\"elementor-toggle-title\" tabindex=\"0\">PQ CFC \u00e0 partir de 2027<\/a>\n\t\t\t\t\t<\/div>\n\n\t\t\t\t\t<div id=\"elementor-tab-content-6998\" class=\"elementor-tab-content elementor-clearfix\" data-tab=\"8\" role=\"region\" aria-labelledby=\"elementor-tab-title-6998\"><ul><li><a href=\"https:\/\/pferdeberufe.ch\/wp-content\/uploads\/Dispositions-dexecution-PQ-CFC-Domaine-specifique-Soins-et-services.pdf\">Dispositions d&rsquo;ex\u00e9cution PQ CFC Soins et services<\/a><\/li><li><a href=\"https:\/\/pferdeberufe.ch\/wp-content\/uploads\/Dispositions-dexecution-PQ-CFC-Domaine-specifique-monte-classique.pdf\">Dispositions d&rsquo;ex\u00e9cution PQ CFC Monte classique<\/a><\/li><li>Dispositions d&rsquo;ex\u00e9cution PQ CFC Chevaux d&rsquo;allures (en cours)<\/li><li>Dispositions d&rsquo;ex\u00e9cution PQ CFC Monte Western (en cours)<\/li><li>Dispositions d&rsquo;ex\u00e9cution PQ CFC Chevaux de course (en cours)<\/li><li>Dispositions d&rsquo;ex\u00e9cution PQ CFC Attelage (en cours)<\/li><\/ul><\/div>\n\t\t\t\t<\/div>\n\t\t\t\t\t\t\t\t<\/div>\n\t\t\t\t\t\t<\/div>\n\t\t\t\t<\/div>\n\t\t\t\t\t<\/div>\n\t\t<\/div>\n\t\t\t\t\t<\/div>\n\t\t<\/section>\n\t\t\t\t<section class=\"elementor-section elementor-top-section elementor-element elementor-element-06fd39f elementor-section-boxed elementor-section-height-default elementor-section-height-default\" data-id=\"06fd39f\" data-element_type=\"section\" data-e-type=\"section\">\n\t\t\t\t\t\t<div class=\"elementor-container elementor-column-gap-default\">\n\t\t\t\t\t<div class=\"elementor-column elementor-col-100 elementor-top-column elementor-element elementor-element-e4c4bcb\" data-id=\"e4c4bcb\" data-element_type=\"column\" data-e-type=\"column\">\n\t\t\t<div class=\"elementor-widget-wrap elementor-element-populated\">\n\t\t\t\t\t\t<div class=\"elementor-element elementor-element-553c026 elementor-widget elementor-widget-spacer\" data-id=\"553c026\" data-element_type=\"widget\" data-e-type=\"widget\" data-widget_type=\"spacer.default\">\n\t\t\t\t<div class=\"elementor-widget-container\">\n\t\t\t\t\t\t\t<div class=\"elementor-spacer\">\n\t\t\t<div class=\"elementor-spacer-inner\"><\/div>\n\t\t<\/div>\n\t\t\t\t\t\t<\/div>\n\t\t\t\t<\/div>\n\t\t\t\t\t<\/div>\n\t\t<\/div>\n\t\t\t\t\t<\/div>\n\t\t<\/section>\n\t\t\t\t<section class=\"elementor-section elementor-top-section elementor-element elementor-element-bcf45d0 elementor-section-boxed elementor-section-height-default elementor-section-height-default\" data-id=\"bcf45d0\" data-element_type=\"section\" data-e-type=\"section\">\n\t\t\t\t\t\t<div class=\"elementor-container elementor-column-gap-default\">\n\t\t\t\t\t<div class=\"elementor-column elementor-col-100 elementor-top-column elementor-element elementor-element-57117b2\" data-id=\"57117b2\" data-element_type=\"column\" data-e-type=\"column\">\n\t\t\t<div class=\"elementor-widget-wrap elementor-element-populated\">\n\t\t\t\t\t\t<div class=\"elementor-element elementor-element-38158da elementor-widget elementor-widget-heading\" data-id=\"38158da\" data-element_type=\"widget\" data-e-type=\"widget\" data-widget_type=\"heading.default\">\n\t\t\t\t<div class=\"elementor-widget-container\">\n\t\t\t\t\t<h4 class=\"elementor-heading-title elementor-size-default\"><span style=\"font-family: var( --e-global-typography-primary-font-family ), Sans-serif;font-weight: var( --e-global-typography-primary-font-weight );background-color: var(--base-3)\">Gardien \/Gardienne de chevaux AFP \u00e0 partir de l'ann\u00e9e scolaire 2024\/2025<\/span><\/h4>\t\t\t\t<\/div>\n\t\t\t\t<\/div>\n\t\t\t\t<div class=\"elementor-element elementor-element-8d89dfc elementor-widget elementor-widget-toggle\" data-id=\"8d89dfc\" data-element_type=\"widget\" data-e-type=\"widget\" data-widget_type=\"toggle.default\">\n\t\t\t\t<div class=\"elementor-widget-container\">\n\t\t\t\t\t\t\t<div class=\"elementor-toggle\">\n\t\t\t\t\t\t\t<div class=\"elementor-toggle-item\">\n\t\t\t\t\t<div id=\"elementor-tab-title-1481\" class=\"elementor-tab-title\" data-tab=\"1\" role=\"button\" aria-controls=\"elementor-tab-content-1481\" aria-expanded=\"false\">\n\t\t\t\t\t\t\t\t\t\t\t\t<span class=\"elementor-toggle-icon elementor-toggle-icon-left\" aria-hidden=\"true\">\n\t\t\t\t\t\t\t\t\t\t\t\t\t\t\t<span class=\"elementor-toggle-icon-closed\"><i class=\"fas fa-caret-right\"><\/i><\/span>\n\t\t\t\t\t\t\t\t<span class=\"elementor-toggle-icon-opened\"><i class=\"elementor-toggle-icon-opened fas fa-caret-up\"><\/i><\/span>\n\t\t\t\t\t\t\t\t\t\t\t\t\t<\/span>\n\t\t\t\t\t\t\t\t\t\t\t\t<a class=\"elementor-toggle-title\" tabindex=\"0\">Documents AFP \u00e0 partir de l'ann\u00e9e scolaire 2024\/2025<\/a>\n\t\t\t\t\t<\/div>\n\n\t\t\t\t\t<div id=\"elementor-tab-content-1481\" class=\"elementor-tab-content elementor-clearfix\" data-tab=\"1\" role=\"region\" aria-labelledby=\"elementor-tab-title-1481\"><ul><li><a href=\"https:\/\/www.fedlex.admin.ch\/eli\/cc\/2023\/430\/fr\" target=\"_blank\" rel=\"noopener\">Ordonnance sur la formation AFP<\/a> (lien vers Fedlex)<\/li><li><a href=\"https:\/\/pferdeberufe.ch\/wp-content\/uploads\/EBA-Bipla_18123_f.pdf\" target=\"_blank\" rel=\"noopener\">Plan de formation AFP<\/a><\/li><li><a href=\"https:\/\/pferdeberufe.ch\/wp-content\/uploads\/Presentation-competences-operationnelles-Gardien-ne-de-chevaux.pdf\" target=\"_blank\" rel=\"noopener\">Pr\u00e9sentation comp\u00e9tences op\u00e9rationnelles<\/a><\/li><li><a href=\"https:\/\/pferdeberufe.ch\/wp-content\/uploads\/Lehrvertrag-2023-2024-fr.pdf\" target=\"_blank\" rel=\"noopener\">Contrat d\u2019apprentissage pdf<\/a><\/li><li><a href=\"https:\/\/pferdeberufe.ch\/wp-content\/uploads\/Lehrvertrag-2023-2024-fr.docx\" target=\"_blank\" rel=\"noopener\">Contrat d\u2019apprentissage word<\/a><\/li><li><a href=\"https:\/\/pferdeberufe.ch\/wp-content\/uploads\/recommandations_exigences_minimales_infrastructure_2026-francais-1.pdf\" target=\"_blank\" rel=\"noopener\">Recommandation exigences min. infrastructure<\/a><\/li><li><a href=\"https:\/\/pferdeberufe.ch\/wp-content\/uploads\/2024-Mindestlohnempfehlung-fr.pdf\" target=\"_blank\" rel=\"noopener\">Recommandation Salaire minimum \u00e0 partir de 2024\/2025<\/a><\/li><li><a href=\"https:\/\/pferdeberufe.ch\/wp-content\/uploads\/2024-Hoechst-Arbeitszeiten-fr.pdf\" target=\"_blank\" rel=\"noopener\">Recommandation des heures de travail maximales \u00e0 partir de 2024\/2025<\/a><\/li><li><a href=\"https:\/\/pferdeberufe.ch\/wp-content\/uploads\/Exigences-posees-AFP.pdf\" target=\"_blank\" rel=\"noopener\">Exigences pos\u00e9es aux personnes formatrices AFP<\/a><\/li><li><a href=\"https:\/\/pferdeberufe.ch\/wp-content\/uploads\/Tableau-de-CIE-AFP-1.pdf\" target=\"_blank\" rel=\"noopener\">Tableau de CIE AFP<\/a><\/li><li><a href=\"https:\/\/pferdeberufe.ch\/wp-content\/uploads\/250629-Ausfuehrungsbest-QV-PW-EBA_31.7.25_unterzeichnet_dispositions-dexecution_FR.pdf\">Dispositions d\u2019exe\u0301cution PQ AFP<\/a><\/li><li><a href=\"https:\/\/pferdeberufe.ch\/wp-content\/uploads\/Guide-du-programme-de-formation-en-entreprise-AFP.pdf\" target=\"_blank\" rel=\"noopener\">Guide du programme de formation en entreprise AFP<\/a><\/li><li><a href=\"https:\/\/pferdeberufe.ch\/wp-content\/uploads\/Vue-densemble-du-programme-de-formation-en-entreprise-AFP.pdf\" target=\"_blank\" rel=\"noopener\">R\u00e9sum\u00e9 du programme de formation en entreprise AFP<\/a><\/li><li><a href=\"https:\/\/pferdeberufe.ch\/wp-content\/uploads\/Programme-de-formation-en-entreprise-1.-semestre-AFP.pdf\" target=\"_blank\" rel=\"noopener\">Programme de formation en entreprise 1. semestre AFP<\/a><\/li><li><a href=\"https:\/\/pferdeberufe.ch\/wp-content\/uploads\/Programme-de-formation-en-entreprise-2.-semestre-AFP.pdf\" target=\"_blank\" rel=\"noopener\">Programme de formation en entreprise 2. semestre AFP<\/a><\/li><li><a href=\"https:\/\/pferdeberufe.ch\/wp-content\/uploads\/Programme-de-formation-en-entreprise-3.-semestre-AFP.pdf\" target=\"_blank\" rel=\"noopener\">Programme de formation en entreprise 3. semestre AFP<\/a><\/li><li><a href=\"https:\/\/pferdeberufe.ch\/wp-content\/uploads\/Programme-de-formation-en-entreprise-4.-semestre-AFP.pdf\" target=\"_blank\" rel=\"noopener\">Programme de formation en entreprise 4. semestre AFP<\/a><\/li><li><a href=\"https:\/\/pferdeberufe.ch\/wp-content\/uploads\/Rapport-de-formation-OrTra-Metiers-lies-au-cheval-AFP.pdf\" target=\"_blank\" rel=\"noopener\">Rapport de formation AFP<\/a><\/li><li><a href=\"https:\/\/pferdeberufe.ch\/wp-content\/uploads\/Instructions-pour-la-redaction-de-Dossier-de-formation-AFP.pdf\" target=\"_blank\" rel=\"noopener\">Instructions pour la r\u00e9daction de Dossier de formation AFP<\/a><\/li><li><a href=\"https:\/\/pferdeberufe.ch\/wp-content\/uploads\/Modele-dossier-de-formation-AFP.docx\" target=\"_blank\" rel=\"noopener\">Mod\u00e8le dossier de formation AFP<\/a><\/li><\/ul><\/div>\n\t\t\t\t<\/div>\n\t\t\t\t\t\t\t<div class=\"elementor-toggle-item\">\n\t\t\t\t\t<div id=\"elementor-tab-title-1482\" class=\"elementor-tab-title\" data-tab=\"2\" role=\"button\" aria-controls=\"elementor-tab-content-1482\" aria-expanded=\"false\">\n\t\t\t\t\t\t\t\t\t\t\t\t<span class=\"elementor-toggle-icon elementor-toggle-icon-left\" aria-hidden=\"true\">\n\t\t\t\t\t\t\t\t\t\t\t\t\t\t\t<span class=\"elementor-toggle-icon-closed\"><i class=\"fas fa-caret-right\"><\/i><\/span>\n\t\t\t\t\t\t\t\t<span class=\"elementor-toggle-icon-opened\"><i class=\"elementor-toggle-icon-opened fas fa-caret-up\"><\/i><\/span>\n\t\t\t\t\t\t\t\t\t\t\t\t\t<\/span>\n\t\t\t\t\t\t\t\t\t\t\t\t<a class=\"elementor-toggle-title\" tabindex=\"0\">Parcours guid\u00e9 AFP<\/a>\n\t\t\t\t\t<\/div>\n\n\t\t\t\t\t<div id=\"elementor-tab-content-1482\" class=\"elementor-tab-content elementor-clearfix\" data-tab=\"2\" role=\"region\" aria-labelledby=\"elementor-tab-title-1482\"><p><a href=\"https:\/\/vimeo.com\/manage\/videos\/1038559781\" target=\"_blank\" rel=\"noopener\">Regarder la vid\u00e9o parcours guid\u00e9 AFP<\/a><\/p><\/div>\n\t\t\t\t<\/div>\n\t\t\t\t\t\t\t<div class=\"elementor-toggle-item\">\n\t\t\t\t\t<div id=\"elementor-tab-title-1483\" class=\"elementor-tab-title\" data-tab=\"3\" role=\"button\" aria-controls=\"elementor-tab-content-1483\" aria-expanded=\"false\">\n\t\t\t\t\t\t\t\t\t\t\t\t<span class=\"elementor-toggle-icon elementor-toggle-icon-left\" aria-hidden=\"true\">\n\t\t\t\t\t\t\t\t\t\t\t\t\t\t\t<span class=\"elementor-toggle-icon-closed\"><i class=\"fas fa-caret-right\"><\/i><\/span>\n\t\t\t\t\t\t\t\t<span class=\"elementor-toggle-icon-opened\"><i class=\"elementor-toggle-icon-opened fas fa-caret-up\"><\/i><\/span>\n\t\t\t\t\t\t\t\t\t\t\t\t\t<\/span>\n\t\t\t\t\t\t\t\t\t\t\t\t<a class=\"elementor-toggle-title\" tabindex=\"0\">PQ AFP \u00e0 partir de 2026<\/a>\n\t\t\t\t\t<\/div>\n\n\t\t\t\t\t<div id=\"elementor-tab-content-1483\" class=\"elementor-tab-content elementor-clearfix\" data-tab=\"3\" role=\"region\" aria-labelledby=\"elementor-tab-title-1483\"><ul><li><a href=\"https:\/\/pferdeberufe.ch\/wp-content\/uploads\/3c_CONVOCATION-AFP-2026.pdf\">Convocation PQ AFP 2026<\/a><\/li><li><a href=\"https:\/\/pferdeberufe.ch\/wp-content\/uploads\/04_Definitive-Daten-EBA_dates-definitives-AFP_-dati-definitivi-CFP-2026.pdf\">Dates definitives PQ AFP 2026<\/a><\/li><li><a href=\"https:\/\/pferdeberufe.ch\/wp-content\/uploads\/250629-Ausfuehrungsbest-QV-PW-EBA_31.7.25_unterzeichnet_dispositions-dexecution_FR.pdf\">Dispositions d\u2019exe\u0301cution PQ AFP<\/a><\/li><\/ul><\/div>\n\t\t\t\t<\/div>\n\t\t\t\t\t\t\t\t<\/div>\n\t\t\t\t\t\t<\/div>\n\t\t\t\t<\/div>\n\t\t\t\t\t<\/div>\n\t\t<\/div>\n\t\t\t\t\t<\/div>\n\t\t<\/section>\n\t\t\t\t<section class=\"elementor-section elementor-top-section elementor-element elementor-element-842fe83 elementor-section-boxed elementor-section-height-default elementor-section-height-default\" data-id=\"842fe83\" data-element_type=\"section\" data-e-type=\"section\">\n\t\t\t\t\t\t<div class=\"elementor-container elementor-column-gap-default\">\n\t\t\t\t\t<div class=\"elementor-column elementor-col-100 elementor-top-column elementor-element elementor-element-c03da36\" data-id=\"c03da36\" data-element_type=\"column\" data-e-type=\"column\">\n\t\t\t<div class=\"elementor-widget-wrap elementor-element-populated\">\n\t\t\t\t\t\t<div class=\"elementor-element elementor-element-239d940 elementor-widget elementor-widget-spacer\" data-id=\"239d940\" data-element_type=\"widget\" data-e-type=\"widget\" data-widget_type=\"spacer.default\">\n\t\t\t\t<div class=\"elementor-widget-container\">\n\t\t\t\t\t\t\t<div class=\"elementor-spacer\">\n\t\t\t<div class=\"elementor-spacer-inner\"><\/div>\n\t\t<\/div>\n\t\t\t\t\t\t<\/div>\n\t\t\t\t<\/div>\n\t\t\t\t<div class=\"elementor-element elementor-element-2719c9e elementor-widget elementor-widget-heading\" data-id=\"2719c9e\" data-element_type=\"widget\" data-e-type=\"widget\" data-widget_type=\"heading.default\">\n\t\t\t\t<div class=\"elementor-widget-container\">\n\t\t\t\t\t<h4 class=\"elementor-heading-title elementor-size-default\">Professionista del cavallo AFC a partire dall'anno scolastico 2024\/2025<\/h4>\t\t\t\t<\/div>\n\t\t\t\t<\/div>\n\t\t\t\t\t<\/div>\n\t\t<\/div>\n\t\t\t\t\t<\/div>\n\t\t<\/section>\n\t\t\t\t<section class=\"elementor-section elementor-top-section elementor-element elementor-element-8b8a557 elementor-section-boxed elementor-section-height-default elementor-section-height-default\" data-id=\"8b8a557\" data-element_type=\"section\" data-e-type=\"section\">\n\t\t\t\t\t\t<div class=\"elementor-container elementor-column-gap-default\">\n\t\t\t\t\t<div class=\"elementor-column elementor-col-100 elementor-top-column elementor-element elementor-element-a973487\" data-id=\"a973487\" data-element_type=\"column\" data-e-type=\"column\">\n\t\t\t<div class=\"elementor-widget-wrap elementor-element-populated\">\n\t\t\t\t\t\t<div class=\"elementor-element elementor-element-588064f elementor-widget elementor-widget-toggle\" data-id=\"588064f\" data-element_type=\"widget\" data-e-type=\"widget\" data-widget_type=\"toggle.default\">\n\t\t\t\t<div class=\"elementor-widget-container\">\n\t\t\t\t\t\t\t<div class=\"elementor-toggle\">\n\t\t\t\t\t\t\t<div class=\"elementor-toggle-item\">\n\t\t\t\t\t<div id=\"elementor-tab-title-9281\" class=\"elementor-tab-title\" data-tab=\"1\" role=\"button\" aria-controls=\"elementor-tab-content-9281\" aria-expanded=\"false\">\n\t\t\t\t\t\t\t\t\t\t\t\t<span class=\"elementor-toggle-icon elementor-toggle-icon-left\" aria-hidden=\"true\">\n\t\t\t\t\t\t\t\t\t\t\t\t\t\t\t<span class=\"elementor-toggle-icon-closed\"><i class=\"fas fa-caret-right\"><\/i><\/span>\n\t\t\t\t\t\t\t\t<span class=\"elementor-toggle-icon-opened\"><i class=\"elementor-toggle-icon-opened fas fa-caret-up\"><\/i><\/span>\n\t\t\t\t\t\t\t\t\t\t\t\t\t<\/span>\n\t\t\t\t\t\t\t\t\t\t\t\t<a class=\"elementor-toggle-title\" tabindex=\"0\">Documenti importanti AFC a partire dall'anno scolastico 2024\/2025e dall'anno scolastico 2024\/2025<\/a>\n\t\t\t\t\t<\/div>\n\n\t\t\t\t\t<div id=\"elementor-tab-content-9281\" class=\"elementor-tab-content elementor-clearfix\" data-tab=\"1\" role=\"region\" aria-labelledby=\"elementor-tab-title-9281\"><ul><li><a href=\"https:\/\/www.fedlex.admin.ch\/eli\/cc\/2023\/429\/it\" target=\"_blank\" rel=\"noopener\">Ordinanza sulla formazione AFC<\/a> (Link a Fedlex)<\/li><li><a href=\"https:\/\/pferdeberufe.ch\/wp-content\/uploads\/2-EFZ-Bipla_18122_i.pdf\">Piano di formazione AFC<\/a><\/li><li><a href=\"https:\/\/pferdeberufe.ch\/wp-content\/uploads\/3-contratto-tirocinio-formulario-interattivo.pdf\">Contratto di tirocinio AFC (pdf)<\/a><\/li><li><a href=\"https:\/\/pferdeberufe.ch\/wp-content\/uploads\/4-contratto-tirocinio-formulario-protetto.docx\">Contratto di tirocinio AFC (word)<\/a><\/li><li><a href=\"https:\/\/pferdeberufe.ch\/wp-content\/uploads\/5-Raccomandazione-sullorario-massimo-di-lavoro-Kopie.pdf\">Raccomandazione sull&rsquo;orario massimo di lavoro<\/a><\/li><li><a href=\"https:\/\/pferdeberufe.ch\/wp-content\/uploads\/6-Raccomandazione-sul-salario-minimo.pdf\">Raccomandazione sul salario minimo<\/a><\/li><li><a href=\"https:\/\/pferdeberufe.ch\/wp-content\/uploads\/Requisiti-minimi-delle-infrastrutture.pdf\" target=\"_blank\" rel=\"noopener\">Requisiti professionali del formatore AFC<\/a><\/li><li><a href=\"https:\/\/pferdeberufe.ch\/wp-content\/uploads\/8-EFZ_K-Tableau-ab-24_25_ital.pdf\">Piano dei corsi interaziendali AFC<\/a><\/li><li><a href=\"https:\/\/pferdeberufe.ch\/wp-content\/uploads\/9-Istruzioni-programma-di-formazione-aziendale-AFC.pdf\">Istruzioni programma di formazione aziendale AFC<\/a><\/li><li><a href=\"https:\/\/pferdeberufe.ch\/wp-content\/uploads\/10-Panoramica-delle-competenze-operative-AFC.pdf\">Panoramica delle competenze operative AFC<\/a><\/li><li><a href=\"https:\/\/pferdeberufe.ch\/wp-content\/uploads\/12-Rapporto-di-formazione-AFC.pdf\">Rapporto di formazione AFC<\/a><\/li><li><a href=\"https:\/\/pferdeberufe.ch\/wp-content\/uploads\/13-Guida-per-scrivere-la-documentazione-di-apprendimento_AFC.pdf\">Guida per scrivere la documentazione di apprendimiento AFC<\/a><\/li><li><a href=\"https:\/\/pferdeberufe.ch\/wp-content\/uploads\/14-Scelta-dei-temi-per-la-documentazione-di-apprendimento-AFC.pdf\">Scelta dei temi per la documentazione di apprendimiento AFC<\/a><\/li><li><a href=\"https:\/\/pferdeberufe.ch\/wp-content\/uploads\/15-Maschera-per-la-documentazione-di-apprendimento-AFC.docx\">Maschera per la documentazione di apprendimiento AFC<\/a><\/li><li style=\"list-style-type: none;\">\u00a0<\/li><\/ul><\/div>\n\t\t\t\t<\/div>\n\t\t\t\t\t\t\t<div class=\"elementor-toggle-item\">\n\t\t\t\t\t<div id=\"elementor-tab-title-9282\" class=\"elementor-tab-title\" data-tab=\"2\" role=\"button\" aria-controls=\"elementor-tab-content-9282\" aria-expanded=\"false\">\n\t\t\t\t\t\t\t\t\t\t\t\t<span class=\"elementor-toggle-icon elementor-toggle-icon-left\" aria-hidden=\"true\">\n\t\t\t\t\t\t\t\t\t\t\t\t\t\t\t<span class=\"elementor-toggle-icon-closed\"><i class=\"fas fa-caret-right\"><\/i><\/span>\n\t\t\t\t\t\t\t\t<span class=\"elementor-toggle-icon-opened\"><i class=\"elementor-toggle-icon-opened fas fa-caret-up\"><\/i><\/span>\n\t\t\t\t\t\t\t\t\t\t\t\t\t<\/span>\n\t\t\t\t\t\t\t\t\t\t\t\t<a class=\"elementor-toggle-title\" tabindex=\"0\">Custode di cavalli CFP a partire dall'anno scolastico 2024\/2025<\/a>\n\t\t\t\t\t<\/div>\n\n\t\t\t\t\t<div id=\"elementor-tab-content-9282\" class=\"elementor-tab-content elementor-clearfix\" data-tab=\"2\" role=\"region\" aria-labelledby=\"elementor-tab-title-9282\"><ul><li><a href=\"https:\/\/www.fedlex.admin.ch\/eli\/cc\/2023\/430\/it\" target=\"_blank\" rel=\"noopener\">Ordinanza sulla formazione CFP<\/a> (Link a Fedlex)<\/li><li><a href=\"https:\/\/pferdeberufe.ch\/wp-content\/uploads\/2-EBA-Bipla_18123_i.pdf\">Piano di formazione CFP<\/a><\/li><li><a href=\"https:\/\/pferdeberufe.ch\/wp-content\/uploads\/3-Presentazione-delle-competenze-operative-Custode-di-cavalli.pdf\">Presentazione delle competenze operative CFP<\/a><\/li><li><a href=\"https:\/\/pferdeberufe.ch\/wp-content\/uploads\/4-contratto-tirocinio-formulario-interattivo.pdf\">Contratto di tirocinio CFP (pdf)<\/a><\/li><li><a href=\"https:\/\/pferdeberufe.ch\/wp-content\/uploads\/5-contratto-tirocinio-formulario-protetto.docx\">Contratto di tirocinio CFP (word)<\/a><\/li><li><a href=\"https:\/\/pferdeberufe.ch\/wp-content\/uploads\/6-Raccomandazione-sul-salario-minimo-.pdf\">Raccomandazione sul salario minimo<\/a><\/li><li><a href=\"https:\/\/pferdeberufe.ch\/wp-content\/uploads\/7-Raccomandazione-sullorario-massimo-di-lavoro.pdf\">Raccomandazione sull&rsquo;orario massimo di lavoro<\/a><\/li><li><a href=\"https:\/\/pferdeberufe.ch\/wp-content\/uploads\/Requisiti-minimi-delle-infrastrutture.pdf\" target=\"_blank\" rel=\"noopener\">Requisiti professionali del formatore CFP<\/a><\/li><li><a href=\"https:\/\/pferdeberufe.ch\/wp-content\/uploads\/9-CI-Tabella-corsi-CFP-2025-it-1.pdf\">CI Tabella corsi CFP 2025<\/a><\/li><li><a href=\"https:\/\/pferdeberufe.ch\/wp-content\/uploads\/10-Disposizioni-esecutive-per-la-procedura-di-qualificazione-CFP.pdf\">Disposizioni esecutive per la procedura di qualificazione CFP<\/a><\/li><li><a href=\"https:\/\/pferdeberufe.ch\/wp-content\/uploads\/11-Istruzioni-programma-di-formazione-aziendale.pdf\">Istruzioni programma di formazione aziendale CFP<\/a><\/li><li><a href=\"https:\/\/pferdeberufe.ch\/wp-content\/uploads\/12-Panoramica-delle-competenze-operative.pdf\">Panoramica delle competenze operative<\/a><\/li><li><a href=\"https:\/\/pferdeberufe.ch\/wp-content\/uploads\/13-Programma-di-formazione-aziendale-CFP-1.-Semestre.pdf\"> Programica di formazione aziendale CFP 1. Semestre<\/a><\/li><li><a href=\"https:\/\/pferdeberufe.ch\/wp-content\/uploads\/14-Programma-di-formazione-aziendale-CFP-2.-Semestre.pdf\">Programica<\/a><a href=\"https:\/\/pferdeberufe.ch\/wp-content\/uploads\/Programma-di-formazione-aziendale-CFP-2.-Semestre.pdf\"> di formazione aziendale CFP 2. Semestre<\/a><\/li><li><a href=\"https:\/\/pferdeberufe.ch\/wp-content\/uploads\/15-Programma-di-formazione-aziendale-CFP-3.-Semestre.pdf\">Programica<\/a><a href=\"https:\/\/pferdeberufe.ch\/wp-content\/uploads\/Programma-di-formazione-aziendale-CFP-3.-Semestre.pdf\"> di formazione aziendale CFP 3. Semestre<\/a><\/li><li><a href=\"https:\/\/pferdeberufe.ch\/wp-content\/uploads\/16-Programma-di-formazione-aziendale-CFP-4.-Semestre.pdf\">Programica di formazione aziendale CFP 4. Semestre<\/a><\/li><li><a href=\"https:\/\/pferdeberufe.ch\/wp-content\/uploads\/17-Rapporto-di-formazione-CFP.pdf\">Rapporto di formazione CFP<\/a><\/li><li><a href=\"https:\/\/pferdeberufe.ch\/wp-content\/uploads\/18-Guida-per-scrivere-la-documentazione-di-apprendimento-CFP.pdf\">Guida per scrivere la documentazione di apprendimento CFP<\/a><\/li><li><a href=\"https:\/\/pferdeberufe.ch\/wp-content\/uploads\/19-Maschera-per-la-documentazione-di-apprendimento-CFP.docx\">Maschera per la documentazione di apprendimento CFP<\/a><\/li><\/ul><\/div>\n\t\t\t\t<\/div>\n\t\t\t\t\t\t\t<div class=\"elementor-toggle-item\">\n\t\t\t\t\t<div id=\"elementor-tab-title-9283\" class=\"elementor-tab-title\" data-tab=\"3\" role=\"button\" aria-controls=\"elementor-tab-content-9283\" aria-expanded=\"false\">\n\t\t\t\t\t\t\t\t\t\t\t\t<span class=\"elementor-toggle-icon elementor-toggle-icon-left\" aria-hidden=\"true\">\n\t\t\t\t\t\t\t\t\t\t\t\t\t\t\t<span class=\"elementor-toggle-icon-closed\"><i class=\"fas fa-caret-right\"><\/i><\/span>\n\t\t\t\t\t\t\t\t<span class=\"elementor-toggle-icon-opened\"><i class=\"elementor-toggle-icon-opened fas fa-caret-up\"><\/i><\/span>\n\t\t\t\t\t\t\t\t\t\t\t\t\t<\/span>\n\t\t\t\t\t\t\t\t\t\t\t\t<a class=\"elementor-toggle-title\" tabindex=\"0\">PQ AFC a partire 2027<\/a>\n\t\t\t\t\t<\/div>\n\n\t\t\t\t\t<div id=\"elementor-tab-content-9283\" class=\"elementor-tab-content elementor-clearfix\" data-tab=\"3\" role=\"region\" aria-labelledby=\"elementor-tab-title-9283\"><ul><li><a href=\"https:\/\/pferdeberufe.ch\/wp-content\/uploads\/Disposizioni-esecutive-PQ-Orientamento-assistenza-e-servizi-.pdf\">Disposizioni esecutive PQ AFC Assistenza e servizi<\/a><\/li><li><a href=\"https:\/\/pferdeberufe.ch\/wp-content\/uploads\/Disposizioni-esecutive-PQ-Orientamento-monta-classica.pdf\">Disposizioni esecutive PQ AFC Monta classica<\/a><\/li><li>Disposizioni esecutive PQ AFC Monta western\u00a0(en corso)<\/li><li>Disposizioni esecutive PQ AFC Cavalli d\u2019andatura\u00a0(en corso)<\/li><li>Disposizioni esecutive PQ AFC Attacchi\u00a0(en corso)<\/li><li>Disposizioni esecutive PQ AFC Cavalli da corsa\u00a0(en corso)<\/li><\/ul><\/div>\n\t\t\t\t<\/div>\n\t\t\t\t\t\t\t\t<\/div>\n\t\t\t\t\t\t<\/div>\n\t\t\t\t<\/div>\n\t\t\t\t\t<\/div>\n\t\t<\/div>\n\t\t\t\t\t<\/div>\n\t\t<\/section>\n\t\t\t\t<section class=\"elementor-section elementor-top-section elementor-element elementor-element-87d894c elementor-section-boxed elementor-section-height-default elementor-section-height-default\" data-id=\"87d894c\" data-element_type=\"section\" data-e-type=\"section\">\n\t\t\t\t\t\t<div class=\"elementor-container elementor-column-gap-default\">\n\t\t\t\t\t<div class=\"elementor-column elementor-col-100 elementor-top-column elementor-element elementor-element-6e21273\" data-id=\"6e21273\" data-element_type=\"column\" data-e-type=\"column\">\n\t\t\t<div class=\"elementor-widget-wrap elementor-element-populated\">\n\t\t\t\t\t\t<div class=\"elementor-element elementor-element-fb4d765 elementor-widget elementor-widget-spacer\" data-id=\"fb4d765\" data-element_type=\"widget\" data-e-type=\"widget\" data-widget_type=\"spacer.default\">\n\t\t\t\t<div class=\"elementor-widget-container\">\n\t\t\t\t\t\t\t<div class=\"elementor-spacer\">\n\t\t\t<div class=\"elementor-spacer-inner\"><\/div>\n\t\t<\/div>\n\t\t\t\t\t\t<\/div>\n\t\t\t\t<\/div>\n\t\t\t\t<div class=\"elementor-element elementor-element-01346bd elementor-widget elementor-widget-heading\" data-id=\"01346bd\" data-element_type=\"widget\" data-e-type=\"widget\" data-widget_type=\"heading.default\">\n\t\t\t\t<div class=\"elementor-widget-container\">\n\t\t\t\t\t<h4 class=\"elementor-heading-title elementor-size-default\">Custode di cavalli CFP a partire dall'anno scolastico 2024\/2025<\/h4>\t\t\t\t<\/div>\n\t\t\t\t<\/div>\n\t\t\t\t\t<\/div>\n\t\t<\/div>\n\t\t\t\t\t<\/div>\n\t\t<\/section>\n\t\t\t\t<section class=\"elementor-section elementor-top-section elementor-element elementor-element-ad8db75 elementor-section-boxed elementor-section-height-default elementor-section-height-default\" data-id=\"ad8db75\" data-element_type=\"section\" data-e-type=\"section\">\n\t\t\t\t\t\t<div class=\"elementor-container elementor-column-gap-default\">\n\t\t\t\t\t<div class=\"elementor-column elementor-col-100 elementor-top-column elementor-element elementor-element-6bfc262\" data-id=\"6bfc262\" data-element_type=\"column\" data-e-type=\"column\">\n\t\t\t<div class=\"elementor-widget-wrap elementor-element-populated\">\n\t\t\t\t\t\t<div class=\"elementor-element elementor-element-6d50658 elementor-widget elementor-widget-toggle\" data-id=\"6d50658\" data-element_type=\"widget\" data-e-type=\"widget\" data-widget_type=\"toggle.default\">\n\t\t\t\t<div class=\"elementor-widget-container\">\n\t\t\t\t\t\t\t<div class=\"elementor-toggle\">\n\t\t\t\t\t\t\t<div class=\"elementor-toggle-item\">\n\t\t\t\t\t<div id=\"elementor-tab-title-1141\" class=\"elementor-tab-title\" data-tab=\"1\" role=\"button\" aria-controls=\"elementor-tab-content-1141\" aria-expanded=\"false\">\n\t\t\t\t\t\t\t\t\t\t\t\t<span class=\"elementor-toggle-icon elementor-toggle-icon-left\" aria-hidden=\"true\">\n\t\t\t\t\t\t\t\t\t\t\t\t\t\t\t<span class=\"elementor-toggle-icon-closed\"><i class=\"fas fa-caret-right\"><\/i><\/span>\n\t\t\t\t\t\t\t\t<span class=\"elementor-toggle-icon-opened\"><i class=\"elementor-toggle-icon-opened fas fa-caret-up\"><\/i><\/span>\n\t\t\t\t\t\t\t\t\t\t\t\t\t<\/span>\n\t\t\t\t\t\t\t\t\t\t\t\t<a class=\"elementor-toggle-title\" tabindex=\"0\">Custode di cavalli CFP a partire dall'anno scolastico 2024\/2025<\/a>\n\t\t\t\t\t<\/div>\n\n\t\t\t\t\t<div id=\"elementor-tab-content-1141\" class=\"elementor-tab-content elementor-clearfix\" data-tab=\"1\" role=\"region\" aria-labelledby=\"elementor-tab-title-1141\"><ul><li><a href=\"https:\/\/www.fedlex.admin.ch\/eli\/cc\/2023\/430\/it\" target=\"_blank\" rel=\"noopener\">Ordinanza sulla formazione CFP<\/a> (Link a Fedlex)<\/li><li><a href=\"https:\/\/pferdeberufe.ch\/wp-content\/uploads\/2-EBA-Bipla_18123_i.pdf\">Piano di formazione CFP<\/a><\/li><li><a href=\"https:\/\/pferdeberufe.ch\/wp-content\/uploads\/3-Presentazione-delle-competenze-operative-Custode-di-cavalli.pdf\">Presentazione delle competenze operative CFP<\/a><\/li><li><a href=\"https:\/\/pferdeberufe.ch\/wp-content\/uploads\/4-contratto-tirocinio-formulario-interattivo.pdf\">Contratto di tirocinio CFP (pdf)<\/a><\/li><li><a href=\"https:\/\/pferdeberufe.ch\/wp-content\/uploads\/5-contratto-tirocinio-formulario-protetto.docx\">Contratto di tirocinio CFP (word)<\/a><\/li><li><a href=\"https:\/\/pferdeberufe.ch\/wp-content\/uploads\/6-Raccomandazione-sul-salario-minimo-.pdf\">Raccomandazione sul salario minimo<\/a><\/li><li><a href=\"https:\/\/pferdeberufe.ch\/wp-content\/uploads\/7-Raccomandazione-sullorario-massimo-di-lavoro.pdf\">Raccomandazione sull&rsquo;orario massimo di lavoro<\/a><\/li><li><a href=\"https:\/\/pferdeberufe.ch\/wp-content\/uploads\/Requisiti-minimi-delle-infrastrutture.pdf\" target=\"_blank\" rel=\"noopener\">Requisiti professionali del formatore CFP<\/a><\/li><li><a href=\"https:\/\/pferdeberufe.ch\/wp-content\/uploads\/9-CI-Tabella-corsi-CFP-2025-it-1.pdf\">CI Tabella corsi CFP 2025<\/a><\/li><li><a href=\"https:\/\/pferdeberufe.ch\/wp-content\/uploads\/10-Disposizioni-esecutive-per-la-procedura-di-qualificazione-CFP.pdf\">Disposizioni esecutive per la procedura di qualificazione CFP<\/a><\/li><li><a href=\"https:\/\/pferdeberufe.ch\/wp-content\/uploads\/11-Istruzioni-programma-di-formazione-aziendale.pdf\">Istruzioni programma di formazione aziendale CFP<\/a><\/li><li><a href=\"https:\/\/pferdeberufe.ch\/wp-content\/uploads\/12-Panoramica-delle-competenze-operative.pdf\">Panoramica delle competenze operative<\/a><\/li><li><a href=\"https:\/\/pferdeberufe.ch\/wp-content\/uploads\/13-Programma-di-formazione-aziendale-CFP-1.-Semestre.pdf\"> Programica di formazione aziendale CFP 1. Semestre<\/a><\/li><li><a href=\"https:\/\/pferdeberufe.ch\/wp-content\/uploads\/14-Programma-di-formazione-aziendale-CFP-2.-Semestre.pdf\">Programica<\/a><a href=\"https:\/\/pferdeberufe.ch\/wp-content\/uploads\/Programma-di-formazione-aziendale-CFP-2.-Semestre.pdf\"> di formazione aziendale CFP 2. Semestre<\/a><\/li><li><a href=\"https:\/\/pferdeberufe.ch\/wp-content\/uploads\/15-Programma-di-formazione-aziendale-CFP-3.-Semestre.pdf\">Programica<\/a><a href=\"https:\/\/pferdeberufe.ch\/wp-content\/uploads\/Programma-di-formazione-aziendale-CFP-3.-Semestre.pdf\"> di formazione aziendale CFP 3. Semestre<\/a><\/li><li><a href=\"https:\/\/pferdeberufe.ch\/wp-content\/uploads\/16-Programma-di-formazione-aziendale-CFP-4.-Semestre.pdf\">Programica di formazione aziendale CFP 4. Semestre<\/a><\/li><li><a href=\"https:\/\/pferdeberufe.ch\/wp-content\/uploads\/17-Rapporto-di-formazione-CFP.pdf\">Rapporto di formazione CFP<\/a><\/li><li><a href=\"https:\/\/pferdeberufe.ch\/wp-content\/uploads\/18-Guida-per-scrivere-la-documentazione-di-apprendimento-CFP.pdf\">Guida per scrivere la documentazione di apprendimento CFP<\/a><\/li><li><a href=\"https:\/\/pferdeberufe.ch\/wp-content\/uploads\/19-Maschera-per-la-documentazione-di-apprendimento-CFP.docx\">Maschera per la documentazione di apprendimento CFP<\/a><\/li><\/ul><\/div>\n\t\t\t\t<\/div>\n\t\t\t\t\t\t\t<div class=\"elementor-toggle-item\">\n\t\t\t\t\t<div id=\"elementor-tab-title-1142\" class=\"elementor-tab-title\" data-tab=\"2\" role=\"button\" aria-controls=\"elementor-tab-content-1142\" aria-expanded=\"false\">\n\t\t\t\t\t\t\t\t\t\t\t\t<span class=\"elementor-toggle-icon elementor-toggle-icon-left\" aria-hidden=\"true\">\n\t\t\t\t\t\t\t\t\t\t\t\t\t\t\t<span class=\"elementor-toggle-icon-closed\"><i class=\"fas fa-caret-right\"><\/i><\/span>\n\t\t\t\t\t\t\t\t<span class=\"elementor-toggle-icon-opened\"><i class=\"elementor-toggle-icon-opened fas fa-caret-up\"><\/i><\/span>\n\t\t\t\t\t\t\t\t\t\t\t\t\t<\/span>\n\t\t\t\t\t\t\t\t\t\t\t\t<a class=\"elementor-toggle-title\" tabindex=\"0\">Video percorso guida CFP<\/a>\n\t\t\t\t\t<\/div>\n\n\t\t\t\t\t<div id=\"elementor-tab-content-1142\" class=\"elementor-tab-content elementor-clearfix\" data-tab=\"2\" role=\"region\" aria-labelledby=\"elementor-tab-title-1142\"><p><a href=\"https:\/\/vimeo.com\/manage\/videos\/1038559781\" target=\"_blank\" rel=\"noopener\">Guarda: Video F\u00fchrparcours EBA anschauen<\/a><\/p><\/div>\n\t\t\t\t<\/div>\n\t\t\t\t\t\t\t<div class=\"elementor-toggle-item\">\n\t\t\t\t\t<div id=\"elementor-tab-title-1143\" class=\"elementor-tab-title\" data-tab=\"3\" role=\"button\" aria-controls=\"elementor-tab-content-1143\" aria-expanded=\"false\">\n\t\t\t\t\t\t\t\t\t\t\t\t<span class=\"elementor-toggle-icon elementor-toggle-icon-left\" aria-hidden=\"true\">\n\t\t\t\t\t\t\t\t\t\t\t\t\t\t\t<span class=\"elementor-toggle-icon-closed\"><i class=\"fas fa-caret-right\"><\/i><\/span>\n\t\t\t\t\t\t\t\t<span class=\"elementor-toggle-icon-opened\"><i class=\"elementor-toggle-icon-opened fas fa-caret-up\"><\/i><\/span>\n\t\t\t\t\t\t\t\t\t\t\t\t\t<\/span>\n\t\t\t\t\t\t\t\t\t\t\t\t<a class=\"elementor-toggle-title\" tabindex=\"0\">PQ CFP a partire 2026<\/a>\n\t\t\t\t\t<\/div>\n\n\t\t\t\t\t<div id=\"elementor-tab-content-1143\" class=\"elementor-tab-content elementor-clearfix\" data-tab=\"3\" role=\"region\" aria-labelledby=\"elementor-tab-title-1143\"><ul><li><a href=\"https:\/\/pferdeberufe.ch\/wp-content\/uploads\/3c_Invito-per-la-procedura-di-qualificazione-CFP-2026.pdf\">Invito per la procedura di qualificazione CFP 2026<\/a><\/li><li><a href=\"https:\/\/pferdeberufe.ch\/wp-content\/uploads\/04_Definitive-Daten-EBA_dates-definitives-AFP_-dati-definitivi-CFP-2026.pdf\">Dati definitivi PQ CFP 2026<\/a><\/li><li><a href=\"https:\/\/pferdeberufe.ch\/wp-content\/uploads\/10-Disposizioni-esecutive-per-la-procedura-di-qualificazione-CFP.pdf\">Disposizioni esecutive per la procedura di qualificazione CFP<\/a><\/li><\/ul><\/div>\n\t\t\t\t<\/div>\n\t\t\t\t\t\t\t\t<\/div>\n\t\t\t\t\t\t<\/div>\n\t\t\t\t<\/div>\n\t\t\t\t\t<\/div>\n\t\t<\/div>\n\t\t\t\t\t<\/div>\n\t\t<\/section>\n\t\t\t\t<\/div>\n\t\t","protected":false},"excerpt":{"rendered":"<p>1\u00e8re ann\u00e9e d&rsquo;apprentissage de 2024\/2025 Les formations de professionnel(le) du cheval CFC et de gardien(ne) de cheval AFP d\u00e9buteront en 1\u00e8re ann\u00e9e d&rsquo;apprentissage en ao\u00fbt 2024 sous une forme r\u00e9vis\u00e9e.\u00a0La &#8230; <a title=\"1\u00e8re ann\u00e9e d&rsquo;apprentissage de 2024\/2025\" class=\"read-more\" href=\"https:\/\/pferdeberufe.ch\/fr\/1ere-annee-de-24-25\/\" aria-label=\"En savoir plus sur 1\u00e8re ann\u00e9e d&rsquo;apprentissage de 2024\/2025\">Lire la suite<\/a><\/p>\n","protected":false},"author":4,"featured_media":0,"parent":0,"menu_order":5,"comment_status":"closed","ping_status":"closed","template":"","meta":{"footnotes":""},"class_list":["post-8675","page","type-page","status-publish"],"publishpress_future_action":{"enabled":false,"date":"2026-05-06 17:48:22","action":"change-status","newStatus":"draft","terms":[],"taxonomy":"translation_priority","extraData":[]},"publishpress_future_workflow_manual_trigger":{"enabledWorkflows":[]},"_links":{"self":[{"href":"https:\/\/pferdeberufe.ch\/fr\/wp-json\/wp\/v2\/pages\/8675","targetHints":{"allow":["GET"]}}],"collection":[{"href":"https:\/\/pferdeberufe.ch\/fr\/wp-json\/wp\/v2\/pages"}],"about":[{"href":"https:\/\/pferdeberufe.ch\/fr\/wp-json\/wp\/v2\/types\/page"}],"author":[{"embeddable":true,"href":"https:\/\/pferdeberufe.ch\/fr\/wp-json\/wp\/v2\/users\/4"}],"replies":[{"embeddable":true,"href":"https:\/\/pferdeberufe.ch\/fr\/wp-json\/wp\/v2\/comments?post=8675"}],"version-history":[{"count":198,"href":"https:\/\/pferdeberufe.ch\/fr\/wp-json\/wp\/v2\/pages\/8675\/revisions"}],"predecessor-version":[{"id":14958,"href":"https:\/\/pferdeberufe.ch\/fr\/wp-json\/wp\/v2\/pages\/8675\/revisions\/14958"}],"wp:attachment":[{"href":"https:\/\/pferdeberufe.ch\/fr\/wp-json\/wp\/v2\/media?parent=8675"}],"curies":[{"name":"wp","href":"https:\/\/api.w.org\/{rel}","templated":true}]}}